{"id":16149,"date":"2020-02-17T10:03:25","date_gmt":"2020-02-17T09:03:25","guid":{"rendered":"https:\/\/escoles.fundesplai.org\/formacion-para-profesionales\/"},"modified":"2024-02-05T16:59:52","modified_gmt":"2024-02-05T15:59:52","slug":"formacion-para-profesionales","status":"publish","type":"page","link":"https:\/\/escoles.fundesplai.org\/es\/servicios-para-la-pequena-infancia\/formacion-para-profesionales\/","title":{"rendered":"Formaci\u00f3n para profesionales"},"content":{"rendered":"<p>[et_pb_section fb_built=\u00bb1&#8243; fullwidth=\u00bbon\u00bb admin_label=\u00bbSection\u00bb _builder_version=\u00bb4.16&#8243; locked=\u00bboff\u00bb global_colors_info=\u00bb{}\u00bb][et_pb_fullwidth_slider module_id=\u00bbfix-padding\u00bb module_class=\u00bbslider-capcalera slider-text-cta\u00bb _builder_version=\u00bb4.22.2&#8243; global_colors_info=\u00bb{}\u00bb][et_pb_slide heading=\u00bbFormaci\u00f3n para profesionales\u00bb button_text=\u00bbCont\u00e1ctanos\u00bb button_link=\u00bbhttps:\/\/escoles.fundesplai.org\/es\/contacta\/?servei=formacio-professionals\u00bb _builder_version=\u00bb4.22.2&#8243; background_image=\u00bbhttps:\/\/escoles.fundesplai.org\/wp-content\/uploads\/2020\/02\/Formaci\u00f3-Professionals-educaci\u00f3-mestres-fundesplai.jpg\u00bb background_enable_image=\u00bbon\u00bb background_position=\u00bbtop_center\u00bb global_colors_info=\u00bb{}\u00bb sticky_transition=\u00bbon\u00bb]<\/p>\n<p>Talleres para educadores\/as de peque\u00f1a infancia (0 &#8211; 3)<\/p>\n<p>[\/et_pb_slide][\/et_pb_fullwidth_slider][\/et_pb_section][et_pb_section fb_built=\u00bb1&#8243; admin_label=\u00bbSection: Introducci\u00f3\u00bb _builder_version=\u00bb4.16&#8243; custom_margin=\u00bb50px||||false|false\u00bb custom_margin_tablet=\u00bb\u00bb custom_margin_phone=\u00bb30px||||false|false\u00bb custom_margin_last_edited=\u00bbon|phone\u00bb global_colors_info=\u00bb{}\u00bb][et_pb_row admin_label=\u00bbRow\u00bb _builder_version=\u00bb4.16&#8243; custom_padding=\u00bb||||false|false\u00bb global_colors_info=\u00bb{}\u00bb][et_pb_column type=\u00bb4_4&#8243; _builder_version=\u00bb4.16&#8243; global_colors_info=\u00bb{}\u00bb][et_pb_text _builder_version=\u00bb4.17.1&#8243; global_colors_info=\u00bb{}\u00bb]<\/p>\n<p>Ofrecemos <strong>formaci\u00f3n para maestros y otros profesionales de la educaci\u00f3n<\/strong>, para mejorar las competencias y los conocimientos en torno a la intervenci\u00f3n socioeducativa con ni\u00f1os\/as y j\u00f3venes.<\/p>\n<p>Tenemos un programa especial de <strong>formaci\u00f3n para maestros y educadoras de la etapa 0 &#8211; 3<\/strong> (cuentos, primeros auxilios, NEE, alimentaci\u00f3n, expresi\u00f3n y arte, etc&#8230;) y otras propuestas formativas para las <strong>otras etapas<\/strong> sobre <strong>tem\u00e1ticas diversas:<\/strong> migraciones, igualdad de g\u00e9nero, sostenibilidad, huerto escolar,&#8230; Las formaciones y cursos se adaptan a las necesidades del servicio y a las demandas que se realizan desde los equipos educativos para dar respuesta actualizada a las necesidades pedag\u00f3gicas.<\/p>\n<p>Las formaciones pueden tener <strong>diversas modalidades:<\/strong> charlas puntuales, jornadas, monogr\u00e1ficos, asesoramiento, espacios de debate y reflexi\u00f3n, recursos pedag\u00f3gicos e intercambio de experiencias. Tambi\u00e9n <strong>hacemos formaciones a medida<\/strong> y <strong>nos desplazamos al centro educativo<\/strong>.<\/p>\n<p>[\/et_pb_text][\/et_pb_column][\/et_pb_row][\/et_pb_section][et_pb_section fb_built=\u00bb1&#8243; disabled_on=\u00bbon|on|on\u00bb admin_label=\u00bbSection: Cat\u00e0leg\u00bb module_class=\u00bbllista-custom-escoles remove-llista\u00bb _builder_version=\u00bb4.16&#8243; custom_margin=\u00bb50px||||false|false\u00bb custom_margin_tablet=\u00bb\u00bb custom_margin_phone=\u00bb30px||||false|false\u00bb custom_margin_last_edited=\u00bbon|phone\u00bb disabled=\u00bbon\u00bb locked=\u00bboff\u00bb collapsed=\u00bboff\u00bb global_colors_info=\u00bb{}\u00bb][et_pb_row _builder_version=\u00bb4.16&#8243; module_alignment=\u00bbcenter\u00bb custom_margin=\u00bb||||false|false\u00bb custom_margin_tablet=\u00bb\u00bb custom_margin_phone=\u00bb\u00bb custom_margin_last_edited=\u00bbon|desktop\u00bb custom_padding=\u00bb0px||||false|false\u00bb global_colors_info=\u00bb{}\u00bb][et_pb_column type=\u00bb4_4&#8243; _builder_version=\u00bb4.16&#8243; custom_padding=\u00bb|||\u00bb global_colors_info=\u00bb{}\u00bb custom_padding__hover=\u00bb|||\u00bb][et_pb_text admin_label=\u00bbT\u00edtol Secci\u00f3\u00bb _builder_version=\u00bb4.17.1&#8243; global_colors_info=\u00bb{}\u00bb]<\/p>\n<h2>Cursos y talleres tem\u00e1ticos<\/h2>\n<p>[\/et_pb_text][\/et_pb_column][\/et_pb_row][et_pb_row column_structure=\u00bb1_2,1_2&#8243; use_custom_gutter=\u00bbon\u00bb gutter_width=\u00bb3&#8243; make_equal=\u00bbon\u00bb _builder_version=\u00bb4.16&#8243; custom_margin=\u00bb30px||||false|false\u00bb global_colors_info=\u00bb{}\u00bb][et_pb_column type=\u00bb1_2&#8243; _builder_version=\u00bb4.16&#8243; custom_padding=\u00bb|||\u00bb global_colors_info=\u00bb{}\u00bb custom_padding__hover=\u00bb|||\u00bb][et_pb_text module_class=\u00bbllistes__separador\u00bb _builder_version=\u00bb4.17.1&#8243; z_index_tablet=\u00bb500&#8243; global_colors_info=\u00bb{}\u00bb]<\/p>\n<ul>\n<li>El acompa\u00f1amiento respetuoso del ni\u00f1o\/a hacia la conquista de la autonom\u00eda<\/li>\n<li>La atenci\u00f3n y acompa\u00f1amiento de los ni\u00f1os\/as con necesidades educativas especiales de 0 a 3 a\u00f1os<\/li>\n<li>Primeros auxilios en la escola bressol<\/li>\n<li>Danza, comunicaci\u00f3n y movimiento libre de 0 a 3 a\u00f1os<\/li>\n<li>Higiene alimentaria y manipulaci\u00f3n de alimentos en la escola bressol<\/li>\n<li>El mundo de los cuentos de 0 a 6 a\u00f1os<\/li>\n<li>La evoluci\u00f3n del juego, propuestas y materiales<\/li>\n<li>So\u00f1amos con el patio, re-naturalizamos los espacios exteriores<\/li>\n<li>La alimentaci\u00f3n en los primeros a\u00f1os de vida<\/li>\n<li>Expresi\u00f3n, arte y experimentaci\u00f3n de 0 a 6 a\u00f1os<\/li>\n<\/ul>\n<p>[\/et_pb_text][\/et_pb_column][et_pb_column type=\u00bb1_2&#8243; _builder_version=\u00bb4.16&#8243; custom_padding=\u00bb|||\u00bb global_colors_info=\u00bb{}\u00bb custom_padding__hover=\u00bb|||\u00bb][et_pb_text module_class=\u00bbllistes__separador\u00bb _builder_version=\u00bb4.16&#8243; z_index_tablet=\u00bb500&#8243; global_colors_info=\u00bb{}\u00bb]<\/p>\n<ul>\n<li>Resoluci\u00f3n de conflictos<\/li>\n<li>Autoestima: c\u00f3mo trabajarla con los ni\u00f1os y j\u00f3venes<\/li>\n<li>Igualdad de g\u00e9nero: herramientas para una acci\u00f3n positiva<\/li>\n<li>Bullying: detecci\u00f3n, herramientas y recursos para afrontar el acoso<\/li>\n<li>Gesti\u00f3n del estr\u00e9s y las emociones<\/li>\n<li>Mediaci\u00f3n entre iguales<\/li>\n<li>Teatro: expresi\u00f3n, emociones y creatividad<\/li>\n<li>Acompa\u00f1amiento al duelo<\/li>\n<li>Conductas disruptivas<\/li>\n<li>Coaching: resoluci\u00f3n de conflictos desde lo mejor de ti mismo<\/li>\n<li>Intervenci\u00f3n educativa con ni\u00f1os\/as y j\u00f3venes con necesidades educativas especiales<\/li>\n<\/ul>\n<p>[\/et_pb_text][\/et_pb_column][\/et_pb_row][\/et_pb_section][et_pb_section fb_built=\u00bb1&#8243; _builder_version=\u00bb4.16&#8243; custom_margin=\u00bb50px||||false|false\u00bb custom_margin_tablet=\u00bb\u00bb custom_margin_phone=\u00bb30px||||false|false\u00bb custom_margin_last_edited=\u00bbon|phone\u00bb collapsed=\u00bboff\u00bb global_colors_info=\u00bb{}\u00bb][et_pb_row module_class=\u00bb et_pb_row_fullwidth\u00bb _builder_version=\u00bb4.16&#8243; width=\u00bb100%\u00bb width_tablet=\u00bb100%\u00bb width_phone=\u00bb\u00bb width_last_edited=\u00bbon|desktop\u00bb max_width=\u00bb100%\u00bb max_width_tablet=\u00bb100%\u00bb max_width_phone=\u00bb\u00bb max_width_last_edited=\u00bbon|desktop\u00bb make_fullwidth=\u00bbon\u00bb global_colors_info=\u00bb{}\u00bb][et_pb_column type=\u00bb4_4&#8243; _builder_version=\u00bb4.16&#8243; custom_padding=\u00bb|||\u00bb global_colors_info=\u00bb{}\u00bb custom_padding__hover=\u00bb|||\u00bb][et_pb_cta title=\u00bbFormaci\u00f3n para docentes a medida\u00bb button_url=\u00bbhttps:\/\/escoles.fundesplai.org\/es\/contacta\/\u00bb button_text=\u00bbCont\u00e1ctanos\u00bb admin_label=\u00bbCTA\u00bb module_class=\u00bbcta-intersticial\u00bb _builder_version=\u00bb4.17.1&#8243; custom_margin=\u00bb||||false|false\u00bb global_colors_info=\u00bb{}\u00bb button_text_size__hover_enabled=\u00bboff\u00bb button_text_size__hover=\u00bbnull\u00bb button_one_text_size__hover_enabled=\u00bboff\u00bb button_one_text_size__hover=\u00bbnull\u00bb button_two_text_size__hover_enabled=\u00bboff\u00bb button_two_text_size__hover=\u00bbnull\u00bb button_text_color__hover_enabled=\u00bboff\u00bb button_text_color__hover=\u00bbnull\u00bb button_one_text_color__hover_enabled=\u00bboff\u00bb button_one_text_color__hover=\u00bbnull\u00bb button_two_text_color__hover_enabled=\u00bboff\u00bb button_two_text_color__hover=\u00bbnull\u00bb button_border_width__hover_enabled=\u00bboff\u00bb button_border_width__hover=\u00bbnull\u00bb button_one_border_width__hover_enabled=\u00bboff\u00bb button_one_border_width__hover=\u00bbnull\u00bb button_two_border_width__hover_enabled=\u00bboff\u00bb button_two_border_width__hover=\u00bbnull\u00bb button_border_color__hover_enabled=\u00bboff\u00bb button_border_color__hover=\u00bbnull\u00bb button_one_border_color__hover_enabled=\u00bboff\u00bb button_one_border_color__hover=\u00bbnull\u00bb button_two_border_color__hover_enabled=\u00bboff\u00bb button_two_border_color__hover=\u00bbnull\u00bb button_border_radius__hover_enabled=\u00bboff\u00bb button_border_radius__hover=\u00bbnull\u00bb button_one_border_radius__hover_enabled=\u00bboff\u00bb button_one_border_radius__hover=\u00bbnull\u00bb button_two_border_radius__hover_enabled=\u00bboff\u00bb button_two_border_radius__hover=\u00bbnull\u00bb button_letter_spacing__hover_enabled=\u00bboff\u00bb button_letter_spacing__hover=\u00bbnull\u00bb button_one_letter_spacing__hover_enabled=\u00bboff\u00bb button_one_letter_spacing__hover=\u00bbnull\u00bb button_two_letter_spacing__hover_enabled=\u00bboff\u00bb button_two_letter_spacing__hover=\u00bbnull\u00bb button_bg_color__hover_enabled=\u00bboff\u00bb button_bg_color__hover=\u00bbnull\u00bb button_one_bg_color__hover_enabled=\u00bboff\u00bb button_one_bg_color__hover=\u00bbnull\u00bb button_two_bg_color__hover_enabled=\u00bboff\u00bb button_two_bg_color__hover=\u00bbnull\u00bb]<\/p>\n<p>Organizamos cursos y talleres a medida para maestros y otros profesionales de la educaci\u00f3n.<br \/>Dinos qu\u00e9 tem\u00e1tica te interesa y te haremos una propuesta.<\/p>\n<p>[\/et_pb_cta][\/et_pb_column][\/et_pb_row][\/et_pb_section][et_pb_section fb_built=\u00bb1&#8243; admin_label=\u00bbSection: Segueix-nos\u00bb module_id=\u00bbbolet\u00edn\u00bb module_class=\u00bbseccio-segueix-nos\u00bb _builder_version=\u00bb4.3.1&#8243; custom_margin=\u00bb50px||50px||false|false\u00bb custom_margin_tablet=\u00bb\u00bb custom_margin_phone=\u00bb30px||30px||false|false\u00bb custom_margin_last_edited=\u00bbon|phone\u00bb global_module=\u00bb416&#8243; locked=\u00bboff\u00bb collapsed=\u00bboff\u00bb global_colors_info=\u00bb{}\u00bb][et_pb_row _builder_version=\u00bb4.16&#8243; background_size=\u00bbinitial\u00bb background_position=\u00bbtop_left\u00bb background_repeat=\u00bbrepeat\u00bb max_width=\u00bb1080px\u00bb global_colors_info=\u00bb{}\u00bb][et_pb_column type=\u00bb4_4&#8243; _builder_version=\u00bb4.16&#8243; custom_padding=\u00bb|||\u00bb global_colors_info=\u00bb{}\u00bb custom_padding__hover=\u00bb|||\u00bb][et_pb_text admin_label=\u00bbSegueix-nos!\u00bb _builder_version=\u00bb4.16&#8243; text_orientation=\u00bbcenter\u00bb global_colors_info=\u00bb{}\u00bb]<\/p>\n<h2>\u00a1SIGUENOS!<\/h2>\n<p>[\/et_pb_text][et_pb_text admin_label=\u00bbFormulari subscripci\u00f3 ofertes\u00bb _builder_version=\u00bb4.16&#8243; text_orientation=\u00bbcenter\u00bb global_colors_info=\u00bb{}\u00bb]<\/p>\n<p>\u00a1No te pierdas ninguna entrada de nuestro blog especializado en recursos educativos! Si te suscribes las recibir\u00e1s directamente en tu mail: f\u00e1cil, \u00bfno?<\/p>\n<script type=\"text\/javascript\">\n\/* <![CDATA[ *\/\nvar gform;gform||(document.addEventListener(\"gform_main_scripts_loaded\",function(){gform.scriptsLoaded=!0}),document.addEventListener(\"gform\/theme\/scripts_loaded\",function(){gform.themeScriptsLoaded=!0}),window.addEventListener(\"DOMContentLoaded\",function(){gform.domLoaded=!0}),gform={domLoaded:!1,scriptsLoaded:!1,themeScriptsLoaded:!1,isFormEditor:()=>\"function\"==typeof InitializeEditor,callIfLoaded:function(o){return!(!gform.domLoaded||!gform.scriptsLoaded||!gform.themeScriptsLoaded&&!gform.isFormEditor()||(gform.isFormEditor()&&console.warn(\"The use of gform.initializeOnLoaded() is deprecated in the form editor context and will be removed in Gravity Forms 3.1.\"),o(),0))},initializeOnLoaded:function(o){gform.callIfLoaded(o)||(document.addEventListener(\"gform_main_scripts_loaded\",()=>{gform.scriptsLoaded=!0,gform.callIfLoaded(o)}),document.addEventListener(\"gform\/theme\/scripts_loaded\",()=>{gform.themeScriptsLoaded=!0,gform.callIfLoaded(o)}),window.addEventListener(\"DOMContentLoaded\",()=>{gform.domLoaded=!0,gform.callIfLoaded(o)}))},hooks:{action:{},filter:{}},addAction:function(o,r,e,t){gform.addHook(\"action\",o,r,e,t)},addFilter:function(o,r,e,t){gform.addHook(\"filter\",o,r,e,t)},doAction:function(o){gform.doHook(\"action\",o,arguments)},applyFilters:function(o){return gform.doHook(\"filter\",o,arguments)},removeAction:function(o,r){gform.removeHook(\"action\",o,r)},removeFilter:function(o,r,e){gform.removeHook(\"filter\",o,r,e)},addHook:function(o,r,e,t,n){null==gform.hooks[o][r]&&(gform.hooks[o][r]=[]);var d=gform.hooks[o][r];null==n&&(n=r+\"_\"+d.length),gform.hooks[o][r].push({tag:n,callable:e,priority:t=null==t?10:t})},doHook:function(r,o,e){var t;if(e=Array.prototype.slice.call(e,1),null!=gform.hooks[r][o]&&((o=gform.hooks[r][o]).sort(function(o,r){return o.priority-r.priority}),o.forEach(function(o){\"function\"!=typeof(t=o.callable)&&(t=window[t]),\"action\"==r?t.apply(null,e):e[0]=t.apply(null,e)})),\"filter\"==r)return e[0]},removeHook:function(o,r,t,n){var e;null!=gform.hooks[o][r]&&(e=(e=gform.hooks[o][r]).filter(function(o,r,e){return!!(null!=n&&n!=o.tag||null!=t&&t!=o.priority)}),gform.hooks[o][r]=e)}});\n\/* ]]> *\/\n<\/script>\n\n                <div class='gf_browser_gecko gform_wrapper gform_legacy_markup_wrapper gform-theme--no-framework' data-form-theme='legacy' data-form-index='0' id='gform_wrapper_1' ><div id='gf_1' class='gform_anchor' tabindex='-1'><\/div><form method='post' enctype='multipart\/form-data' target='gform_ajax_frame_1' id='gform_1'  action='\/es\/wp-json\/wp\/v2\/pages\/16149#gf_1' data-formid='1' novalidate>\n                        <div class='gform-body gform_body'><ul id='gform_fields_1' class='gform_fields top_label form_sublabel_below description_below validation_below'><li id=\"field_1_4\" class=\"gfield gfield--type-honeypot gform_validation_container field_sublabel_below gfield--has-description field_description_below field_validation_below gfield_visibility_visible\"  ><label class='gfield_label gform-field-label' for='input_1_4'>Facebook<\/label><div class='ginput_container'><input name='input_4' id='input_1_4' type='text' value='' autocomplete='new-password'\/><\/div><div class='gfield_description' id='gfield_description_1_4'>Este campo es un campo de validaci\u00f3n y debe quedar sin cambios.<\/div><\/li><li id=\"field_1_1\" class=\"gfield gfield--type-email gfield_contains_required field_sublabel_below gfield--no-description field_description_below field_validation_below gfield_visibility_visible\"  ><label class='gfield_label gform-field-label' for='input_1_1'>Correo electr\u00f3nico<span class=\"gfield_required\"><span class=\"gfield_required gfield_required_asterisk\">*<\/span><\/span><\/label><div class='ginput_container ginput_container_email'>\n                            <input name='input_1' id='input_1_1' type='email' value='' class='large'   placeholder='Tu correo electr\u00f3nico' aria-required=\"true\" aria-invalid=\"false\"  \/>\n                        <\/div><\/li><li id=\"field_1_2\" class=\"gfield gfield--type-checkbox gfield--type-choice gfield_contains_required field_sublabel_below gfield--no-description field_description_below field_validation_below gfield_visibility_visible\"  ><label class='gfield_label gform-field-label gfield_label_before_complex' >Pol\u00edtica de confidencialidad<span class=\"gfield_required\"><span class=\"gfield_required gfield_required_asterisk\">*<\/span><\/span><\/label><div class='ginput_container ginput_container_checkbox'><ul class='gfield_checkbox' id='input_1_2'><li class='gchoice gchoice_1_2_1'>\n\t\t\t\t\t\t\t\t<input class='gfield-choice-input' name='input_2.1' type='checkbox'  value='He llegit i accepto la &lt;a href=&quot;https:\/\/escoles.fundesplai.org\/es\/politica-de-privacidad\/&quot; target=&#039;_blank&#039;&gt;pol\u00edtica de privacitat&lt;\/a&gt;'  id='choice_1_2_1'   \/>\n\t\t\t\t\t\t\t\t<label for='choice_1_2_1' id='label_1_2_1' class='gform-field-label gform-field-label--type-inline'>He le\u00eddo y acepto la <a href='\/es\/politica-de-privacidad\/' target='_blank'>pol\u00edtica de privacidad<\/a><\/label>\n\t\t\t\t\t\t\t<\/li><\/ul><\/div><\/li><li id=\"field_1_3\" class=\"gfield gfield--type-text field_sublabel_below gfield--no-description field_description_below field_validation_below gfield_visibility_hidden\"  ><div class=\"admin-hidden-markup\"><i class=\"gform-icon gform-icon--hidden\" aria-hidden=\"true\" title=\"Este campo est\u00e1 oculto cuando se visualiza el formulario\"><\/i><span>Este campo est\u00e1 oculto cuando se visualiza el formulario<\/span><\/div><label class='gfield_label gform-field-label' for='input_1_3'>idioma<\/label><div class='ginput_container ginput_container_text'><input name='input_3' id='input_1_3' type='text' value='es' class='medium'      aria-invalid=\"false\"   \/><\/div><\/li><\/ul><\/div>\n        <div class='gform-footer gform_footer top_label'> <input type='submit' id='gform_submit_button_1' class='gform_button button' onclick='gform.submission.handleButtonClick(this);' data-submission-type='submit' value='Suscr\u00edbete'  \/> <input type='hidden' name='gform_ajax' value='form_id=1&amp;title=&amp;description=&amp;tabindex=0&amp;theme=legacy&amp;styles=[]&amp;hash=a2a0076f00a1a95197123b5f2e56bc33' \/>\n            <input type='hidden' class='gform_hidden' name='gform_submission_method' data-js='gform_submission_method_1' value='iframe' \/>\n            <input type='hidden' class='gform_hidden' name='gform_theme' data-js='gform_theme_1' id='gform_theme_1' value='legacy' \/>\n            <input type='hidden' class='gform_hidden' name='gform_style_settings' data-js='gform_style_settings_1' id='gform_style_settings_1' value='[]' \/>\n            <input type='hidden' class='gform_hidden' name='is_submit_1' value='1' \/>\n            <input type='hidden' class='gform_hidden' name='gform_submit' value='1' \/>\n            \n            <input type='hidden' class='gform_hidden' name='gform_currency' data-currency='EUR' value='mY0u7Z\/\/lrBrw\/Xi7bI5O3IWjUrv+lRJoCNBMgERT2sx5jnrrDyfLBzXWMpFo2QewuBK9hZk03nhbe4\/iTaPnYkRTeZJ2HLZP2YG9SLXN+AdX8I=' \/>\n            <input type='hidden' class='gform_hidden' name='gform_unique_id' value='' \/>\n            <input type='hidden' class='gform_hidden' name='state_1' value='WyJbXSIsIjRhM2Q1NTBkZjM4M2NhOTlhYjZkN2ZiNGM1ZTMwODhjIl0=' \/>\n            <input type='hidden' autocomplete='off' class='gform_hidden' name='gform_target_page_number_1' id='gform_target_page_number_1' value='0' \/>\n            <input type='hidden' autocomplete='off' class='gform_hidden' name='gform_source_page_number_1' id='gform_source_page_number_1' value='1' \/>\n            <input type='hidden' name='gform_field_values' value='' \/>\n            \n        <\/div>\n                        <\/form>\n                        <\/div>\n\t\t                <iframe style='display:none;width:0px;height:0px;' src='about:blank' name='gform_ajax_frame_1' id='gform_ajax_frame_1' title='Este iframe contiene la l\u00f3gica necesaria para gestionar formularios con ajax activado.'><\/iframe>\n\t\t                <script type=\"text\/javascript\">\n\/* <![CDATA[ *\/\n gform.initializeOnLoaded( function() {gformInitSpinner( 1, 'https:\/\/escoles.fundesplai.org\/wp-content\/plugins\/gravityforms\/images\/spinner.svg', true );jQuery('#gform_ajax_frame_1').on('load',function(){var contents = jQuery(this).contents().find('*').html();var is_postback = contents.indexOf('GF_AJAX_POSTBACK') >= 0;if(!is_postback){return;}var form_content = jQuery(this).contents().find('#gform_wrapper_1');var is_confirmation = jQuery(this).contents().find('#gform_confirmation_wrapper_1').length > 0;var is_redirect = contents.indexOf('gformRedirect(){') >= 0;var is_form = form_content.length > 0 && ! is_redirect && ! is_confirmation;var mt = parseInt(jQuery('html').css('margin-top'), 10) + parseInt(jQuery('body').css('margin-top'), 10) + 100;if(is_form){jQuery('#gform_wrapper_1').html(form_content.html());if(form_content.hasClass('gform_validation_error')){jQuery('#gform_wrapper_1').addClass('gform_validation_error');} else {jQuery('#gform_wrapper_1').removeClass('gform_validation_error');}setTimeout( function() { \/* delay the scroll by 50 milliseconds to fix a bug in chrome *\/ jQuery(document).scrollTop(jQuery('#gform_wrapper_1').offset().top - mt); }, 50 );if(window['gformInitDatepicker']) {gformInitDatepicker();}if(window['gformInitPriceFields']) {gformInitPriceFields();}var current_page = jQuery('#gform_source_page_number_1').val();gformInitSpinner( 1, 'https:\/\/escoles.fundesplai.org\/wp-content\/plugins\/gravityforms\/images\/spinner.svg', true );jQuery(document).trigger('gform_page_loaded', [1, current_page]);window['gf_submitting_1'] = false;}else if(!is_redirect){var confirmation_content = jQuery(this).contents().find('.GF_AJAX_POSTBACK').html();if(!confirmation_content){confirmation_content = contents;}jQuery('#gform_wrapper_1').replaceWith(confirmation_content);jQuery(document).scrollTop(jQuery('#gf_1').offset().top - mt);jQuery(document).trigger('gform_confirmation_loaded', [1]);window['gf_submitting_1'] = false;wp.a11y.speak(jQuery('#gform_confirmation_message_1').text());}else{jQuery('#gform_1').append(contents);if(window['gformRedirect']) {gformRedirect();}}jQuery(document).trigger(\"gform_pre_post_render\", [{ formId: \"1\", currentPage: \"current_page\", abort: function() { this.preventDefault(); } }]);        if (event && event.defaultPrevented) {                return;        }        const gformWrapperDiv = document.getElementById( \"gform_wrapper_1\" );        if ( gformWrapperDiv ) {            const visibilitySpan = document.createElement( \"span\" );            visibilitySpan.id = \"gform_visibility_test_1\";            gformWrapperDiv.insertAdjacentElement( \"afterend\", visibilitySpan );        }        const visibilityTestDiv = document.getElementById( \"gform_visibility_test_1\" );        let postRenderFired = false;        function triggerPostRender() {            if ( postRenderFired ) {                return;            }            postRenderFired = true;            gform.core.triggerPostRenderEvents( 1, current_page );            if ( visibilityTestDiv ) {                visibilityTestDiv.parentNode.removeChild( visibilityTestDiv );            }        }        function debounce( func, wait, immediate ) {            var timeout;            return function() {                var context = this, args = arguments;                var later = function() {                    timeout = null;                    if ( !immediate ) func.apply( context, args );                };                var callNow = immediate && !timeout;                clearTimeout( timeout );                timeout = setTimeout( later, wait );                if ( callNow ) func.apply( context, args );            };        }        const debouncedTriggerPostRender = debounce( function() {            triggerPostRender();        }, 200 );        if ( visibilityTestDiv && visibilityTestDiv.offsetParent === null ) {            const observer = new MutationObserver( ( mutations ) => {                mutations.forEach( ( mutation ) => {                    if ( mutation.type === 'attributes' && visibilityTestDiv.offsetParent !== null ) {                        debouncedTriggerPostRender();                        observer.disconnect();                    }                });            });            observer.observe( document.body, {                attributes: true,                childList: false,                subtree: true,                attributeFilter: [ 'style', 'class' ],            });        } else {            triggerPostRender();        }    } );} ); \n\/* ]]> *\/\n<\/script>\n\n<p>[\/et_pb_text][et_pb_text admin_label=\u00bbSegueix-nos a les xarxes socials\u00bb _builder_version=\u00bb4.16&#8243; text_orientation=\u00bbcenter\u00bb global_colors_info=\u00bb{}\u00bb]<\/p>\n<p>S\u00edguenos tambi\u00e9n en las redes sociales<\/p>\n<p>[\/et_pb_text][et_pb_social_media_follow admin_label=\u00bbxarxes socials\u00bb _builder_version=\u00bb4.16&#8243; text_orientation=\u00bbcenter\u00bb border_radii=\u00bbon|30px|30px|30px|30px\u00bb global_colors_info=\u00bb{}\u00bb][et_pb_social_media_follow_network social_network=\u00bbtwitter\u00bb url=\u00bbhttps:\/\/twitter.com\/fundesplai\u00bb _builder_version=\u00bb4.22.2&#8243; background_color=\u00bb#000000&#8243; global_colors_info=\u00bb{}\u00bb follow_button=\u00bboff\u00bb url_new_window=\u00bbon\u00bb]<\/p>\n<p>Twitter<\/p>\n<p>[\/et_pb_social_media_follow_network][et_pb_social_media_follow_network social_network=\u00bbfacebook\u00bb url=\u00bbhttps:\/\/www.facebook.com\/Fundesplai\/\u00bb _builder_version=\u00bb4.16&#8243; background_color=\u00bb#3b5998&#8243; global_colors_info=\u00bb{}\u00bb follow_button=\u00bboff\u00bb url_new_window=\u00bbon\u00bb]<\/p>\n<p>Facebook<\/p>\n<p>[\/et_pb_social_media_follow_network][et_pb_social_media_follow_network social_network=\u00bbinstagram\u00bb url=\u00bbhttps:\/\/www.instagram.com\/fundesplai\/\u00bb _builder_version=\u00bb4.16&#8243; background_color=\u00bb#517fa4&#8243; global_colors_info=\u00bb{}\u00bb follow_button=\u00bboff\u00bb url_new_window=\u00bbon\u00bb]<\/p>\n<p>Instagram<\/p>\n<p>[\/et_pb_social_media_follow_network][\/et_pb_social_media_follow][\/et_pb_column][\/et_pb_row][\/et_pb_section][et_pb_section fb_built=\u00bb1&#8243; admin_label=\u00bbSection: Som Fundesplai\u00bb module_class=\u00bbseccio-som-fundesplai\u00bb _builder_version=\u00bb3.22.3&#8243; background_color=\u00bb#c3c3c2&#8243; global_module=\u00bb428&#8243; locked=\u00bboff\u00bb collapsed=\u00bboff\u00bb global_colors_info=\u00bb{}\u00bb][et_pb_row column_structure=\u00bb1_3,2_3&#8243; make_equal=\u00bbon\u00bb _builder_version=\u00bb4.16&#8243; global_colors_info=\u00bb{}\u00bb][et_pb_column type=\u00bb1_3&#8243; _builder_version=\u00bb4.16&#8243; background_image=\u00bbhttp:\/\/dev.suport.org\/wp-content\/uploads\/2018\/06\/ninots-1.png\u00bb background_size=\u00bbcontain\u00bb background_position=\u00bbbottom_left\u00bb custom_padding=\u00bb|||\u00bb global_colors_info=\u00bb{}\u00bb custom_padding__hover=\u00bb|||\u00bb][\/et_pb_column][et_pb_column type=\u00bb2_3&#8243; _builder_version=\u00bb4.16&#8243; custom_padding=\u00bb50px||50px|50px\u00bb global_colors_info=\u00bb{}\u00bb custom_padding__hover=\u00bb|||\u00bb][et_pb_text admin_label=\u00bbSom Fundesplai\u00bb _builder_version=\u00bb4.16&#8243; custom_margin=\u00bb||20px|\u00bb global_colors_info=\u00bb{}\u00bb]<\/p>\n\n\t\t\t<div>\n\t\t\t\t<h2>\n\t\t\t\t\tSomos Fundesplai\n\t\t\t\t<\/h2>\n\t\t\t\t<p>\n\t\t\t\t\tSomos <strong>Fundesplai<\/strong>, una entidad sin \u00e1nimo de lucro con la misi\u00f3n de educar a los ni\u00f1os, ni\u00f1as y j\u00f3venes, fortalecer las entidades de ocio y tiempo libre y el Tercer Sector, mejorar el medio ambiente y promover la ciudadan\u00eda y la inclusi\u00f3n social, con voluntad transformadora.\n\t\t\t\t<\/p>\n\t\t\t\t<p>\n\t\t\t\t\tLos proyectos y servicios del M\u00f3n Escolar tienen el objetivo de ofrecer actividades de ocio educativo de calidad en el marco escolar.\n\t\t\t\t<\/p>\n\t\t\t\t<p>\n\t\t\t\t\t<a class='et_pb_button et_pb_custom_button_icon et_hover_enabled et_pb_bg_layout_light' href='https:\/\/fundesplai.org\/coneix-fundesplai\/' data-icon='' style='display: inline-block;'>\n\t\t\t\t\t\tConoce Fundesplai\n\t\t\t\t\t<\/a>\n\t\t\t\t<\/p>\n\t\t\t<\/div>\n\t\t\n<p>[\/et_pb_text][\/et_pb_column][\/et_pb_row][\/et_pb_section]<\/p>\n","protected":false},"excerpt":{"rendered":"<p>Talleres para educadores\/as de peque\u00f1a infancia (0 &#8211; 3)Ofrecemos formaci\u00f3n para maestros y otros profesionales de la educaci\u00f3n, para mejorar las competencias y los conocimientos en torno a la intervenci\u00f3n socioeducativa con ni\u00f1os\/as y j\u00f3venes. Tenemos un programa especial de formaci\u00f3n para maestros y educadoras de la etapa 0 &#8211; 3 (cuentos, primeros auxilios, NEE, [&hellip;]<\/p>\n","protected":false},"author":5,"featured_media":16711,"parent":13644,"menu_order":0,"comment_status":"closed","ping_status":"closed","template":"","meta":{"_et_pb_use_builder":"on","_et_pb_old_content":"","_et_gb_content_width":"","footnotes":""},"class_list":["post-16149","page","type-page","status-publish","has-post-thumbnail","hentry"],"yoast_head":"<!-- This site is optimized with the Yoast SEO plugin v27.5 - https:\/\/yoast.com\/product\/yoast-seo-wordpress\/ -->\n<title>Formaci\u00f3n para profesionales - Fundesplai M\u00f3n Escolar<\/title>\n<meta name=\"description\" content=\"Ofrecemos formaci\u00f3n para profesionales de la educaci\u00f3n, para mejorar las competencias en torno a la intervenci\u00f3n socioeducativa con ni\u00f1os, ni\u00f1as y j\u00f3venes.\" \/>\n<meta name=\"robots\" content=\"index, follow, max-snippet:-1, max-image-preview:large, max-video-preview:-1\" \/>\n<link rel=\"canonical\" href=\"https:\/\/escoles.fundesplai.org\/es\/servicios-para-la-pequena-infancia\/formacion-para-profesionales\/\" \/>\n<meta property=\"og:locale\" content=\"es_ES\" \/>\n<meta property=\"og:type\" content=\"article\" \/>\n<meta property=\"og:title\" content=\"Formaci\u00f3n para profesionales - Fundesplai M\u00f3n Escolar\" \/>\n<meta property=\"og:description\" content=\"Ofrecemos formaci\u00f3n para profesionales de la educaci\u00f3n, para mejorar las competencias en torno a la intervenci\u00f3n socioeducativa con ni\u00f1os, ni\u00f1as y j\u00f3venes.\" \/>\n<meta property=\"og:url\" content=\"https:\/\/escoles.fundesplai.org\/es\/servicios-para-la-pequena-infancia\/formacion-para-profesionales\/\" \/>\n<meta property=\"og:site_name\" content=\"Fundesplai M\u00f3n Escolar\" \/>\n<meta property=\"article:publisher\" content=\"https:\/\/www.facebook.com\/Fundesplai\/\" \/>\n<meta property=\"article:modified_time\" content=\"2024-02-05T15:59:52+00:00\" \/>\n<meta property=\"og:image\" content=\"https:\/\/escoles.fundesplai.org\/wp-content\/uploads\/2020\/02\/Formaci\u00f3-Professionals-educaci\u00f3-mestres-fundesplai.jpg\" \/>\n\t<meta property=\"og:image:width\" content=\"1596\" \/>\n\t<meta property=\"og:image:height\" content=\"987\" \/>\n\t<meta property=\"og:image:type\" content=\"image\/jpeg\" \/>\n<meta name=\"twitter:card\" content=\"summary_large_image\" \/>\n<meta name=\"twitter:site\" content=\"@fundesplai\" \/>\n<meta name=\"twitter:label1\" content=\"Tiempo de lectura\" \/>\n\t<meta name=\"twitter:data1\" content=\"8 minutos\" \/>\n<script type=\"application\/ld+json\" class=\"yoast-schema-graph\">{\"@context\":\"https:\\\/\\\/schema.org\",\"@graph\":[{\"@type\":\"WebPage\",\"@id\":\"https:\\\/\\\/escoles.fundesplai.org\\\/es\\\/servicios-para-la-pequena-infancia\\\/formacion-para-profesionales\\\/\",\"url\":\"https:\\\/\\\/escoles.fundesplai.org\\\/es\\\/servicios-para-la-pequena-infancia\\\/formacion-para-profesionales\\\/\",\"name\":\"Formaci\u00f3n para profesionales - Fundesplai M\u00f3n Escolar\",\"isPartOf\":{\"@id\":\"https:\\\/\\\/escoles.fundesplai.org\\\/es\\\/#website\"},\"primaryImageOfPage\":{\"@id\":\"https:\\\/\\\/escoles.fundesplai.org\\\/es\\\/servicios-para-la-pequena-infancia\\\/formacion-para-profesionales\\\/#primaryimage\"},\"image\":{\"@id\":\"https:\\\/\\\/escoles.fundesplai.org\\\/es\\\/servicios-para-la-pequena-infancia\\\/formacion-para-profesionales\\\/#primaryimage\"},\"thumbnailUrl\":\"https:\\\/\\\/escoles.fundesplai.org\\\/wp-content\\\/uploads\\\/2020\\\/02\\\/Formaci\u00f3-Professionals-educaci\u00f3-mestres-fundesplai.jpg\",\"datePublished\":\"2020-02-17T09:03:25+00:00\",\"dateModified\":\"2024-02-05T15:59:52+00:00\",\"description\":\"Ofrecemos formaci\u00f3n para profesionales de la educaci\u00f3n, para mejorar las competencias en torno a la intervenci\u00f3n socioeducativa con ni\u00f1os, ni\u00f1as y j\u00f3venes.\",\"breadcrumb\":{\"@id\":\"https:\\\/\\\/escoles.fundesplai.org\\\/es\\\/servicios-para-la-pequena-infancia\\\/formacion-para-profesionales\\\/#breadcrumb\"},\"inLanguage\":\"es\",\"potentialAction\":[{\"@type\":\"ReadAction\",\"target\":[\"https:\\\/\\\/escoles.fundesplai.org\\\/es\\\/servicios-para-la-pequena-infancia\\\/formacion-para-profesionales\\\/\"]}]},{\"@type\":\"ImageObject\",\"inLanguage\":\"es\",\"@id\":\"https:\\\/\\\/escoles.fundesplai.org\\\/es\\\/servicios-para-la-pequena-infancia\\\/formacion-para-profesionales\\\/#primaryimage\",\"url\":\"https:\\\/\\\/escoles.fundesplai.org\\\/wp-content\\\/uploads\\\/2020\\\/02\\\/Formaci\u00f3-Professionals-educaci\u00f3-mestres-fundesplai.jpg\",\"contentUrl\":\"https:\\\/\\\/escoles.fundesplai.org\\\/wp-content\\\/uploads\\\/2020\\\/02\\\/Formaci\u00f3-Professionals-educaci\u00f3-mestres-fundesplai.jpg\",\"width\":1596,\"height\":987},{\"@type\":\"BreadcrumbList\",\"@id\":\"https:\\\/\\\/escoles.fundesplai.org\\\/es\\\/servicios-para-la-pequena-infancia\\\/formacion-para-profesionales\\\/#breadcrumb\",\"itemListElement\":[{\"@type\":\"ListItem\",\"position\":1,\"name\":\"Inici\",\"item\":\"https:\\\/\\\/escoles.fundesplai.org\\\/es\\\/inicio\\\/\"},{\"@type\":\"ListItem\",\"position\":2,\"name\":\"Servicios para la peque\u00f1a infancia\",\"item\":\"https:\\\/\\\/escoles.fundesplai.org\\\/es\\\/servicios-para-la-pequena-infancia\\\/\"},{\"@type\":\"ListItem\",\"position\":3,\"name\":\"Formaci\u00f3n para profesionales\"}]},{\"@type\":\"WebSite\",\"@id\":\"https:\\\/\\\/escoles.fundesplai.org\\\/es\\\/#website\",\"url\":\"https:\\\/\\\/escoles.fundesplai.org\\\/es\\\/\",\"name\":\"Fundesplai M\u00f3n Escolar\",\"description\":\"Serveis de lleure educatiu per a escoles\",\"publisher\":{\"@id\":\"https:\\\/\\\/escoles.fundesplai.org\\\/es\\\/#organization\"},\"potentialAction\":[{\"@type\":\"SearchAction\",\"target\":{\"@type\":\"EntryPoint\",\"urlTemplate\":\"https:\\\/\\\/escoles.fundesplai.org\\\/es\\\/?s={search_term_string}\"},\"query-input\":{\"@type\":\"PropertyValueSpecification\",\"valueRequired\":true,\"valueName\":\"search_term_string\"}}],\"inLanguage\":\"es\"},{\"@type\":\"Organization\",\"@id\":\"https:\\\/\\\/escoles.fundesplai.org\\\/es\\\/#organization\",\"name\":\"Fundesplai - M\u00f3n Escolar\",\"url\":\"https:\\\/\\\/escoles.fundesplai.org\\\/es\\\/\",\"logo\":{\"@type\":\"ImageObject\",\"inLanguage\":\"es\",\"@id\":\"https:\\\/\\\/escoles.fundesplai.org\\\/es\\\/#\\\/schema\\\/logo\\\/image\\\/\",\"url\":\"https:\\\/\\\/escoles.fundesplai.org\\\/wp-content\\\/uploads\\\/2021\\\/08\\\/logo-mon-escolar.png\",\"contentUrl\":\"https:\\\/\\\/escoles.fundesplai.org\\\/wp-content\\\/uploads\\\/2021\\\/08\\\/logo-mon-escolar.png\",\"width\":468,\"height\":211,\"caption\":\"Fundesplai - M\u00f3n Escolar\"},\"image\":{\"@id\":\"https:\\\/\\\/escoles.fundesplai.org\\\/es\\\/#\\\/schema\\\/logo\\\/image\\\/\"},\"sameAs\":[\"https:\\\/\\\/www.facebook.com\\\/Fundesplai\\\/\",\"https:\\\/\\\/x.com\\\/fundesplai\",\"https:\\\/\\\/www.instagram.com\\\/fundesplai\\\/\"]}]}<\/script>\n<!-- \/ Yoast SEO plugin. -->","yoast_head_json":{"title":"Formaci\u00f3n para profesionales - Fundesplai M\u00f3n Escolar","description":"Ofrecemos formaci\u00f3n para profesionales de la educaci\u00f3n, para mejorar las competencias en torno a la intervenci\u00f3n socioeducativa con ni\u00f1os, ni\u00f1as y j\u00f3venes.","robots":{"index":"index","follow":"follow","max-snippet":"max-snippet:-1","max-image-preview":"max-image-preview:large","max-video-preview":"max-video-preview:-1"},"canonical":"https:\/\/escoles.fundesplai.org\/es\/servicios-para-la-pequena-infancia\/formacion-para-profesionales\/","og_locale":"es_ES","og_type":"article","og_title":"Formaci\u00f3n para profesionales - Fundesplai M\u00f3n Escolar","og_description":"Ofrecemos formaci\u00f3n para profesionales de la educaci\u00f3n, para mejorar las competencias en torno a la intervenci\u00f3n socioeducativa con ni\u00f1os, ni\u00f1as y j\u00f3venes.","og_url":"https:\/\/escoles.fundesplai.org\/es\/servicios-para-la-pequena-infancia\/formacion-para-profesionales\/","og_site_name":"Fundesplai M\u00f3n Escolar","article_publisher":"https:\/\/www.facebook.com\/Fundesplai\/","article_modified_time":"2024-02-05T15:59:52+00:00","og_image":[{"width":1596,"height":987,"url":"https:\/\/escoles.fundesplai.org\/wp-content\/uploads\/2020\/02\/Formaci\u00f3-Professionals-educaci\u00f3-mestres-fundesplai.jpg","type":"image\/jpeg"}],"twitter_card":"summary_large_image","twitter_site":"@fundesplai","twitter_misc":{"Tiempo de lectura":"8 minutos"},"schema":{"@context":"https:\/\/schema.org","@graph":[{"@type":"WebPage","@id":"https:\/\/escoles.fundesplai.org\/es\/servicios-para-la-pequena-infancia\/formacion-para-profesionales\/","url":"https:\/\/escoles.fundesplai.org\/es\/servicios-para-la-pequena-infancia\/formacion-para-profesionales\/","name":"Formaci\u00f3n para profesionales - Fundesplai M\u00f3n Escolar","isPartOf":{"@id":"https:\/\/escoles.fundesplai.org\/es\/#website"},"primaryImageOfPage":{"@id":"https:\/\/escoles.fundesplai.org\/es\/servicios-para-la-pequena-infancia\/formacion-para-profesionales\/#primaryimage"},"image":{"@id":"https:\/\/escoles.fundesplai.org\/es\/servicios-para-la-pequena-infancia\/formacion-para-profesionales\/#primaryimage"},"thumbnailUrl":"https:\/\/escoles.fundesplai.org\/wp-content\/uploads\/2020\/02\/Formaci\u00f3-Professionals-educaci\u00f3-mestres-fundesplai.jpg","datePublished":"2020-02-17T09:03:25+00:00","dateModified":"2024-02-05T15:59:52+00:00","description":"Ofrecemos formaci\u00f3n para profesionales de la educaci\u00f3n, para mejorar las competencias en torno a la intervenci\u00f3n socioeducativa con ni\u00f1os, ni\u00f1as y j\u00f3venes.","breadcrumb":{"@id":"https:\/\/escoles.fundesplai.org\/es\/servicios-para-la-pequena-infancia\/formacion-para-profesionales\/#breadcrumb"},"inLanguage":"es","potentialAction":[{"@type":"ReadAction","target":["https:\/\/escoles.fundesplai.org\/es\/servicios-para-la-pequena-infancia\/formacion-para-profesionales\/"]}]},{"@type":"ImageObject","inLanguage":"es","@id":"https:\/\/escoles.fundesplai.org\/es\/servicios-para-la-pequena-infancia\/formacion-para-profesionales\/#primaryimage","url":"https:\/\/escoles.fundesplai.org\/wp-content\/uploads\/2020\/02\/Formaci\u00f3-Professionals-educaci\u00f3-mestres-fundesplai.jpg","contentUrl":"https:\/\/escoles.fundesplai.org\/wp-content\/uploads\/2020\/02\/Formaci\u00f3-Professionals-educaci\u00f3-mestres-fundesplai.jpg","width":1596,"height":987},{"@type":"BreadcrumbList","@id":"https:\/\/escoles.fundesplai.org\/es\/servicios-para-la-pequena-infancia\/formacion-para-profesionales\/#breadcrumb","itemListElement":[{"@type":"ListItem","position":1,"name":"Inici","item":"https:\/\/escoles.fundesplai.org\/es\/inicio\/"},{"@type":"ListItem","position":2,"name":"Servicios para la peque\u00f1a infancia","item":"https:\/\/escoles.fundesplai.org\/es\/servicios-para-la-pequena-infancia\/"},{"@type":"ListItem","position":3,"name":"Formaci\u00f3n para profesionales"}]},{"@type":"WebSite","@id":"https:\/\/escoles.fundesplai.org\/es\/#website","url":"https:\/\/escoles.fundesplai.org\/es\/","name":"Fundesplai M\u00f3n Escolar","description":"Serveis de lleure educatiu per a escoles","publisher":{"@id":"https:\/\/escoles.fundesplai.org\/es\/#organization"},"potentialAction":[{"@type":"SearchAction","target":{"@type":"EntryPoint","urlTemplate":"https:\/\/escoles.fundesplai.org\/es\/?s={search_term_string}"},"query-input":{"@type":"PropertyValueSpecification","valueRequired":true,"valueName":"search_term_string"}}],"inLanguage":"es"},{"@type":"Organization","@id":"https:\/\/escoles.fundesplai.org\/es\/#organization","name":"Fundesplai - M\u00f3n Escolar","url":"https:\/\/escoles.fundesplai.org\/es\/","logo":{"@type":"ImageObject","inLanguage":"es","@id":"https:\/\/escoles.fundesplai.org\/es\/#\/schema\/logo\/image\/","url":"https:\/\/escoles.fundesplai.org\/wp-content\/uploads\/2021\/08\/logo-mon-escolar.png","contentUrl":"https:\/\/escoles.fundesplai.org\/wp-content\/uploads\/2021\/08\/logo-mon-escolar.png","width":468,"height":211,"caption":"Fundesplai - M\u00f3n Escolar"},"image":{"@id":"https:\/\/escoles.fundesplai.org\/es\/#\/schema\/logo\/image\/"},"sameAs":["https:\/\/www.facebook.com\/Fundesplai\/","https:\/\/x.com\/fundesplai","https:\/\/www.instagram.com\/fundesplai\/"]}]}},"_links":{"self":[{"href":"https:\/\/escoles.fundesplai.org\/es\/wp-json\/wp\/v2\/pages\/16149","targetHints":{"allow":["GET"]}}],"collection":[{"href":"https:\/\/escoles.fundesplai.org\/es\/wp-json\/wp\/v2\/pages"}],"about":[{"href":"https:\/\/escoles.fundesplai.org\/es\/wp-json\/wp\/v2\/types\/page"}],"author":[{"embeddable":true,"href":"https:\/\/escoles.fundesplai.org\/es\/wp-json\/wp\/v2\/users\/5"}],"replies":[{"embeddable":true,"href":"https:\/\/escoles.fundesplai.org\/es\/wp-json\/wp\/v2\/comments?post=16149"}],"version-history":[{"count":25,"href":"https:\/\/escoles.fundesplai.org\/es\/wp-json\/wp\/v2\/pages\/16149\/revisions"}],"predecessor-version":[{"id":47361,"href":"https:\/\/escoles.fundesplai.org\/es\/wp-json\/wp\/v2\/pages\/16149\/revisions\/47361"}],"up":[{"embeddable":true,"href":"https:\/\/escoles.fundesplai.org\/es\/wp-json\/wp\/v2\/pages\/13644"}],"wp:featuredmedia":[{"embeddable":true,"href":"https:\/\/escoles.fundesplai.org\/es\/wp-json\/wp\/v2\/media\/16711"}],"wp:attachment":[{"href":"https:\/\/escoles.fundesplai.org\/es\/wp-json\/wp\/v2\/media?parent=16149"}],"curies":[{"name":"wp","href":"https:\/\/api.w.org\/{rel}","templated":true}]}}