{"id":16565,"date":"2019-08-23T10:57:02","date_gmt":"2019-08-23T08:57:02","guid":{"rendered":"https:\/\/escoles.fundesplai.org\/comedor-escolar-tiempo-educativo-del-mediodia\/"},"modified":"2024-07-19T12:47:56","modified_gmt":"2024-07-19T10:47:56","slug":"comedor-tiempo-educativo-del-mediodia","status":"publish","type":"page","link":"https:\/\/escoles.fundesplai.org\/es\/actividades-escuela\/comedor-tiempo-educativo-del-mediodia\/","title":{"rendered":"Servicio de comedor escolar, Tiempo educativo del mediod\u00eda"},"content":{"rendered":"<p>[et_pb_section fb_built=\u00bb1&#8243; fullwidth=\u00bbon\u00bb admin_label=\u00bbSlider\u00bb _builder_version=\u00bb4.16&#8243; locked=\u00bboff\u00bb collapsed=\u00bboff\u00bb global_colors_info=\u00bb{}\u00bb][et_pb_fullwidth_slider module_id=\u00bbfix-padding\u00bb module_class=\u00bbslider-capcalera slider-text-cta\u00bb _builder_version=\u00bb4.16&#8243; global_colors_info=\u00bb{}\u00bb][et_pb_slide heading=\u00bbTiempo educativo del mediod\u00eda\u00bb button_text=\u00bbCont\u00e1ctanos\u00bb button_link=\u00bbhttps:\/\/escoles.fundesplai.org\/es\/contacta\/?servei=menjadors-escolars\u00bb _builder_version=\u00bb4.16&#8243; background_image=\u00bbhttps:\/\/escoles.fundesplai.org\/wp-content\/uploads\/2021\/03\/Temps-migdia-Fundesplai_menjador.jpg\u00bb background_enable_image=\u00bbon\u00bb global_colors_info=\u00bb{}\u00bb sticky_transition=\u00bbon\u00bb]<\/p>\n<p>Por un comedor escolar educativo, inclusivo y de calidad<\/p>\n<p>[\/et_pb_slide][et_pb_slide heading=\u00bbComedores escolares de proximidad\u00bb button_text=\u00bbConoce nuestros proveedores\u00bb _builder_version=\u00bb4.16&#8243; background_image=\u00bbhttps:\/\/escoles.fundesplai.org\/wp-content\/uploads\/2021\/03\/Temps-migdia-Fundesplai_proximitat_alimentacio.jpg\u00bb background_enable_image=\u00bbon\u00bb global_colors_info=\u00bb{}\u00bb sticky_transition=\u00bbon\u00bb]<\/p>\n<p>Alimentos de Km0, de temporada, proximidad y ecol\u00f3gicos<\/p>\n<p>[\/et_pb_slide][et_pb_slide heading=\u00bbMediod\u00edas para un mundo mejor\u00bb button_text=\u00bbDescubre nuestro proyecto pedag\u00f3gico\u00bb button_link=\u00bb#pedagogia\u00bb _builder_version=\u00bb4.16&#8243; background_image=\u00bbhttps:\/\/escoles.fundesplai.org\/wp-content\/uploads\/2021\/03\/Temps-migdia-Fundesplai_valors3.jpg\u00bb background_enable_image=\u00bbon\u00bb global_colors_info=\u00bb{}\u00bb sticky_transition=\u00bbon\u00bb]<\/p>\n<p>Pensamos globalmente, actuamos localmente<\/p>\n<p>[\/et_pb_slide][et_pb_slide heading=\u00bbTiempo libre educativo transformador\u00bb button_text=\u00bbDescubre el proyecto educativo\u00bb button_link=\u00bb#pedagogia\u00bb _builder_version=\u00bb4.16&#8243; background_image=\u00bbhttps:\/\/escoles.fundesplai.org\/wp-content\/uploads\/2021\/03\/Temps-migdia-Fundesplai_lleure-educatiu_N-1.jpg\u00bb background_enable_image=\u00bbon\u00bb global_colors_info=\u00bb{}\u00bb sticky_transition=\u00bbon\u00bb]<\/p>\n<p>Autonom\u00eda, competencias, inclusi\u00f3n, participaci\u00f3n activa, convivencia, cultura de Paz&#8230;<\/p>\n<p>[\/et_pb_slide][et_pb_slide heading=\u00bbAlimentaci\u00f3n sana y sostenible\u00bb button_text=\u00bbDescubre como son nuestros men\u00fas\u00bb button_link=\u00bb#alimentacio\u00bb _builder_version=\u00bb4.16&#8243; background_image=\u00bbhttps:\/\/escoles.fundesplai.org\/wp-content\/uploads\/2021\/03\/Temps-migdia-Fundesplai_salut_menjador.jpg\u00bb background_enable_image=\u00bbon\u00bb global_colors_info=\u00bb{}\u00bb sticky_transition=\u00bbon\u00bb]<\/p>\n<p>Men\u00fas de dieta mediterr\u00e1nea, h\u00e1bitos alimenticios saludables, reducci\u00f3n de emisiones<\/p>\n<p>[\/et_pb_slide][et_pb_slide heading=\u00bbComedores escolares en toda Catalu\u00f1a\u00bb button_text=\u00bb\u00bfEst\u00e1s buscando comedor? Cont\u00e1ctanos! \u00bb button_link=\u00bbhttps:\/\/escoles.fundesplai.org\/es\/contacta\/\u00bb _builder_version=\u00bb4.16&#8243; background_image=\u00bbhttps:\/\/escoles.fundesplai.org\/wp-content\/uploads\/2021\/03\/Menjador-Escolar-Fundesplai-Barcelona.jpg\u00bb background_enable_image=\u00bbon\u00bb global_colors_info=\u00bb{}\u00bb sticky_transition=\u00bbon\u00bb]<\/p>\n<p>Barcelona, \u200b\u200bBaix Llobregat, Vall\u00e8s Oriental y Occidental, Garraf, Pened\u00e8s, Alt Empord\u00e0&#8230;<\/p>\n<p>[\/et_pb_slide][\/et_pb_fullwidth_slider][\/et_pb_section][et_pb_section fb_built=\u00bb1&#8243; disabled_on=\u00bboff|off|off\u00bb admin_label=\u00bbV\u00eddeo \/ Inscripcions\u00bb _builder_version=\u00bb4.16&#8243; locked=\u00bboff\u00bb collapsed=\u00bboff\u00bb global_colors_info=\u00bb{}\u00bb][et_pb_row column_structure=\u00bb1_2,1_2&#8243; make_equal=\u00bbon\u00bb disabled_on=\u00bbon|on|on\u00bb module_class=\u00bbcta-home et_pb_row_fullwidth\u00bb _builder_version=\u00bb4.22.2&#8243; width=\u00bb100%\u00bb width_tablet=\u00bb100%\u00bb width_phone=\u00bb\u00bb width_last_edited=\u00bbon|desktop\u00bb max_width=\u00bb100%\u00bb max_width_tablet=\u00bb100%\u00bb max_width_phone=\u00bb\u00bb max_width_last_edited=\u00bbon|desktop\u00bb custom_margin=\u00bb||||false|false\u00bb make_fullwidth=\u00bbon\u00bb disabled=\u00bbon\u00bb global_colors_info=\u00bb{}\u00bb][et_pb_column type=\u00bb1_2&#8243; _builder_version=\u00bb4.22.2&#8243; background_color=\u00bb#FFFFFF\u00bb custom_padding=\u00bb|||\u00bb global_colors_info=\u00bb{}\u00bb custom_padding__hover=\u00bb|||\u00bb][et_pb_video src=\u00bbhttps:\/\/www.youtube.com\/watch?v=T81Bn7Ucp-c\u00bb _builder_version=\u00bb4.22.2&#8243; custom_margin=\u00bb2px|1px|2px|2px|false|false\u00bb global_colors_info=\u00bb{}\u00bb][\/et_pb_video][\/et_pb_column][et_pb_column type=\u00bb1_2&#8243; _builder_version=\u00bb4.22.2&#8243; custom_padding=\u00bb|||\u00bb global_colors_info=\u00bb{}\u00bb custom_padding__hover=\u00bb|||\u00bb][et_pb_video src=\u00bbhttps:\/\/www.youtube.com\/watch?v=jBDFyd5uCr4&#8243; admin_label=\u00bbVideo General menjadors 2018&#8243; _builder_version=\u00bb4.22.2&#8243; _module_preset=\u00bbdefault\u00bb custom_margin=\u00bb2px|0px|2px|1px|false|false\u00bb global_colors_info=\u00bb{}\u00bb][\/et_pb_video][et_pb_cta title=\u00bbINSCRIPCIONES\u00bb button_url=\u00bbhttps:\/\/escoles.fundesplai.org\/es\/inscripciones\/\u00bb button_text=\u00bbAcceso Familias\u00bb disabled_on=\u00bbon|on|on\u00bb admin_label=\u00bbCTA Inscripciones\u00bb module_class=\u00bbcta-destacats-home cta-destacats-menjadors\u00bb _builder_version=\u00bb4.16&#8243; background_color=\u00bb#f1f1a4&#8243; background_image=\u00bbhttps:\/\/escoles.fundesplai.org\/wp-content\/uploads\/2021\/01\/Inscripcions-online-Fundesplai.jpg\u00bb custom_padding=\u00bb70px|40px|70px|40px\u00bb disabled=\u00bbon\u00bb global_colors_info=\u00bb{}\u00bb button_text_size__hover_enabled=\u00bboff\u00bb button_text_size__hover=\u00bbnull\u00bb button_one_text_size__hover_enabled=\u00bboff\u00bb button_one_text_size__hover=\u00bbnull\u00bb button_two_text_size__hover_enabled=\u00bboff\u00bb button_two_text_size__hover=\u00bbnull\u00bb button_text_color__hover_enabled=\u00bboff\u00bb button_text_color__hover=\u00bbnull\u00bb button_one_text_color__hover_enabled=\u00bboff\u00bb button_one_text_color__hover=\u00bbnull\u00bb button_two_text_color__hover_enabled=\u00bboff\u00bb button_two_text_color__hover=\u00bbnull\u00bb button_border_width__hover_enabled=\u00bboff\u00bb button_border_width__hover=\u00bbnull\u00bb button_one_border_width__hover_enabled=\u00bboff\u00bb button_one_border_width__hover=\u00bbnull\u00bb button_two_border_width__hover_enabled=\u00bboff\u00bb button_two_border_width__hover=\u00bbnull\u00bb button_border_color__hover_enabled=\u00bboff\u00bb button_border_color__hover=\u00bbnull\u00bb button_one_border_color__hover_enabled=\u00bboff\u00bb button_one_border_color__hover=\u00bbnull\u00bb button_two_border_color__hover_enabled=\u00bboff\u00bb button_two_border_color__hover=\u00bbnull\u00bb button_border_radius__hover_enabled=\u00bboff\u00bb button_border_radius__hover=\u00bbnull\u00bb button_one_border_radius__hover_enabled=\u00bboff\u00bb button_one_border_radius__hover=\u00bbnull\u00bb button_two_border_radius__hover_enabled=\u00bboff\u00bb button_two_border_radius__hover=\u00bbnull\u00bb button_letter_spacing__hover_enabled=\u00bboff\u00bb button_letter_spacing__hover=\u00bbnull\u00bb button_one_letter_spacing__hover_enabled=\u00bboff\u00bb button_one_letter_spacing__hover=\u00bbnull\u00bb button_two_letter_spacing__hover_enabled=\u00bboff\u00bb button_two_letter_spacing__hover=\u00bbnull\u00bb button_bg_color__hover_enabled=\u00bboff\u00bb button_bg_color__hover=\u00bbnull\u00bb button_one_bg_color__hover_enabled=\u00bboff\u00bb button_one_bg_color__hover=\u00bbnull\u00bb button_two_bg_color__hover_enabled=\u00bboff\u00bb button_two_bg_color__hover=\u00bbnull\u00bb]<\/p>\n<p>Familias, entra aqu\u00ed para hacer la inscripci\u00f3n en el comedor escolar de sus hijos e hijas.<\/p>\n<p><a class=\"et_pb_button et_pb_promo_button\" href=\"https:\/\/escoles.fundesplai.org\/es\/inscripciones\/\">Acceso Familias<\/a><\/p>\n<p>[\/et_pb_cta][\/et_pb_column][\/et_pb_row][et_pb_row column_structure=\u00bb1_3,1_3,1_3&#8243; make_equal=\u00bbon\u00bb module_class=\u00bbcta-home et_pb_row_fullwidth\u00bb _builder_version=\u00bb4.22.2&#8243; width=\u00bb100%\u00bb width_tablet=\u00bb100%\u00bb width_phone=\u00bb\u00bb width_last_edited=\u00bbon|desktop\u00bb max_width=\u00bb100%\u00bb max_width_tablet=\u00bb100%\u00bb max_width_phone=\u00bb\u00bb max_width_last_edited=\u00bbon|desktop\u00bb custom_margin=\u00bb||||false|false\u00bb make_fullwidth=\u00bbon\u00bb global_colors_info=\u00bb{}\u00bb][et_pb_column type=\u00bb1_3&#8243; _builder_version=\u00bb4.22.2&#8243; background_color=\u00bb#FFFFFF\u00bb custom_padding=\u00bb|||\u00bb global_colors_info=\u00bb{}\u00bb custom_padding__hover=\u00bb|||\u00bb][et_pb_video src=\u00bbhttps:\/\/www.youtube.com\/watch?v=T81Bn7Ucp-c\u00bb _builder_version=\u00bb4.22.2&#8243; custom_margin=\u00bb2px|1px|2px|2px|false|false\u00bb global_colors_info=\u00bb{}\u00bb][\/et_pb_video][\/et_pb_column][et_pb_column type=\u00bb1_3&#8243; _builder_version=\u00bb4.22.2&#8243; custom_padding=\u00bb|||\u00bb global_colors_info=\u00bb{}\u00bb custom_padding__hover=\u00bb|||\u00bb][et_pb_video src=\u00bbhttps:\/\/escoles.fundesplai.org\/wp-content\/uploads\/2023\/10\/InfoK.mp4&#8243; _builder_version=\u00bb4.22.2&#8243; custom_margin=\u00bb2px|1px|2px|2px|false|false\u00bb global_colors_info=\u00bb{}\u00bb][\/et_pb_video][et_pb_cta title=\u00bbINSCRIPCIONES\u00bb button_url=\u00bbhttps:\/\/escoles.fundesplai.org\/es\/inscripciones\/\u00bb button_text=\u00bbAcceso Familias\u00bb disabled_on=\u00bbon|on|on\u00bb admin_label=\u00bbCTA Inscripciones\u00bb module_class=\u00bbcta-destacats-home cta-destacats-menjadors\u00bb _builder_version=\u00bb4.16&#8243; background_color=\u00bb#f1f1a4&#8243; background_image=\u00bbhttps:\/\/escoles.fundesplai.org\/wp-content\/uploads\/2021\/01\/Inscripcions-online-Fundesplai.jpg\u00bb custom_padding=\u00bb70px|40px|70px|40px\u00bb disabled=\u00bbon\u00bb global_colors_info=\u00bb{}\u00bb button_text_size__hover_enabled=\u00bboff\u00bb button_text_size__hover=\u00bbnull\u00bb button_one_text_size__hover_enabled=\u00bboff\u00bb button_one_text_size__hover=\u00bbnull\u00bb button_two_text_size__hover_enabled=\u00bboff\u00bb button_two_text_size__hover=\u00bbnull\u00bb button_text_color__hover_enabled=\u00bboff\u00bb button_text_color__hover=\u00bbnull\u00bb button_one_text_color__hover_enabled=\u00bboff\u00bb button_one_text_color__hover=\u00bbnull\u00bb button_two_text_color__hover_enabled=\u00bboff\u00bb button_two_text_color__hover=\u00bbnull\u00bb button_border_width__hover_enabled=\u00bboff\u00bb button_border_width__hover=\u00bbnull\u00bb button_one_border_width__hover_enabled=\u00bboff\u00bb button_one_border_width__hover=\u00bbnull\u00bb button_two_border_width__hover_enabled=\u00bboff\u00bb button_two_border_width__hover=\u00bbnull\u00bb button_border_color__hover_enabled=\u00bboff\u00bb button_border_color__hover=\u00bbnull\u00bb button_one_border_color__hover_enabled=\u00bboff\u00bb button_one_border_color__hover=\u00bbnull\u00bb button_two_border_color__hover_enabled=\u00bboff\u00bb button_two_border_color__hover=\u00bbnull\u00bb button_border_radius__hover_enabled=\u00bboff\u00bb button_border_radius__hover=\u00bbnull\u00bb button_one_border_radius__hover_enabled=\u00bboff\u00bb button_one_border_radius__hover=\u00bbnull\u00bb button_two_border_radius__hover_enabled=\u00bboff\u00bb button_two_border_radius__hover=\u00bbnull\u00bb button_letter_spacing__hover_enabled=\u00bboff\u00bb button_letter_spacing__hover=\u00bbnull\u00bb button_one_letter_spacing__hover_enabled=\u00bboff\u00bb button_one_letter_spacing__hover=\u00bbnull\u00bb button_two_letter_spacing__hover_enabled=\u00bboff\u00bb button_two_letter_spacing__hover=\u00bbnull\u00bb button_bg_color__hover_enabled=\u00bboff\u00bb button_bg_color__hover=\u00bbnull\u00bb button_one_bg_color__hover_enabled=\u00bboff\u00bb button_one_bg_color__hover=\u00bbnull\u00bb button_two_bg_color__hover_enabled=\u00bboff\u00bb button_two_bg_color__hover=\u00bbnull\u00bb]<\/p>\n<p>Familias, entra aqu\u00ed para hacer la inscripci\u00f3n en el comedor escolar de sus hijos e hijas.<\/p>\n<p><a class=\"et_pb_button et_pb_promo_button\" href=\"https:\/\/escoles.fundesplai.org\/es\/inscripciones\/\">Acceso Familias<\/a><\/p>\n<p>[\/et_pb_cta][\/et_pb_column][et_pb_column type=\u00bb1_3&#8243; _builder_version=\u00bb4.22.2&#8243; custom_padding=\u00bb|||\u00bb global_colors_info=\u00bb{}\u00bb custom_padding__hover=\u00bb|||\u00bb][et_pb_video src=\u00bbhttps:\/\/www.youtube.com\/watch?v=jBDFyd5uCr4&#8243; admin_label=\u00bbVideo General menjadors 2018&#8243; _builder_version=\u00bb4.22.2&#8243; _module_preset=\u00bbdefault\u00bb custom_margin=\u00bb2px|0px|2px|1px|false|false\u00bb global_colors_info=\u00bb{}\u00bb][\/et_pb_video][\/et_pb_column][\/et_pb_row][\/et_pb_section][et_pb_section fb_built=\u00bb1&#8243; disabled_on=\u00bboff|off|off\u00bb admin_label=\u00bbTrets diferencials\u00bb _builder_version=\u00bb4.16&#8243; _module_preset=\u00bbdefault\u00bb custom_margin=\u00bb50px||||false|false\u00bb custom_margin_tablet=\u00bb\u00bb custom_margin_phone=\u00bb30px||||false|false\u00bb custom_margin_last_edited=\u00bbon|phone\u00bb collapsed=\u00bboff\u00bb global_colors_info=\u00bb{}\u00bb][et_pb_row disabled_on=\u00bboff|off|off\u00bb _builder_version=\u00bb4.16&#8243; custom_margin=\u00bb|auto|||false|false\u00bb custom_padding=\u00bb||||false|false\u00bb locked=\u00bboff\u00bb global_colors_info=\u00bb{}\u00bb][et_pb_column type=\u00bb4_4&#8243; _builder_version=\u00bb4.16&#8243; custom_padding=\u00bb|||\u00bb global_colors_info=\u00bb{}\u00bb custom_padding__hover=\u00bb|||\u00bb][et_pb_text admin_label=\u00bbTrets diferencials dels menjadors Fundesplai\u00bb _builder_version=\u00bb4.22.2&#8243; custom_padding=\u00bb||||false|false\u00bb z_index_tablet=\u00bb500&#8243; global_colors_info=\u00bb{}\u00bb]<\/p>\n<h2>\u00bfC\u00f3mo es nuestro tiempo educativo del mediod\u00eda?<\/h2>\n<p>[\/et_pb_text][\/et_pb_column][\/et_pb_row][et_pb_row column_structure=\u00bb1_4,1_4,1_4,1_4&#8243; use_custom_gutter=\u00bbon\u00bb gutter_width=\u00bb4&#8243; disabled_on=\u00bboff|off|off\u00bb module_class=\u00bbllista-icones-blurb-awesome\u00bb _builder_version=\u00bb4.22.2&#8243; custom_padding=\u00bb||||false|false\u00bb locked=\u00bboff\u00bb global_colors_info=\u00bb{}\u00bb][et_pb_column type=\u00bb1_4&#8243; _builder_version=\u00bb4.22.2&#8243; custom_padding=\u00bb|||\u00bb global_colors_info=\u00bb{}\u00bb custom_padding__hover=\u00bb|||\u00bb][et_pb_blurb title=\u00bbAlimentaci\u00f3n saludable y sostenible\u00bb url=\u00bb#alimentacio\u00bb use_icon=\u00bbon\u00bb font_icon=\u00bb&#xf5d1;||divi||400&#8243; icon_color=\u00bb#333333&#8243; admin_label=\u00bbAlimentaci\u00f3 saludable i sostenible\u00bb _builder_version=\u00bb4.22.2&#8243; custom_margin=\u00bb||0px|\u00bb link_option_url=\u00bb#alimentacio\u00bb link_option_url_new_window=\u00bbon\u00bb z_index_tablet=\u00bb500&#8243; buscador_fontawesome=\u00bbsmile\u00bb global_colors_info=\u00bb{}\u00bb][\/et_pb_blurb][\/et_pb_column][et_pb_column type=\u00bb1_4&#8243; _builder_version=\u00bb4.16&#8243; custom_padding=\u00bb|||\u00bb global_colors_info=\u00bb{}\u00bb custom_padding__hover=\u00bb|||\u00bb][et_pb_blurb title=\u00bbProductos de proximidad y ecol\u00f3gicos\u00bb url=\u00bb#proveidors\u00bb use_icon=\u00bbon\u00bb font_icon=\u00bb&#xf3c5;||divi||400&#8243; icon_color=\u00bb#333333&#8243; admin_label=\u00bbProve\u00efdors Km0&#8243; _builder_version=\u00bb4.22.2&#8243; custom_margin=\u00bb||0px|\u00bb link_option_url=\u00bb#proveidors\u00bb link_option_url_new_window=\u00bbon\u00bb z_index_tablet=\u00bb500&#8243; buscador_fontawesome=\u00bbute\u00bb global_colors_info=\u00bb{}\u00bb][\/et_pb_blurb][\/et_pb_column][et_pb_column type=\u00bb1_4&#8243; _builder_version=\u00bb4.16&#8243; custom_padding=\u00bb|||\u00bb global_colors_info=\u00bb{}\u00bb custom_padding__hover=\u00bb|||\u00bb][et_pb_blurb title=\u00bbTiempo libre educativo de alta calidad\u00bb url=\u00bb#pedagogia\u00bb use_icon=\u00bbon\u00bb font_icon=\u00bb&#xf648;||divi||400&#8243; icon_color=\u00bb#333333&#8243; admin_label=\u00bbEducaci\u00f3 en el lleure alta qualitat\u00bb _builder_version=\u00bb4.16&#8243; custom_margin=\u00bb||0px|\u00bb link_option_url=\u00bb#pedagogia\u00bb link_option_url_new_window=\u00bbon\u00bb z_index_tablet=\u00bb500&#8243; buscador_fontawesome=\u00bbhouse-night\u00bb global_colors_info=\u00bb{}\u00bb][\/et_pb_blurb][\/et_pb_column][et_pb_column type=\u00bb1_4&#8243; _builder_version=\u00bb4.16&#8243; custom_padding=\u00bb|||\u00bb global_colors_info=\u00bb{}\u00bb custom_padding__hover=\u00bb|||\u00bb][et_pb_blurb title=\u00bbCoordinaci\u00f3n ampa\/afa\/escola\u00bb url=\u00bb#families\u00bb use_icon=\u00bbon\u00bb font_icon=\u00bb&#xf2b5;||divi||400&#8243; icon_color=\u00bb#333333&#8243; admin_label=\u00bbCoordinaci\u00f3 AMPA\u00bb _builder_version=\u00bb4.16&#8243; header_text_color=\u00bb#333333&#8243; text_orientation=\u00bbcenter\u00bb custom_margin=\u00bb||0px|\u00bb link_option_url=\u00bb#families\u00bb z_index_tablet=\u00bb500&#8243; buscador_fontawesome=\u00bbhandsh\u00bb locked=\u00bboff\u00bb global_colors_info=\u00bb{}\u00bb][\/et_pb_blurb][\/et_pb_column][\/et_pb_row][et_pb_row disabled_on=\u00bbon|on|on\u00bb _builder_version=\u00bb4.22.2&#8243; _module_preset=\u00bbdefault\u00bb custom_margin=\u00bb50px||||false|false\u00bb disabled=\u00bbon\u00bb global_colors_info=\u00bb{}\u00bb][et_pb_column type=\u00bb4_4&#8243; _builder_version=\u00bb4.16&#8243; _module_preset=\u00bbdefault\u00bb global_colors_info=\u00bb{}\u00bb][et_pb_text admin_label=\u00bbFORMULARI CONTACTE R\u00c0PID\u00bb _builder_version=\u00bb4.22.2&#8243; _module_preset=\u00bbdefault\u00bb custom_margin=\u00bb||||false|false\u00bb custom_padding=\u00bb20px|20px|20px|20px|true|true\u00bb border_radii=\u00bbon|10px|10px|10px|10px\u00bb border_width_all=\u00bb3px\u00bb border_color_all=\u00bb#DCDC1C\u00bb global_colors_info=\u00bb{}\u00bb]<\/p>\n<h3 style=\"text-align: center;\">Cont\u00e1ctanos y concertamos una cita para una propuesta a medida<\/h3>\n<h3 style=\"text-align: center;\"><i class=\"fa-sharp fa-solid fa-circle-phone\"><\/i> <a href=\"tel:+34670270008\"><strong>670 270 008<\/strong><\/a><\/h3>\n<p style=\"text-align: center;\"><\/p>\n<p>[\/et_pb_text][et_pb_button button_url=\u00bb@ET-DC@eyJkeW5hbWljIjp0cnVlLCJjb250ZW50IjoicG9zdF9saW5rX3VybF9wYWdlIiwic2V0dGluZ3MiOnsicG9zdF9pZCI6IjQ0NCJ9fQ==@\u00bb button_text=\u00bbCont\u00e1ctanos para una propuesta a medida\u00bb button_alignment=\u00bbcenter\u00bb disabled_on=\u00bbon|on|on\u00bb _builder_version=\u00bb4.22.2&#8243; _dynamic_attributes=\u00bbbutton_url\u00bb _module_preset=\u00bbdefault\u00bb disabled=\u00bbon\u00bb global_colors_info=\u00bb{}\u00bb][\/et_pb_button][\/et_pb_column][\/et_pb_row][et_pb_row _builder_version=\u00bb4.16&#8243; _module_preset=\u00bbdefault\u00bb custom_margin=\u00bb50px||||false|false\u00bb locked=\u00bboff\u00bb global_colors_info=\u00bb{}\u00bb][et_pb_column type=\u00bb4_4&#8243; _builder_version=\u00bb4.16&#8243; _module_preset=\u00bbdefault\u00bb global_colors_info=\u00bb{}\u00bb][et_pb_divider _builder_version=\u00bb4.16&#8243; _module_preset=\u00bbdefault\u00bb global_colors_info=\u00bb{}\u00bb][\/et_pb_divider][et_pb_text admin_label=\u00bbSOM UNA ENTITAT SENSE AFANY DE LUCRE\u00bb _builder_version=\u00bb4.22.2&#8243; _module_preset=\u00bbdefault\u00bb global_colors_info=\u00bb{}\u00bb]<\/p>\n<h3 style=\"text-align: center;\"><strong>Somos una entidad sin \u00e1nimo de lucro<\/strong> , no somos una empresa, y priorizamos la equidad, la igualdad de oportunidades y la sostenibilidad<\/h3>\n<p>[\/et_pb_text][et_pb_divider _builder_version=\u00bb4.16&#8243; _module_preset=\u00bbdefault\u00bb global_colors_info=\u00bb{}\u00bb][\/et_pb_divider][\/et_pb_column][\/et_pb_row][\/et_pb_section][et_pb_section fb_built=\u00bb1&#8243; admin_label=\u00bbAlimentaci\u00f3 saludable i sostenible\u00bb module_id=\u00bbalimentacion\u00bb _builder_version=\u00bb4.16&#8243; locked=\u00bboff\u00bb collapsed=\u00bboff\u00bb global_colors_info=\u00bb{}\u00bb][et_pb_row _builder_version=\u00bb4.16&#8243; background_size=\u00bbinitial\u00bb background_position=\u00bbtop_left\u00bb background_repeat=\u00bbrepeat\u00bb custom_margin=\u00bb40px||||false|false\u00bb global_colors_info=\u00bb{}\u00bb][et_pb_column type=\u00bb4_4&#8243; _builder_version=\u00bb4.16&#8243; custom_padding=\u00bb|||\u00bb global_colors_info=\u00bb{}\u00bb custom_padding__hover=\u00bb|||\u00bb][et_pb_text admin_label=\u00bbAlimentaci\u00f3 saludable\u00bb module_id=\u00bbalimentacio\u00bb _builder_version=\u00bb4.22.2&#8243; global_colors_info=\u00bb{}\u00bb]<\/p>\n<h2>Alimentaci\u00f3n saludable y sostenible<\/h2>\n<p>[\/et_pb_text][et_pb_text disabled_on=\u00bbon|off|off\u00bb _builder_version=\u00bb4.22.2&#8243; _module_preset=\u00bbdefault\u00bb custom_margin=\u00bb50px||||false|false\u00bb global_colors_info=\u00bb{}\u00bb]<\/p>\n<p style=\"text-align: center;\">Apostamos por una <strong>alimentaci\u00f3n saludable<\/strong> y de calidad basada en la <strong>dieta mediterr\u00e1nea<\/strong> , garantizando en todo momento la higiene, la seguridad alimentaria y el respeto por el entorno. Los alimentos se eligen seg\u00fan su <strong>calidad nutricional, la temporada, la proximidad y la sostenibilidad<\/strong> . Educamos por <strong>los h\u00e1bitos alimenticios saludables<\/strong> en el comedor escolar a trav\u00e9s del gusto y de nuestras recetas y men\u00fas. <a href=\"#equip\">Nuestros equipos de nutrici\u00f3n, compras y cocina<\/a> se coordinan y realizan formaci\u00f3n continua para conseguir estos objetivos.  <\/p>\n<p>[\/et_pb_text][et_pb_button button_url=\u00bbhttps:\/\/escoles.fundesplai.org\/serveis\/menjador-temps-educatiu-del-migdia\/receptes\/\u00bb button_text=\u00bb\u00a1Descubre las recetas de temporada!\u00bb button_alignment=\u00bbcenter\u00bb _builder_version=\u00bb4.16&#8243; _module_preset=\u00bbdefault\u00bb custom_margin=\u00bb40px||||false|false\u00bb global_colors_info=\u00bb{}\u00bb][\/et_pb_button][\/et_pb_column][\/et_pb_row][et_pb_row column_structure=\u00bb1_2,1_2&#8243; use_custom_gutter=\u00bbon\u00bb gutter_width=\u00bb4&#8243; module_class=\u00bbgraella-icona-circular-giratoria\u00bb _builder_version=\u00bb4.16&#8243; custom_margin=\u00bb50px||||false|false\u00bb global_colors_info=\u00bb{}\u00bb][et_pb_column type=\u00bb1_2&#8243; _builder_version=\u00bb4.16&#8243; custom_padding=\u00bb|||\u00bb global_colors_info=\u00bb{}\u00bb custom_padding__hover=\u00bb|||\u00bb][et_pb_blurb title=\u00bbDIETA MEDITERR\u00c1NEA\u00bb use_icon=\u00bbon\u00bb font_icon=\u00bb&#xf81e;||fa||900&#8243; icon_color=\u00bb#333333&#8243; icon_placement=\u00bbleft\u00bb admin_label=\u00bbDIETA MEDITERR\u00c0NIA\u00bb _builder_version=\u00bb4.22.2&#8243; custom_margin=\u00bb||0px|\u00bb z_index_tablet=\u00bb500&#8243; buscador_fontawesome=\u00bbsalad\u00bb global_colors_info=\u00bb{}\u00bb]<\/p>\n<p>Nuestros men\u00fas se basan en la dieta mediterr\u00e1nea, est\u00e1n elaborados y supervisados \u200b\u200bpor el equipo de nutrici\u00f3n y se han revisado en el programa <a href=\"http:\/\/salutpublica.gencat.cat\/ca\/ambits\/promocio_salut\/alimentacio_saludable\/PREME\/\" target=\"_blank\" rel=\"noopener noreferrer\">PREME<\/a> de la Generalitat. <a href=\"https:\/\/escoles.fundesplai.org\/es\/blog-es\/comedor-escolar\/la-alimentacion-saludable-en-el-comedor-escolar-10-principios-basicos\/\" target=\"_blank\" rel=\"noopener\">M\u00e1s informaci\u00f3n en este art\u00edculo.<\/a><\/p>\n<p>[\/et_pb_blurb][\/et_pb_column][et_pb_column type=\u00bb1_2&#8243; _builder_version=\u00bb4.16&#8243; custom_padding=\u00bb|||\u00bb global_colors_info=\u00bb{}\u00bb custom_padding__hover=\u00bb|||\u00bb][et_pb_blurb title=\u00bbPRODUCTOS DE PROXIMIDAD Y TEMPORADA\u00bb use_icon=\u00bbon\u00bb font_icon=\u00bb&#xf5d1;||fa||900&#8243; icon_color=\u00bb#333333&#8243; icon_placement=\u00bbleft\u00bb admin_label=\u00bbPRODUCTES DE PROXIMITAT I TEMPORADA\u00bb _builder_version=\u00bb4.22.2&#8243; custom_margin=\u00bb||0px|\u00bb animation=\u00bboff\u00bb z_index_tablet=\u00bb500&#8243; buscador_fontawesome=\u00bbapple\u00bb global_colors_info=\u00bb{}\u00bb]<\/p>\n<p>Favorecemos los productos frescos de proximidad o Km0 (40%), de temporada, ecol\u00f3gicos (30%) y con responsabilidad social. <a href=\"#proveidors\">Conoce a nuestros proveedores\/as<\/a> .<\/p>\n<p>[\/et_pb_blurb][\/et_pb_column][\/et_pb_row][et_pb_row column_structure=\u00bb1_2,1_2&#8243; use_custom_gutter=\u00bbon\u00bb gutter_width=\u00bb4&#8243; module_class=\u00bbgraella-icona-circular-giratoria\u00bb _builder_version=\u00bb4.16&#8243; global_colors_info=\u00bb{}\u00bb][et_pb_column type=\u00bb1_2&#8243; _builder_version=\u00bb4.16&#8243; custom_padding=\u00bb|||\u00bb global_colors_info=\u00bb{}\u00bb custom_padding__hover=\u00bb|||\u00bb][et_pb_blurb title=\u00bbDIETAS ESPECIALES\u00bb use_icon=\u00bbon\u00bb font_icon=\u00bb&#xf29a;||fa||900&#8243; icon_color=\u00bb#333333&#8243; icon_placement=\u00bbleft\u00bb admin_label=\u00bbDIETES ESPECIALS\u00bb _builder_version=\u00bb4.22.2&#8243; custom_margin=\u00bb||0px|\u00bb z_index_tablet=\u00bb500&#8243; buscador_fontawesome=\u00bbuniversal-access\u00bb global_colors_info=\u00bb{}\u00bb]<\/p>\n<p>Desde el equipo de nutrici\u00f3n preparamos dietas especiales para personas con alergias y\/o intolerancias alimentarias, vegetarianas, etc.<\/p>\n<p>[\/et_pb_blurb][\/et_pb_column][et_pb_column type=\u00bb1_2&#8243; _builder_version=\u00bb4.16&#8243; custom_padding=\u00bb|||\u00bb global_colors_info=\u00bb{}\u00bb custom_padding__hover=\u00bb|||\u00bb][et_pb_blurb title=\u00bbREDUCCI\u00d3N DE LA CARNE ROJA\u00bb use_icon=\u00bbon\u00bb font_icon=\u00bb&#xf824;||fa||900&#8243; icon_color=\u00bb#333333&#8243; icon_placement=\u00bbleft\u00bb admin_label=\u00bbREDUCCI\u00d3 DE LA CARN VERMELLA\u00bb _builder_version=\u00bb4.22.2&#8243; custom_margin=\u00bb||0px|\u00bb z_index_tablet=\u00bb500&#8243; buscador_fontawesome=\u00bbsteak\u00bb global_colors_info=\u00bb{}\u00bb]<\/p>\n<p>Hemos reducido la carne roja y procesada en los men\u00fas de todas las escuelas y favorecemos el consumo de legumbres y prote\u00edna vegetal, por salud y sostenibilidad. <a href=\"https:\/\/escoles.fundesplai.org\/es\/blog-es\/comedor-escolar\/menos-carne-roja-y-procesada-en-el-comedor-escolar\/\" target=\"_blank\" rel=\"noopener\">M\u00e1s informaci\u00f3n en este art\u00edculo<\/a> .<\/p>\n<p>[\/et_pb_blurb][\/et_pb_column][\/et_pb_row][et_pb_row column_structure=\u00bb1_2,1_2&#8243; use_custom_gutter=\u00bbon\u00bb gutter_width=\u00bb4&#8243; module_class=\u00bbgraella-icona-circular-giratoria\u00bb _builder_version=\u00bb4.16&#8243; global_colors_info=\u00bb{}\u00bb][et_pb_column type=\u00bb1_2&#8243; _builder_version=\u00bb4.16&#8243; custom_padding=\u00bb|||\u00bb global_colors_info=\u00bb{}\u00bb custom_padding__hover=\u00bb|||\u00bb][et_pb_blurb title=\u00bbVERDURA Y FRUTA DIARIAS\u00bb use_icon=\u00bbon\u00bb font_icon=\u00bb&#xf787;||fa||900&#8243; icon_color=\u00bb#333333&#8243; icon_placement=\u00bbleft\u00bb admin_label=\u00bbVERDURA I FRUITA\u00bb _builder_version=\u00bb4.22.2&#8243; custom_margin=\u00bb||0px|\u00bb z_index_tablet=\u00bb500&#8243; buscador_fontawesome=\u00bbcarro\u00bb global_colors_info=\u00bb{}\u00bb]<\/p>\n<p>Presencia diaria de hortalizas y frutas frescas, de temporada y proximidad, como base de una alimentaci\u00f3n saludable. 4 d\u00edas a la semana se da fruta de postre y 1 d\u00eda <a href=\"https:\/\/escoles.fundesplai.org\/es\/blog-es\/comedor-escolar\/yogur-ecologico-y-sin-azucar-en-el-comedor-escolar\/\">yogur ecol\u00f3gico de proximidad y sin az\u00facar<\/a> . <\/p>\n<p>[\/et_pb_blurb][\/et_pb_column][et_pb_column type=\u00bb1_2&#8243; _builder_version=\u00bb4.16&#8243; custom_padding=\u00bb|||\u00bb global_colors_info=\u00bb{}\u00bb custom_padding__hover=\u00bb|||\u00bb][et_pb_blurb title=\u00bbCEREALES INTEGRALES\u00bb use_icon=\u00bbon\u00bb font_icon=\u00bb&#xf72d;||fa||900&#8243; icon_color=\u00bb#333333&#8243; icon_placement=\u00bbleft\u00bb admin_label=\u00bbCEREALS INTEGRALS\u00bb _builder_version=\u00bb4.22.2&#8243; custom_margin=\u00bb||0px|\u00bb z_index_tablet=\u00bb500&#8243; buscador_fontawesome=\u00bbwhe\u00bb global_colors_info=\u00bb{}\u00bb]<\/p>\n<p>Fomentamos la introducci\u00f3n de cereales integrales como la pasta, el arroz y el pan, ya que conservan todas sus vitaminas, minerales y fibra.<\/p>\n<p>[\/et_pb_blurb][\/et_pb_column][\/et_pb_row][et_pb_row column_structure=\u00bb1_2,1_2&#8243; use_custom_gutter=\u00bbon\u00bb gutter_width=\u00bb4&#8243; module_class=\u00bbgraella-icona-circular-giratoria\u00bb _builder_version=\u00bb4.16&#8243; global_colors_info=\u00bb{}\u00bb][et_pb_column type=\u00bb1_2&#8243; _builder_version=\u00bb4.16&#8243; custom_padding=\u00bb|||\u00bb global_colors_info=\u00bb{}\u00bb custom_padding__hover=\u00bb|||\u00bb][et_pb_blurb title=\u00bbCOMPROMISO CON LA SOSTENIBILIDAD\u00bb use_icon=\u00bbon\u00bb font_icon=\u00bb&#xf4bf;||fa||900&#8243; icon_color=\u00bb#333333&#8243; icon_placement=\u00bbleft\u00bb admin_label=\u00bbCOMPROM\u00cdS AMB LA SOSTENIBILITAT\u00bb _builder_version=\u00bb4.22.2&#8243; custom_margin=\u00bb||0px|\u00bb z_index_tablet=\u00bb500&#8243; buscador_fontawesome=\u00bbHAND-HOLDING-SE\u00bb global_colors_info=\u00bb{}\u00bb]<\/p>\n<p>T\u00e9cnicas de cocina comprometidas con la sostenibilidad, somos estrictos con el tratamiento de residuos, reducimos el desperdicio y controlamos los consumos energ\u00e9ticos.<\/p>\n<p>[\/et_pb_blurb][\/et_pb_column][et_pb_column type=\u00bb1_2&#8243; _builder_version=\u00bb4.16&#8243; custom_padding=\u00bb|||\u00bb global_colors_info=\u00bb{}\u00bb custom_padding__hover=\u00bb|||\u00bb][et_pb_blurb title=\u00bbCOCINA SEGURA Y CASERA\u00bb use_icon=\u00bbon\u00bb font_icon=\u00bb&#xf2f7;||fa||900&#8243; icon_color=\u00bb#333333&#8243; icon_placement=\u00bbleft\u00bb admin_label=\u00bbCUINA SEGURA I CASOLANA\u00bb _builder_version=\u00bb4.22.2&#8243; custom_margin=\u00bb||0px|\u00bb z_index_tablet=\u00bb500&#8243; buscador_fontawesome=\u00bbshield-check\u00bb global_colors_info=\u00bb{}\u00bb]<\/p>\n<p>Ofrecemos una cocina segura gracias a la tecnolog\u00eda m\u00e1s innovadora, con todas las garant\u00edas sanitarias y propiedades gustativas y nutricionales de la cocina casera. Aplicamos el <abbr title=\"An\u00e1lisis de Peligros y Puntos de Control Cr\u00edticos\"><a href=\"http:\/\/acsa.gencat.cat\/ca\/seguretat_alimentaria\/cadena_alimentaria\/autocontrol\/appcc-prerequisits-i-flexibilitzacio\/\" target=\"_blank\" rel=\"noopener\">APPCC<\/a> .<\/abbr> <\/p>\n<p>[\/et_pb_blurb][\/et_pb_column][\/et_pb_row][et_pb_row column_structure=\u00bb1_2,1_2&#8243; use_custom_gutter=\u00bbon\u00bb gutter_width=\u00bb4&#8243; module_class=\u00bbgraella-icona-circular-giratoria\u00bb _builder_version=\u00bb4.16&#8243; global_colors_info=\u00bb{}\u00bb][et_pb_column type=\u00bb1_2&#8243; _builder_version=\u00bb4.16&#8243; custom_padding=\u00bb|||\u00bb global_colors_info=\u00bb{}\u00bb custom_padding__hover=\u00bb|||\u00bb][et_pb_blurb title=\u00bbCOCINA IN-SITU\u00bb use_icon=\u00bbon\u00bb font_icon=\u00bb&#xf86b;||fa||900&#8243; icon_color=\u00bb#333333&#8243; icon_placement=\u00bbleft\u00bb admin_label=\u00bbCUINA IN-SITU\u00bb _builder_version=\u00bb4.22.2&#8243; custom_margin=\u00bb||0px|\u00bb z_index_tablet=\u00bb500&#8243; buscador_fontawesome=\u00bbhat-chef\u00bb global_colors_info=\u00bb{}\u00bb]<\/p>\n<p>Supervisamos y formamos los equipos de cocina de la propia escuela y gestionamos la cocina de forma global con todas las garant\u00edas sanitarias.<\/p>\n<p>[\/et_pb_blurb][\/et_pb_column][et_pb_column type=\u00bb1_2&#8243; _builder_version=\u00bb4.16&#8243; custom_padding=\u00bb|||\u00bb global_colors_info=\u00bb{}\u00bb custom_padding__hover=\u00bb|||\u00bb][et_pb_blurb title=\u00bbCATERING\u00bb use_icon=\u00bbon\u00bb font_icon=\u00bb&#xf48b;||fa||900&#8243; icon_color=\u00bb#333333&#8243; icon_placement=\u00bbleft\u00bb admin_label=\u00bbC\u00c0TERING\u00bb _builder_version=\u00bb4.22.2&#8243; custom_margin=\u00bb||0px|\u00bb z_index_tablet=\u00bb500&#8243; buscador_fontawesome=\u00bbshipping-fast\u00bb global_colors_info=\u00bb{}\u00bb]<\/p>\n<p>Para escuelas sin cocina propia, gestionamos el servicio de catering con l\u00ednea caliente y fr\u00eda, con men\u00fas elaborados en la cocina central de <a href=\"https:\/\/albergueesplaibarcelona.com\/ca\/\" target=\"_blank\" rel=\"noopener\">Centre Esplai<\/a> .<\/p>\n<p>[\/et_pb_blurb][\/et_pb_column][\/et_pb_row][\/et_pb_section][et_pb_section fb_built=\u00bb1&#8243; admin_label=\u00bbImatges\u00bb _builder_version=\u00bb4.16&#8243; collapsed=\u00bboff\u00bb global_colors_info=\u00bb{}\u00bb][et_pb_row column_structure=\u00bb1_3,1_3,1_3&#8243; module_class=\u00bb et_pb_row_fullwidth\u00bb _builder_version=\u00bb4.16&#8243; width=\u00bb100%\u00bb width_tablet=\u00bb100%\u00bb width_phone=\u00bb\u00bb width_last_edited=\u00bbon|desktop\u00bb max_width=\u00bb100%\u00bb max_width_tablet=\u00bb100%\u00bb max_width_phone=\u00bb\u00bb max_width_last_edited=\u00bbon|desktop\u00bb make_fullwidth=\u00bbon\u00bb global_colors_info=\u00bb{}\u00bb][et_pb_column type=\u00bb1_3&#8243; _builder_version=\u00bb4.16&#8243; custom_padding=\u00bb|||\u00bb global_colors_info=\u00bb{}\u00bb custom_padding__hover=\u00bb|||\u00bb][et_pb_image src=\u00bbhttps:\/\/escoles.fundesplai.org\/wp-content\/uploads\/2020\/02\/menjadors_foto.jpg\u00bb align_tablet=\u00bbcenter\u00bb align_phone=\u00bb\u00bb align_last_edited=\u00bbon|desktop\u00bb disabled_on=\u00bbon|off|off\u00bb _builder_version=\u00bb4.16&#8243; always_center_on_mobile=\u00bbon\u00bb global_colors_info=\u00bb{}\u00bb][\/et_pb_image][\/et_pb_column][et_pb_column type=\u00bb1_3&#8243; _builder_version=\u00bb4.16&#8243; custom_padding=\u00bb|||\u00bb global_colors_info=\u00bb{}\u00bb custom_padding__hover=\u00bb|||\u00bb][et_pb_image src=\u00bbhttps:\/\/escoles.fundesplai.org\/wp-content\/uploads\/2020\/01\/menjadors2.jpg\u00bb align_tablet=\u00bbcenter\u00bb align_phone=\u00bb\u00bb align_last_edited=\u00bbon|desktop\u00bb disabled_on=\u00bbon|off|off\u00bb _builder_version=\u00bb4.16&#8243; always_center_on_mobile=\u00bbon\u00bb global_colors_info=\u00bb{}\u00bb][\/et_pb_image][\/et_pb_column][et_pb_column type=\u00bb1_3&#8243; _builder_version=\u00bb4.16&#8243; custom_padding=\u00bb|||\u00bb global_colors_info=\u00bb{}\u00bb custom_padding__hover=\u00bb|||\u00bb][et_pb_image src=\u00bbhttps:\/\/escoles.fundesplai.org\/wp-content\/uploads\/2021\/03\/Temps-migdia-Fundesplai_menjador_salut.jpg\u00bb alt=\u00bbAlimentaci\u00f3n saludable comedor escolar\u00bb title_text=\u00bbTiempo mediod\u00eda Fundesplai_comedor_salud\u00bb align_tablet=\u00bbcenter\u00bb align_phone=\u00bb\u00bb align_last_edited=\u00bbon|desktop\u00bb _builder_version=\u00bb4.16&#8243; always_center_on_mobile=\u00bbon\u00bb global_colors_info=\u00bb{}\u00bb][\/et_pb_image][\/et_pb_column][\/et_pb_row][\/et_pb_section][et_pb_section fb_built=\u00bb1&#8243; admin_label=\u00bbPROVE\u00cfDORS Km0&#8243; module_id=\u00bbproveedores\u00bb _builder_version=\u00bb4.16&#8243; locked=\u00bboff\u00bb collapsed=\u00bboff\u00bb global_colors_info=\u00bb{}\u00bb][et_pb_row _builder_version=\u00bb4.16&#8243; background_size=\u00bbinitial\u00bb background_position=\u00bbtop_left\u00bb background_repeat=\u00bbrepeat\u00bb custom_margin=\u00bb40px||||false|false\u00bb collapsed=\u00bboff\u00bb global_colors_info=\u00bb{}\u00bb][et_pb_column type=\u00bb4_4&#8243; _builder_version=\u00bb4.16&#8243; custom_padding=\u00bb|||\u00bb global_colors_info=\u00bb{}\u00bb custom_padding__hover=\u00bb|||\u00bb][et_pb_text admin_label=\u00bbProve\u00efdors\u00bb _builder_version=\u00bb4.22.2&#8243; global_colors_info=\u00bb{}\u00bb]<\/p>\n<h2>Proveedores Km0<\/h2>\n<p>[\/et_pb_text][et_pb_text disabled_on=\u00bbon|off|off\u00bb _builder_version=\u00bb4.22.2&#8243; _module_preset=\u00bbdefault\u00bb custom_margin=\u00bb50px||||false|false\u00bb global_colors_info=\u00bb{}\u00bb]<\/p>\n<p style=\"text-align: center;\"><strong>Priorizamos a los proveedores de proximidad y Km0<\/strong> para nuestro servicio de comedor escolar y para todas nuestras actividades y proyectos. Seleccionamos <strong>productos frescos de proximidad y temporada<\/strong> y 100% libres de organismos modificados gen\u00e9ticamente y priorizamos que sean <strong>ecol\u00f3gicos<\/strong> . Con los <strong>proveedores Km0:<\/strong> acortamos la cadena alimentaria, reducimos los intermediarios, reactivamos la actividad de los <strong>parques agrarios de proximidad<\/strong> , reducimos las emisiones de gases de efecto invernadero, disminuimos los riesgos sanitarios y contribuimos al desarrollo del territorio. <strong>Por la salud de los ni\u00f1os y la del planeta<\/strong> .  <\/p>\n<p>[\/et_pb_text][\/et_pb_column][\/et_pb_row][\/et_pb_section][et_pb_section fb_built=\u00bb1&#8243; disabled_on=\u00bboff|off|off\u00bb admin_label=\u00bbv\u00eddeos prove\u00efdors\u00bb _builder_version=\u00bb4.16&#8243; _module_preset=\u00bbdefault\u00bb custom_margin=\u00bb30px||||false|false\u00bb collapsed=\u00bbon\u00bb global_colors_info=\u00bb{}\u00bb][et_pb_row column_structure=\u00bb1_2,1_2&#8243; disabled_on=\u00bbon|off|off\u00bb admin_label=\u00bbV\u00eddeos PC\u00bb _builder_version=\u00bb4.16&#8243; _module_preset=\u00bbdefault\u00bb global_colors_info=\u00bb{}\u00bb][et_pb_column type=\u00bb1_2&#8243; _builder_version=\u00bb4.16&#8243; _module_preset=\u00bbdefault\u00bb global_colors_info=\u00bb{}\u00bb][et_pb_video src=\u00bbhttps:\/\/www.youtube.com\/watch?v=4whLgaD0BGQ\u00bb admin_label=\u00bbVideo SOULBLIM\u00bb _builder_version=\u00bb4.16&#8243; _module_preset=\u00bbdefault\u00bb custom_padding=\u00bb|10px||10px|false|false\u00bb global_colors_info=\u00bb{}\u00bb][\/et_pb_video][\/et_pb_column][et_pb_column type=\u00bb1_2&#8243; _builder_version=\u00bb4.16&#8243; _module_preset=\u00bbdefault\u00bb global_colors_info=\u00bb{}\u00bb][et_pb_video src=\u00bbhttps:\/\/www.youtube.com\/watch?v=uKGTIPsOJaQ\u00bb admin_label=\u00bbVideo NATURLAN\u00bb _builder_version=\u00bb4.16&#8243; _module_preset=\u00bbdefault\u00bb custom_padding=\u00bb|10px||10px|false|false\u00bb global_colors_info=\u00bb{}\u00bb][\/et_pb_video][\/et_pb_column][\/et_pb_row][et_pb_row disabled_on=\u00bboff|on|on\u00bb admin_label=\u00bbV\u00eddeos M\u00d2BIL\u00bb _builder_version=\u00bb4.16&#8243; _module_preset=\u00bbdefault\u00bb global_colors_info=\u00bb{}\u00bb][et_pb_column type=\u00bb4_4&#8243; _builder_version=\u00bb4.16&#8243; _module_preset=\u00bbdefault\u00bb global_colors_info=\u00bb{}\u00bb][et_pb_video src=\u00bbhttps:\/\/www.youtube.com\/watch?v=4whLgaD0BGQ\u00bb admin_label=\u00bbVideo SOULBLIM\u00bb _builder_version=\u00bb4.16&#8243; _module_preset=\u00bbdefault\u00bb custom_padding=\u00bb|10px|10px|10px|false|false\u00bb global_colors_info=\u00bb{}\u00bb][\/et_pb_video][et_pb_video src=\u00bbhttps:\/\/www.youtube.com\/watch?v=uKGTIPsOJaQ\u00bb admin_label=\u00bbVideo NATURLAN\u00bb _builder_version=\u00bb4.16&#8243; _module_preset=\u00bbdefault\u00bb custom_padding=\u00bb10px|10px||10px|false|false\u00bb global_colors_info=\u00bb{}\u00bb][\/et_pb_video][\/et_pb_column][\/et_pb_row][et_pb_row disabled_on=\u00bbon|on|on\u00bb _builder_version=\u00bb4.16&#8243; _module_preset=\u00bbdefault\u00bb disabled=\u00bbon\u00bb global_colors_info=\u00bb{}\u00bb][et_pb_column type=\u00bb4_4&#8243; _builder_version=\u00bb4.16&#8243; _module_preset=\u00bbdefault\u00bb global_colors_info=\u00bb{}\u00bb][et_pb_text admin_label=\u00bbM\u00e9s info i enlla\u00e7 amb article prove\u00efdors\u00bb _builder_version=\u00bb4.16&#8243; _module_preset=\u00bbdefault\u00bb global_colors_info=\u00bb{}\u00bb]<\/p>\n<p style=\"text-align: center;\"><strong>+ M\u00e1s informaci\u00f3n sobre nuestros proveedores<\/strong><\/p>\n<p>[\/et_pb_text][\/et_pb_column][\/et_pb_row][\/et_pb_section][et_pb_section fb_built=\u00bb1&#8243; disabled_on=\u00bboff|off|off\u00bb admin_label=\u00bbCARROUSEL PROVE\u00cfDORS\u00bb module_id=\u00bbseccio-logos-proveidors\u00bb _builder_version=\u00bb4.16&#8243; custom_margin=\u00bb50px||||false|false\u00bb locked=\u00bboff\u00bb collapsed=\u00bboff\u00bb global_colors_info=\u00bb{}\u00bb][et_pb_row admin_label=\u00bbRow\u00bb module_id=\u00bbrow-logos-proveidors\u00bb _builder_version=\u00bb4.16&#8243; _module_preset=\u00bbdefault\u00bb global_colors_info=\u00bb{}\u00bb][et_pb_column type=\u00bb4_4&#8243; _builder_version=\u00bb4.16&#8243; _module_preset=\u00bbdefault\u00bb global_colors_info=\u00bb{}\u00bb][et_pb_blurb image=\u00bbhttps:\/\/escoles.fundesplai.org\/wp-content\/uploads\/2021\/03\/soulblim-1.jpg\u00bb alt=\u00bblogo soulblim\u00bb admin_label=\u00bbSoulblim\u00bb _builder_version=\u00bb4.16&#8243; _module_preset=\u00bbdefault\u00bb global_colors_info=\u00bb{}\u00bb]<\/p>\n<p style=\"text-align: center;\">Fruta y hortalizas ECO<br \/>Parque agrario Baix Llobregat<\/p>\n<p>[\/et_pb_blurb][et_pb_blurb image=\u00bbhttps:\/\/escoles.fundesplai.org\/wp-content\/uploads\/2021\/03\/LOrtiga-Logo.png\u00bb alt=\u00bblogo soulblim\u00bb admin_label=\u00bbL&#8217;ortiga\u00bb _builder_version=\u00bb4.16&#8243; _module_preset=\u00bbdefault\u00bb global_colors_info=\u00bb{}\u00bb]<\/p>\n<p style=\"text-align: center;\">Fruta y hortalizas ECO<br \/>Collserola<\/p>\n<p>[\/et_pb_blurb][et_pb_blurb image=\u00bbhttps:\/\/escoles.fundesplai.org\/wp-content\/uploads\/2021\/03\/eco-artisans.png\u00bb alt=\u00bblogo soulblim\u00bb admin_label=\u00bbEco Artesans\u00bb _builder_version=\u00bb4.16&#8243; _module_preset=\u00bbdefault\u00bb global_colors_info=\u00bb{}\u00bb]<\/p>\n<p style=\"text-align: center;\">Prote\u00edna vegetal ECO<br \/>Matar\u00f3<\/p>\n<p>[\/et_pb_blurb][et_pb_blurb image=\u00bbhttps:\/\/escoles.fundesplai.org\/wp-content\/uploads\/2021\/03\/rietvell-logo.jpg\u00bb alt=\u00bblogo soulblim\u00bb admin_label=\u00bbRiet Vell\u00bb _builder_version=\u00bb4.16&#8243; _module_preset=\u00bbdefault\u00bb global_colors_info=\u00bb{}\u00bb]<\/p>\n<p style=\"text-align: center;\">Arroz ECO<br \/>Delta del Ebro<\/p>\n<p>[\/et_pb_blurb][et_pb_blurb image=\u00bbhttps:\/\/escoles.fundesplai.org\/wp-content\/uploads\/2021\/03\/naturlan-logo.png\u00bb alt=\u00bblogo soulblim\u00bb admin_label=\u00bbNaturlan\u00bb _builder_version=\u00bb4.16&#8243; _module_preset=\u00bbdefault\u00bb global_colors_info=\u00bb{}\u00bb]<\/p>\n<p style=\"text-align: center;\">Yogur natural ECO<br \/>Granollers<\/p>\n<p>[\/et_pb_blurb][et_pb_blurb image=\u00bbhttps:\/\/escoles.fundesplai.org\/wp-content\/uploads\/2021\/03\/Parc-agrari-Baix-Llobregat.jpg\u00bb alt=\u00bblogo soulblim\u00bb admin_label=\u00bbParc Agrari Baix Llobregat\u00bb _builder_version=\u00bb4.16&#8243; _module_preset=\u00bbdefault\u00bb global_colors_info=\u00bb{}\u00bb]<\/p>\n<p style=\"text-align: center;\">Fruta y hortalizas conversi\u00f3n<br \/>Parque agrario Baix Llobregat<\/p>\n<p>[\/et_pb_blurb][et_pb_blurb image=\u00bbhttps:\/\/escoles.fundesplai.org\/wp-content\/uploads\/2021\/03\/La-Rufa-Horta-ecologica-1.jpg\u00bb alt=\u00bblogo soulblim\u00bb admin_label=\u00bbLa Rufa\u00bb _builder_version=\u00bb4.16&#8243; _module_preset=\u00bbdefault\u00bb global_colors_info=\u00bb{}\u00bb]<\/p>\n<p style=\"text-align: center;\">Fruta y hortalizas ECO<br \/>Alt Empord\u00e0<\/p>\n<p>[\/et_pb_blurb][et_pb_blurb image=\u00bbhttps:\/\/escoles.fundesplai.org\/wp-content\/uploads\/2021\/03\/pedial-logo.jpg\u00bb alt=\u00bblogo soulblim\u00bb disabled_on=\u00bbon|on|on\u00bb admin_label=\u00bbPedial\u00bb _builder_version=\u00bb4.16&#8243; _module_preset=\u00bbdefault\u00bb disabled=\u00bbon\u00bb global_colors_info=\u00bb{}\u00bb]<\/p>\n<p style=\"text-align: center;\">Producto seco y legumbres ECO<br \/>Tarragona<\/p>\n<p>[\/et_pb_blurb][et_pb_blurb image=\u00bbhttps:\/\/escoles.fundesplai.org\/wp-content\/uploads\/2021\/03\/ferrer-logo.jpg\u00bb alt=\u00bblogo soulblim\u00bb disabled_on=\u00bbon|on|on\u00bb admin_label=\u00bbFerrer\u00bb _builder_version=\u00bb4.16&#8243; _module_preset=\u00bbdefault\u00bb disabled=\u00bbon\u00bb global_colors_info=\u00bb{}\u00bb]<\/p>\n<p style=\"text-align: center;\">Congelados y pescado fresco<br \/>Barcelona<\/p>\n<p>[\/et_pb_blurb][et_pb_blurb image=\u00bbhttps:\/\/escoles.fundesplai.org\/wp-content\/uploads\/2021\/03\/enric-roca-logo.jpg\u00bb alt=\u00bblogo soulblim\u00bb admin_label=\u00bbEnric Roca\u00bb _builder_version=\u00bb4.16&#8243; _module_preset=\u00bbdefault\u00bb global_colors_info=\u00bb{}\u00bb]<\/p>\n<p style=\"text-align: center;\">Carnes blancas catalanas<br \/>S\u00faria<\/p>\n<p>[\/et_pb_blurb][et_pb_blurb image=\u00bbhttps:\/\/escoles.fundesplai.org\/wp-content\/uploads\/2021\/03\/carnsromeu.png\u00bb alt=\u00bblogo soulblim\u00bb disabled_on=\u00bbon|on|on\u00bb admin_label=\u00bbRomeu\u00bb _builder_version=\u00bb4.16&#8243; _module_preset=\u00bbdefault\u00bb disabled=\u00bbon\u00bb global_colors_info=\u00bb{}\u00bb]<\/p>\n<p style=\"text-align: center;\">Carne roja gerundense<br \/>Helida<\/p>\n<p>[\/et_pb_blurb][\/et_pb_column][\/et_pb_row][et_pb_row _builder_version=\u00bb4.16&#8243; _module_preset=\u00bbdefault\u00bb global_colors_info=\u00bb{}\u00bb][et_pb_column type=\u00bb4_4&#8243; _builder_version=\u00bb4.16&#8243; _module_preset=\u00bbdefault\u00bb global_colors_info=\u00bb{}\u00bb][et_pb_code _builder_version=\u00bb4.22.2&#8243; _module_preset=\u00bbdefault\u00bb global_colors_info=\u00bb{}\u00bb]<script type=\"text\/javascript\"><!-- [et_pb_line_break_holder] -->jQuery(function($) {<!-- [et_pb_line_break_holder] -->  var eltSeccio = $('#seccio-logos-proveidors');<!-- [et_pb_line_break_holder] -->  <!-- [et_pb_line_break_holder] -->  var paused = false;<!-- [et_pb_line_break_holder] -->  <!-- [et_pb_line_break_holder] -->  setInterval(function() {<!-- [et_pb_line_break_holder] -->    if (paused) {<!-- [et_pb_line_break_holder] -->      return;<!-- [et_pb_line_break_holder] -->    }<!-- [et_pb_line_break_holder] -->  \tvar eltBlurb = eltSeccio.find('.et_pb_blurb:eq(0)');<!-- [et_pb_line_break_holder] -->    <!-- [et_pb_line_break_holder] -->    var w = eltBlurb.outerWidth();<!-- [et_pb_line_break_holder] -->    <!-- [et_pb_line_break_holder] -->    eltBlurb.animate({ marginLeft : (-1 * w) + 'px' }, function() {<!-- [et_pb_line_break_holder] -->      var eltParent = eltBlurb.parent();<!-- [et_pb_line_break_holder] -->      eltParent.append(eltBlurb);<!-- [et_pb_line_break_holder] -->      eltBlurb.css({ marginLeft : 0 });<!-- [et_pb_line_break_holder] -->    })<!-- [et_pb_line_break_holder] -->  }, 3000);<!-- [et_pb_line_break_holder] -->  <!-- [et_pb_line_break_holder] -->  eltSeccio<!-- [et_pb_line_break_holder] -->  \t.on('mouseover', function() {<!-- [et_pb_line_break_holder] -->    \tpaused = true;<!-- [et_pb_line_break_holder] -->  \t})<!-- [et_pb_line_break_holder] -->  \t.on('mouseout', function() {<!-- [et_pb_line_break_holder] -->    \tpaused = false;<!-- [et_pb_line_break_holder] -->  \t})<!-- [et_pb_line_break_holder] -->})<!-- [et_pb_line_break_holder] --><\/script><!-- [et_pb_line_break_holder] --><\/p>\n<style type=\"text\/css\"><!-- [et_pb_line_break_holder] -->\t#row-logos-proveidors &gt; .et_pb_column {<!-- [et_pb_line_break_holder] -->    overflow\t: hidden;<!-- [et_pb_line_break_holder] -->    white-space\t: nowrap;<!-- [et_pb_line_break_holder] -->  }<!-- [et_pb_line_break_holder] -->  <!-- [et_pb_line_break_holder] -->  #row-logos-proveidors .et_pb_blurb {<!-- [et_pb_line_break_holder] -->    display\t: inline-block;<!-- [et_pb_line_break_holder] -->    min-width: 200px;<!-- [et_pb_line_break_holder] -->    padding\t: 20px;<!-- [et_pb_line_break_holder] -->    width: 25%;<!-- [et_pb_line_break_holder] -->  }<!-- [et_pb_line_break_holder] -->  <!-- [et_pb_line_break_holder] -->  #row-logos-proveidors .et_pb_blurb .et_pb_image_wrap {<!-- [et_pb_line_break_holder] --> \t\tmax-width: 180px;<!-- [et_pb_line_break_holder] -->  }<!-- [et_pb_line_break_holder] -->  <!-- [et_pb_line_break_holder] -->  #row-logos-proveidors .et_pb_blurb_description {<!-- [et_pb_line_break_holder] -->    font-size: 14px;<!-- [et_pb_line_break_holder] -->    line-height: 1.8;<!-- [et_pb_line_break_holder] -->  }<!-- [et_pb_line_break_holder] --><\/style>\n<p>[\/et_pb_code][\/et_pb_column][\/et_pb_row][\/et_pb_section][et_pb_section fb_built=\u00bb1&#8243; disabled_on=\u00bbon|off|off\u00bb admin_label=\u00bbAltres distribu\u00efdors\u00bb _builder_version=\u00bb4.16&#8243; _module_preset=\u00bbdefault\u00bb collapsed=\u00bboff\u00bb global_colors_info=\u00bb{}\u00bb][et_pb_row _builder_version=\u00bb4.16&#8243; _module_preset=\u00bbdefault\u00bb global_colors_info=\u00bb{}\u00bb][et_pb_column type=\u00bb4_4&#8243; _builder_version=\u00bb4.16&#8243; _module_preset=\u00bbdefault\u00bb global_colors_info=\u00bb{}\u00bb][et_pb_text _builder_version=\u00bb4.22.2&#8243; _module_preset=\u00bbdefault\u00bb global_colors_info=\u00bb{}\u00bb]<\/p>\n<p style=\"text-align: center;\">Otros distribuidores<\/p>\n<p>[\/et_pb_text][\/et_pb_column][\/et_pb_row][et_pb_row column_structure=\u00bb1_6,1_6,1_6,1_6,1_6,1_6&#8243; _builder_version=\u00bb4.16&#8243; _module_preset=\u00bbdefault\u00bb custom_margin=\u00bb20px||||false|false\u00bb global_colors_info=\u00bb{}\u00bb][et_pb_column type=\u00bb1_6&#8243; _builder_version=\u00bb4.16&#8243; _module_preset=\u00bbdefault\u00bb global_colors_info=\u00bb{}\u00bb][\/et_pb_column][et_pb_column type=\u00bb1_6&#8243; _builder_version=\u00bb4.16&#8243; _module_preset=\u00bbdefault\u00bb global_colors_info=\u00bb{}\u00bb][et_pb_image src=\u00bbhttps:\/\/escoles.fundesplai.org\/wp-content\/uploads\/2021\/03\/pedial-logo_BN_p.jpg\u00bb title_text=\u00bbpedial logo_BN_p\u00bb align=\u00bbcenter\u00bb _builder_version=\u00bb4.22.2&#8243; _module_preset=\u00bbdefault\u00bb global_colors_info=\u00bb{}\u00bb][\/et_pb_image][\/et_pb_column][et_pb_column type=\u00bb1_6&#8243; _builder_version=\u00bb4.16&#8243; _module_preset=\u00bbdefault\u00bb global_colors_info=\u00bb{}\u00bb][et_pb_image src=\u00bbhttps:\/\/escoles.fundesplai.org\/wp-content\/uploads\/2021\/03\/ferrer-logo_BN-1.jpg\u00bb title_text=\u00bbferrer-logo_BN\u00bb align=\u00bbcenter\u00bb _builder_version=\u00bb4.16&#8243; _module_preset=\u00bbdefault\u00bb global_colors_info=\u00bb{}\u00bb][\/et_pb_image][\/et_pb_column][et_pb_column type=\u00bb1_6&#8243; _builder_version=\u00bb4.16&#8243; _module_preset=\u00bbdefault\u00bb global_colors_info=\u00bb{}\u00bb][et_pb_image src=\u00bbhttps:\/\/escoles.fundesplai.org\/wp-content\/uploads\/2021\/03\/logo-carnromeu_BN-1.png\u00bb title_text=\u00bblogo carnromeu_BN\u00bb align=\u00bbcenter\u00bb _builder_version=\u00bb4.16&#8243; _module_preset=\u00bbdefault\u00bb global_colors_info=\u00bb{}\u00bb][\/et_pb_image][\/et_pb_column][et_pb_column type=\u00bb1_6&#8243; _builder_version=\u00bb4.16&#8243; _module_preset=\u00bbdefault\u00bb global_colors_info=\u00bb{}\u00bb][et_pb_image src=\u00bbhttps:\/\/escoles.fundesplai.org\/wp-content\/uploads\/2021\/03\/logo-aropesca_BN-1.png\u00bb title_text=\u00bblogo aropesca_BN\u00bb align=\u00bbcenter\u00bb _builder_version=\u00bb4.16&#8243; _module_preset=\u00bbdefault\u00bb global_colors_info=\u00bb{}\u00bb][\/et_pb_image][\/et_pb_column][et_pb_column type=\u00bb1_6&#8243; _builder_version=\u00bb4.16&#8243; _module_preset=\u00bbdefault\u00bb global_colors_info=\u00bb{}\u00bb][\/et_pb_column][\/et_pb_row][\/et_pb_section][et_pb_section fb_built=\u00bb1&#8243; fullwidth=\u00bbon\u00bb _builder_version=\u00bb4.16&#8243; _module_preset=\u00bbdefault\u00bb custom_margin=\u00bb50px||||false|false\u00bb global_colors_info=\u00bb{}\u00bb][et_pb_fullwidth_image src=\u00bbhttps:\/\/escoles.fundesplai.org\/wp-content\/uploads\/2021\/03\/Menjadors-escolars_fundesplai_fruita.jpg\u00bb title_text=\u00bbchild picks apples en la garden en la garden. Selective foco. \u00bb _builder_version=\u00bb4.16&#8243; _module_preset=\u00bbdefault\u00bb global_colors_info=\u00bb{}\u00bb][\/et_pb_fullwidth_image][\/et_pb_section][et_pb_section fb_built=\u00bb1&#8243; disabled_on=\u00bboff|off|off\u00bb admin_label=\u00bbMODEL PEDAG\u00d2GIC\u00bb module_id=\u00bbpedagogia\u00bb _builder_version=\u00bb4.16&#8243; _module_preset=\u00bbdefault\u00bb custom_margin=\u00bb50px||||false|false\u00bb locked=\u00bboff\u00bb collapsed=\u00bboff\u00bb global_colors_info=\u00bb{}\u00bb][et_pb_row _builder_version=\u00bb4.16&#8243; locked=\u00bboff\u00bb global_colors_info=\u00bb{}\u00bb][et_pb_column type=\u00bb4_4&#8243; _builder_version=\u00bb4.16&#8243; custom_padding=\u00bb|||\u00bb global_colors_info=\u00bb{}\u00bb custom_padding__hover=\u00bb|||\u00bb][et_pb_text admin_label=\u00bbMODEL PEDAG\u00d2GIC\u00bb _builder_version=\u00bb4.16&#8243; custom_margin=\u00bb||50px||false|false\u00bb custom_margin_tablet=\u00bb\u00bb custom_margin_phone=\u00bb||||false|false\u00bb custom_margin_last_edited=\u00bbon|phone\u00bb global_colors_info=\u00bb{}\u00bb transform_styles__hover_enabled=\u00bbon|hover\u00bb transform_scale__hover_enabled=\u00bbon|desktop\u00bb transform_translate__hover_enabled=\u00bbon|desktop\u00bb transform_rotate__hover_enabled=\u00bbon|hover\u00bb transform_skew__hover_enabled=\u00bbon|desktop\u00bb transform_origin__hover_enabled=\u00bbon|desktop\u00bb]<\/p>\n<h2>Nuestro modelo pedag\u00f3gico<\/h2>\n<p>[\/et_pb_text][et_pb_text disabled_on=\u00bbon|off|off\u00bb _builder_version=\u00bb4.22.2&#8243; global_colors_info=\u00bb{}\u00bb]<\/p>\n<p style=\"text-align: center;\">Preferimos llamar el servicio de comedor escolar <strong>\u00abTiempo Educativo del Mediod\u00eda\u00bb<\/strong> ,&#8230; porque para nosotros no se trata de un simple comedor escolar, sino que es un tiempo educativo muy importante de la jornada escolar con 2 momentos diferenciados: el <a href=\"#alimentacio\"><strong>tiempo de comer<\/strong><\/a> y el <strong>tiempo libre<\/strong> . Desarrollamos un <strong>proyecto pedag\u00f3gico global<\/strong> y alineado con todos nuestros <a href=\"https:\/\/escoles.fundesplai.org\/es\/conoce\/como-trabajamos\/\" target=\"_blank\" rel=\"noopener\">valores vertebradores<\/a> que nos caracterizan desde hace m\u00e1s de 40 a\u00f1os. Los ni\u00f1os son el centro de la acci\u00f3n educativa y partimos de su <strong>participaci\u00f3n activa<\/strong> , el juego, la diversi\u00f3n y el desarrollo de las <strong>competencias para la vida<\/strong> . Nos adaptamos al Plan Educativo de Centro y trabajamos en <strong>estrecha colaboraci\u00f3n con la escuela y el AMPA o AFA<\/strong> , creando v\u00ednculos con la <strong>comunidad educativa<\/strong> .<\/p>\n<p>[\/et_pb_text][et_pb_image src=\u00bbhttps:\/\/escoles.fundesplai.org\/wp-content\/uploads\/2024\/02\/Flor-objectius-educatius_CAST.jpg\u00bb title_text=\u00bbObjetivos pedag\u00f3gicos Comedor Fundesplai\u00bb align=\u00bbcenter\u00bb admin_label=\u00bbGr\u00e0fic flor\u00bb _builder_version=\u00bb4.16&#8243; _module_preset=\u00bbdefault\u00bb custom_margin=\u00bb50px||||false|false\u00bb global_colors_info=\u00bb{}\u00bb][\/et_pb_image][et_pb_text disabled_on=\u00bbon|off|off\u00bb _builder_version=\u00bb4.22.2&#8243; custom_margin=\u00bb50px||||false|false\u00bb global_colors_info=\u00bb{}\u00bb]<\/p>\n<p style=\"text-align: center;\">Nuestros <strong>objetivos pedag\u00f3gicos<\/strong> son principalmente, <strong>acompa\u00f1ar a los ni\u00f1os y j\u00f3venes en el desarrollo<\/strong> de: la autonom\u00eda, la participaci\u00f3n activa, la responsabilidad, las habilidades para la vida, el autoconocimiento y desarrollo emocional, el esp\u00edritu cr\u00edtico, la capacidad de convivencia con los dem\u00e1s y el respeto, la creatividad, la inclusi\u00f3n, la igualdad de oportunidades y el v\u00ednculo con la naturaleza y el entorno, entre otros. <strong>Nuestros <a href=\"#equip\">equipos educativos<\/a><\/strong> : monitores\/as, coordinadores\/as y t\u00e9cnicos\/as est\u00e1n en formaci\u00f3n continua para poder llevar a cabo tanto el proyecto pedag\u00f3gico como alimentario.<\/p>\n<p>[\/et_pb_text][et_pb_text disabled_on=\u00bboff|on|on\u00bb admin_label=\u00bbText &#8211; M\u00f2bil\u00bb _builder_version=\u00bb4.22.2&#8243; custom_margin=\u00bb50px||||false|false\u00bb global_colors_info=\u00bb{}\u00bb]<\/p>\n<p style=\"text-align: center;\">Preferimos llamarlo <strong>Tiempo Educativo del Mediod\u00eda<\/strong>,&#8230; porque es un tiempo educativo muy importante de la jornada escolar con 2 momentos diferenciados: el <a href=\"#alimentacio\"><strong>tiempo para comer<\/strong><\/a> y el <strong>tiempo libre<\/strong>. Desarrollamos un <strong>proyecto pedag\u00f3gico global<\/strong> y alineado con todos nuestros <a href=\"https:\/\/escoles.fundesplai.org\/es\/conoce\/como-trabajamos\/\" target=\"_blank\" rel=\"noopener\">valores vertebradores<\/a> que nos caracterizan desde hace m\u00e1s de 40 a\u00f1os.<\/p>\n<p>[\/et_pb_text][\/et_pb_column][\/et_pb_row][\/et_pb_section][et_pb_section fb_built=\u00bb1&#8243; _builder_version=\u00bb4.16&#8243; _module_preset=\u00bbdefault\u00bb custom_margin=\u00bb40px||||false|false\u00bb global_colors_info=\u00bb{}\u00bb][et_pb_row column_structure=\u00bb1_3,1_3,1_3&#8243; use_custom_gutter=\u00bbon\u00bb gutter_width=\u00bb2&#8243; _builder_version=\u00bb4.16&#8243; _module_preset=\u00bbdefault\u00bb global_colors_info=\u00bb{}\u00bb][et_pb_column type=\u00bb1_3&#8243; _builder_version=\u00bb4.16&#8243; _module_preset=\u00bbdefault\u00bb global_colors_info=\u00bb{}\u00bb][et_pb_video src=\u00bbhttps:\/\/www.youtube.com\/watch?v=A2s77wANrJ0&#8243; admin_label=\u00bbVideo CONSELL INFANTS\u00bb _builder_version=\u00bb4.16&#8243; _module_preset=\u00bbdefault\u00bb global_colors_info=\u00bb{}\u00bb][\/et_pb_video][\/et_pb_column][et_pb_column type=\u00bb1_3&#8243; _builder_version=\u00bb4.16&#8243; _module_preset=\u00bbdefault\u00bb global_colors_info=\u00bb{}\u00bb][et_pb_video src=\u00bbhttps:\/\/www.youtube.com\/watch?v=HfH0k6c9QjQ\u00bb admin_label=\u00bbVideo VANESSA PAGESA\u00bb _builder_version=\u00bb4.16&#8243; _module_preset=\u00bbdefault\u00bb global_colors_info=\u00bb{}\u00bb][\/et_pb_video][\/et_pb_column][et_pb_column type=\u00bb1_3&#8243; _builder_version=\u00bb4.16&#8243; _module_preset=\u00bbdefault\u00bb global_colors_info=\u00bb{}\u00bb][et_pb_video src=\u00bbhttps:\/\/www.youtube.com\/watch?v=jBDFyd5uCr4&#8243; admin_label=\u00bbVideo General menjadors 2018&#8243; _builder_version=\u00bb4.16&#8243; _module_preset=\u00bbdefault\u00bb global_colors_info=\u00bb{}\u00bb][\/et_pb_video][\/et_pb_column][\/et_pb_row][\/et_pb_section][et_pb_section fb_built=\u00bb1&#8243; disabled_on=\u00bbon|off|off\u00bb admin_label=\u00bbExplicaci\u00f3 autonomia \/ participaci\u00f3 \/ conviv\u00e8ncia &#8211; PC\u00bb module_id=\u00bbapectes_tecnics\u00bb _builder_version=\u00bb4.16&#8243; _module_preset=\u00bbdefault\u00bb custom_margin=\u00bb50px||||false|false\u00bb locked=\u00bboff\u00bb collapsed=\u00bboff\u00bb global_colors_info=\u00bb{}\u00bb][et_pb_row column_structure=\u00bb1_2,1_2&#8243; make_equal=\u00bbon\u00bb disabled_on=\u00bboff|off|off\u00bb _builder_version=\u00bb4.22.2&#8243; _module_preset=\u00bbdefault\u00bb background_color=\u00bb#E9E9E9&#8243; width=\u00bb100%\u00bb max_width=\u00bb100%\u00bb custom_margin=\u00bb50px||||false|false\u00bb global_colors_info=\u00bb{}\u00bb][et_pb_column type=\u00bb1_2&#8243; _builder_version=\u00bb4.22.2&#8243; _module_preset=\u00bbdefault\u00bb background_color=\u00bb#E9E9E9&#8243; background_image=\u00bbhttps:\/\/escoles.fundesplai.org\/wp-content\/uploads\/2023\/10\/Auditories-malbaratament-alimentari-menjador-Fundesplai.jpg\u00bb global_colors_info=\u00bb{}\u00bb][\/et_pb_column][et_pb_column type=\u00bb1_2&#8243; _builder_version=\u00bb4.16&#8243; _module_preset=\u00bbdefault\u00bb global_colors_info=\u00bb{}\u00bb][et_pb_text admin_label=\u00bbMalbaratament\u00bb _builder_version=\u00bb4.22.2&#8243; _module_preset=\u00bbdefault\u00bb width=\u00bb80%\u00bb module_alignment=\u00bbcenter\u00bb custom_padding=\u00bb30px||30px||false|false\u00bb global_colors_info=\u00bb{}\u00bb]<\/p>\n<h4>Desperdicio<\/h4>\n<p>Educamos a los ni\u00f1os para que sean conscientes de la problem\u00e1tica del <strong>derroche alimentario<\/strong> . De forma activa y participativa separan, cuantifican y reflexionan sobre el desperdicio en el comedor escolar y hacen propuestas de mejora. De esta manera reducimos el derroche y educamos a los ni\u00f1os en h\u00e1bitos sostenibles. Puedes ver m\u00e1s recursos sobre desperdicio aqu\u00ed:   <\/p>\n<ul>\n<li><a href=\"https:\/\/escoles.fundesplai.org\/es\/blog-es\/comedor-escolar\/como-reducir-el-desperdicio-en-el-comedor-escolar\/\" target=\"_blank\" rel=\"noopener\">C\u00f3mo reducir el desperdicio en el comedor escolar<\/a><\/li>\n<li><a href=\"https:\/\/escoles.fundesplai.org\/es\/blog-es\/comedor-escolar\/5-actividades-sobre-el-desperdicio-alimentario\/\" target=\"_blank\" rel=\"noopener\">5 actividades sobre el desperdicio alimentario<\/a><\/li>\n<li><a href=\"https:\/\/escoles.fundesplai.org\/es\/blog-es\/comedor-escolar\/guia-de-uso-contra-el-desperdicio\/\">Gu\u00eda contra el derroche alimentario en el comedor escolar<\/a><\/li>\n<li><a href=\"https:\/\/escoles.fundesplai.org\/es\/blog-es\/comedor-escolar\/como-evaluar-la-calidad-del-servicio-del-tiempo-educativo-del-mediodia\/\">C\u00f3mo evaluar la calidad del Tiempo Educativo de Mediod\u00eda<\/a><\/li>\n<\/ul>\n<p>[\/et_pb_text][\/et_pb_column][\/et_pb_row][et_pb_row column_structure=\u00bb1_2,1_2&#8243; make_equal=\u00bbon\u00bb disabled_on=\u00bboff|off|off\u00bb admin_label=\u00bbRow\u00bb _builder_version=\u00bb4.22.2&#8243; _module_preset=\u00bbdefault\u00bb background_color=\u00bb#E9E9E9&#8243; width=\u00bb100%\u00bb max_width=\u00bb100%\u00bb custom_margin=\u00bb||||false|false\u00bb global_colors_info=\u00bb{}\u00bb][et_pb_column type=\u00bb1_2&#8243; _builder_version=\u00bb4.16&#8243; _module_preset=\u00bbdefault\u00bb global_colors_info=\u00bb{}\u00bb][et_pb_text admin_label=\u00bbAutonomia\u00bb _builder_version=\u00bb4.22.2&#8243; _module_preset=\u00bbdefault\u00bb width=\u00bb80%\u00bb module_alignment=\u00bbcenter\u00bb custom_padding=\u00bb30px||30px||false|false\u00bb global_colors_info=\u00bb{}\u00bb]<\/p>\n<h4>Autonom\u00eda &#8211; proyecto \u00absolos podemos\u00bb<\/h4>\n<p>En el Tiempo Educativo del Mediod\u00eda desarrollamos el proyecto de autonom\u00eda integral \u00bb <strong><em>S\u00f3lo podemos!<\/em><\/strong> \u00bb para acompa\u00f1ar a los ni\u00f1os en sus <strong>autoaprendizajes<\/strong> , bas\u00e1ndonos en la confianza en las aptitudes y capacidades de los ni\u00f1os para conseguir unos <strong>h\u00e1bitos alimentarios saludables<\/strong> . M\u00e1s informaci\u00f3n en los siguientes enlaces:<\/p>\n<ul>\n<li><a href=\"https:\/\/escoles.fundesplai.org\/es\/blog-es\/comedor-escolar\/como-fomentar-la-autonomia-en-el-comedor-escolar\/\" target=\"_blank\" rel=\"noopener\">C\u00f3mo fomentar la autonom\u00eda en el comedor escolar<\/a><\/li>\n<li><a href=\"https:\/\/escoles.fundesplai.org\/es\/blog-es\/comedor-escolar\/como-acompanar-las-comidas-de-los-ninos-y-ninas\/\" target=\"_blank\" rel=\"noopener\">C\u00f3mo acompa\u00f1ar las comidas de los ni\u00f1os y ni\u00f1as<\/a><\/li>\n<\/ul>\n<p>[\/et_pb_text][\/et_pb_column][et_pb_column type=\u00bb1_2&#8243; _builder_version=\u00bb4.16&#8243; _module_preset=\u00bbdefault\u00bb background_color=\u00bb#E9E9E9&#8243; background_image=\u00bbhttps:\/\/escoles.fundesplai.org\/wp-content\/uploads\/2021\/03\/Temps-migdia-Fundesplai_autonomia.jpg\u00bb global_colors_info=\u00bb{}\u00bb][\/et_pb_column][\/et_pb_row][et_pb_row column_structure=\u00bb1_2,1_2&#8243; make_equal=\u00bbon\u00bb disabled_on=\u00bboff|off|off\u00bb _builder_version=\u00bb4.22.2&#8243; _module_preset=\u00bbdefault\u00bb background_color=\u00bb#E9E9E9&#8243; width=\u00bb100%\u00bb max_width=\u00bb100%\u00bb global_colors_info=\u00bb{}\u00bb][et_pb_column type=\u00bb1_2&#8243; _builder_version=\u00bb4.16&#8243; _module_preset=\u00bbdefault\u00bb background_color=\u00bb#E9E9E9&#8243; background_image=\u00bbhttps:\/\/escoles.fundesplai.org\/wp-content\/uploads\/2021\/03\/Dret-al-lleure-2020_Fundesplai.jpg\u00bb global_colors_info=\u00bb{}\u00bb][\/et_pb_column][et_pb_column type=\u00bb1_2&#8243; _builder_version=\u00bb4.16&#8243; _module_preset=\u00bbdefault\u00bb global_colors_info=\u00bb{}\u00bb][et_pb_text admin_label=\u00bbParticipaci\u00f3\u00bb _builder_version=\u00bb4.16&#8243; _module_preset=\u00bbdefault\u00bb width=\u00bb80%\u00bb module_alignment=\u00bbcenter\u00bb custom_padding=\u00bb30px||30px||false|false\u00bb global_colors_info=\u00bb{}\u00bb]<\/p>\n<h4>Participaci\u00f3n<\/h4>\n<p><strong>Co-dise\u00f1amos los proyectos y actividades con los ni\u00f1os<\/strong> , favoreciendo as\u00ed que sean realmente protagonistas activos y disfruten de actividades motivadoras basadas en sus propios intereses. En cada escuela contamos con el <strong>Consejo de ni\u00f1os<\/strong> , que se re\u00fane peri\u00f3dicamente con la coordinaci\u00f3n del servicio para resolver dudas, recoger propuestas y pactar nuevas iniciativas. M\u00e1s informaci\u00f3n sobre la participaci\u00f3n infantil en el Tiempo Educativo del Mediod\u00eda:  <\/p>\n<ul>\n<li><a href=\"https:\/\/escoles.fundesplai.org\/es\/blog-es\/comedor-escolar\/las-claves-del-comedor-escolar-participativo\/\" target=\"_blank\" rel=\"noopener\">Las llaves del comedor escolar participativo<\/a><\/li>\n<li><a href=\"https:\/\/escoles.fundesplai.org\/es\/blog-es\/comedor-escolar\/la-participacion-de-los-ninos-y-ninas-en-el-comedor-escolar\/\" target=\"_blank\" rel=\"noopener\">La participaci\u00f3n de los ni\u00f1os y ni\u00f1as en el comedor escolar<\/a><\/li>\n<\/ul>\n<p>[\/et_pb_text][\/et_pb_column][\/et_pb_row][et_pb_row column_structure=\u00bb1_2,1_2&#8243; make_equal=\u00bbon\u00bb disabled_on=\u00bboff|off|off\u00bb _builder_version=\u00bb4.16&#8243; _module_preset=\u00bbdefault\u00bb background_color=\u00bb#E9E9E9&#8243; width=\u00bb100%\u00bb max_width=\u00bb100%\u00bb global_colors_info=\u00bb{}\u00bb][et_pb_column type=\u00bb1_2&#8243; _builder_version=\u00bb4.16&#8243; _module_preset=\u00bbdefault\u00bb background_enable_color=\u00bboff\u00bb background_enable_image=\u00bboff\u00bb global_colors_info=\u00bb{}\u00bb][et_pb_text admin_label=\u00bbConviv\u00e8ncia\u00bb _builder_version=\u00bb4.16&#8243; _module_preset=\u00bbdefault\u00bb width=\u00bb80%\u00bb module_alignment=\u00bbcenter\u00bb custom_padding=\u00bb30px||30px||false|false\u00bb global_colors_info=\u00bb{}\u00bb]<\/p>\n<h4>Convivencia<\/h4>\n<p><strong>La educaci\u00f3n para la convivencia, el respeto y el cuidado<\/strong> es uno de los ingredientes imprescindibles para un mundo mejor. Al mediod\u00eda favorecemos la <strong>mediaci\u00f3n de conflictos<\/strong> para aprender a resolverlos a trav\u00e9s del di\u00e1logo y la reflexi\u00f3n, favoreciendo los acuerdos. Usamos recursos de <strong>educaci\u00f3n emocional<\/strong> , coeducaci\u00f3n, educaci\u00f3n para la cultura de Paz, los valores del cuidado, cohesi\u00f3n de grupo, t\u00e9cnicas de prevenci\u00f3n del bullying, los abusos, etc. M\u00e1s informaci\u00f3n al respecto:   <\/p>\n<ul>\n<li><a href=\"https:\/\/escoles.fundesplai.org\/es\/blog-es\/promocion-de-la-salud\/7-actividades-y-un-colla-encoratjada-para-prevenir-el-bullying-en-la-escuela-y-en-el-esplai\/\" target=\"_blank\" rel=\"noopener\">7 actividades de prevenci\u00f3n del bullying<\/a><\/li>\n<li><a href=\"https:\/\/escoles.fundesplai.org\/es\/blog-es\/comedor-escolar\/bailamos-para-el-dia-internacional-contra-el-bullying\/\" target=\"_blank\" rel=\"noopener\">Bailamos por el d\u00eda internacional contra el bullying<\/a><\/li>\n<li><a href=\"https:\/\/escoles.fundesplai.org\/es\/blog-es\/promocion-de-la-salud\/cohesion-de-grupo-para-prevenir-el-acoso-escolar\/\" target=\"_blank\" rel=\"noopener\">Cohesi\u00f3n de grupo para prevenir el acoso escolar<\/a><\/li>\n<\/ul>\n<p>[\/et_pb_text][\/et_pb_column][et_pb_column type=\u00bb1_2&#8243; _builder_version=\u00bb4.16&#8243; _module_preset=\u00bbdefault\u00bb background_image=\u00bbhttps:\/\/escoles.fundesplai.org\/wp-content\/uploads\/2021\/03\/Dret-al-lleure-Fundesplai-2020_convivencia.jpg\u00bb global_colors_info=\u00bb{}\u00bb][\/et_pb_column][\/et_pb_row][et_pb_row column_structure=\u00bb1_2,1_2&#8243; make_equal=\u00bbon\u00bb disabled_on=\u00bboff|off|off\u00bb _builder_version=\u00bb4.16&#8243; _module_preset=\u00bbdefault\u00bb background_color=\u00bb#E9E9E9&#8243; background_enable_image=\u00bboff\u00bb width=\u00bb100%\u00bb max_width=\u00bb100%\u00bb global_colors_info=\u00bb{}\u00bb][et_pb_column type=\u00bb1_2&#8243; _builder_version=\u00bb4.16&#8243; _module_preset=\u00bbdefault\u00bb background_color=\u00bb#E9E9E9&#8243; background_image=\u00bbhttps:\/\/escoles.fundesplai.org\/wp-content\/uploads\/2021\/03\/Competencies-joc-Fundesplai.jpg\u00bb global_colors_info=\u00bb{}\u00bb][\/et_pb_column][et_pb_column type=\u00bb1_2&#8243; _builder_version=\u00bb4.16&#8243; _module_preset=\u00bbdefault\u00bb global_colors_info=\u00bb{}\u00bb][et_pb_text admin_label=\u00bbHabilitats per a la vida i compet\u00e8ncies\u00bb _builder_version=\u00bb4.16&#8243; _module_preset=\u00bbdefault\u00bb width=\u00bb80%\u00bb module_alignment=\u00bbcenter\u00bb custom_padding=\u00bb30px||30px||false|false\u00bb global_colors_info=\u00bb{}\u00bb]<\/p>\n<h4>Habilidades para la vida y competencias<\/h4>\n<p>El desarrollo de las <a href=\"https:\/\/escoles.fundesplai.org\/serveis\/programes-de-salut-i-prevencio\/\" target=\"_blank\" rel=\"noopener\">Habilidades para la vida<\/a> (autoconocimiento, pensamiento creativo, autoestima, gesti\u00f3n del estr\u00e9s, empat\u00eda, gesti\u00f3n de emociones, comunicaci\u00f3n asertiva, etc.) es esencial para que los ni\u00f1os y ni\u00f1as puedan <strong>gestionar su vida, su salud , y sus relaciones con el entorno<\/strong> . De la misma forma, en nuestras actividades y proyectos, tambi\u00e9n se desarrollan las <a href=\"https:\/\/escoles.fundesplai.org\/es\/conoce\/como-trabajamos\/\" target=\"_blank\" rel=\"noopener\">Competencias para la vida<\/a> como la autogesti\u00f3n, la interacci\u00f3n con el mundo, etc.<\/p>\n<p>[\/et_pb_text][\/et_pb_column][\/et_pb_row][\/et_pb_section][et_pb_section fb_built=\u00bb1&#8243; disabled_on=\u00bboff|on|on\u00bb admin_label=\u00bbExplicaci\u00f3 autonomia \/ participaci\u00f3 \/ conviv\u00e8ncia &#8211; M\u00d2BIL\u00bb module_id=\u00bbapectes_tecnics\u00bb _builder_version=\u00bb4.16&#8243; _module_preset=\u00bbdefault\u00bb custom_margin=\u00bb50px||||false|false\u00bb locked=\u00bboff\u00bb collapsed=\u00bboff\u00bb global_colors_info=\u00bb{}\u00bb][et_pb_row make_equal=\u00bbon\u00bb disabled_on=\u00bboff|off|off\u00bb _builder_version=\u00bb4.16&#8243; _module_preset=\u00bbdefault\u00bb background_color=\u00bb#E9E9E9&#8243; width=\u00bb100%\u00bb max_width=\u00bb100%\u00bb global_colors_info=\u00bb{}\u00bb][et_pb_column type=\u00bb4_4&#8243; _builder_version=\u00bb4.16&#8243; _module_preset=\u00bbdefault\u00bb global_colors_info=\u00bb{}\u00bb][et_pb_text admin_label=\u00bbMalbaratament\u00bb _builder_version=\u00bb4.22.2&#8243; _module_preset=\u00bbdefault\u00bb width=\u00bb80%\u00bb module_alignment=\u00bbcenter\u00bb custom_padding=\u00bb30px||30px||false|false\u00bb global_colors_info=\u00bb{}\u00bb]<\/p>\n<h4 style=\"text-align: center;\">Desperdicio<\/h4>\n<p style=\"text-align: center;\">Velamos para que los ni\u00f1os sean conscientes del <strong>derroche alimentario<\/strong> , sobre todo en nuestros comedores escolares. Los hacemos part\u00edcipes separando, cuantificando y reflexionando sobre la comida que se lanza. <strong><br \/><\/strong><\/p>\n<p>[\/et_pb_text][et_pb_image src=\u00bbhttps:\/\/escoles.fundesplai.org\/wp-content\/uploads\/2023\/10\/Auditories-malbaratament-alimentari-menjador-Fundesplai.jpg\u00bb alt=\u00bbAuditor\u00edas desperdicio alimentario comedor Fundesplai\u00bb title_text=\u00bbAuditor\u00edas desperdicio alimentario comedor Fundesplai\u00bb align=\u00bbcenter\u00bb _builder_version=\u00bb4.22.2&#8243; _module_preset=\u00bbdefault\u00bb global_colors_info=\u00bb{}\u00bb][\/et_pb_image][\/et_pb_column][\/et_pb_row][et_pb_row make_equal=\u00bbon\u00bb disabled_on=\u00bboff|off|off\u00bb admin_label=\u00bbRow\u00bb _builder_version=\u00bb4.16&#8243; _module_preset=\u00bbdefault\u00bb background_color=\u00bb#E9E9E9&#8243; width=\u00bb100%\u00bb max_width=\u00bb100%\u00bb custom_margin=\u00bb50px||||false|false\u00bb global_colors_info=\u00bb{}\u00bb][et_pb_column type=\u00bb4_4&#8243; _builder_version=\u00bb4.16&#8243; _module_preset=\u00bbdefault\u00bb global_colors_info=\u00bb{}\u00bb][et_pb_text admin_label=\u00bbAutonomia\u00bb _builder_version=\u00bb4.17.1&#8243; _module_preset=\u00bbdefault\u00bb width=\u00bb80%\u00bb module_alignment=\u00bbcenter\u00bb custom_padding=\u00bb30px||30px||false|false\u00bb global_colors_info=\u00bb{}\u00bb]<\/p>\n<h4 style=\"text-align: center;\">Autonom\u00eda &#8211; proyecto \u00absolos podemos\u00bb<\/h4>\n<p style=\"text-align: center;\">En el Tiempo Educativo del Mediod\u00eda desarrollamos el proyecto de autonom\u00eda integral \u00bb <strong><em>S\u00f3lo podemos!<\/em><\/strong> \u00bb para acompa\u00f1ar a los ni\u00f1os en sus <strong>autoaprendizajes.<\/strong><\/p>\n<p>[\/et_pb_text][et_pb_image src=\u00bbhttps:\/\/escoles.fundesplai.org\/wp-content\/uploads\/2021\/03\/Temps-migdia-Fundesplai_autonomia.jpg\u00bb title_text=\u00bbTiempo mediod\u00eda Fundesplai_autonom\u00eda\u00bb align=\u00bbcenter\u00bb _builder_version=\u00bb4.16&#8243; _module_preset=\u00bbdefault\u00bb global_colors_info=\u00bb{}\u00bb][\/et_pb_image][\/et_pb_column][\/et_pb_row][et_pb_row make_equal=\u00bbon\u00bb disabled_on=\u00bboff|off|off\u00bb _builder_version=\u00bb4.16&#8243; _module_preset=\u00bbdefault\u00bb background_color=\u00bb#E9E9E9&#8243; width=\u00bb100%\u00bb max_width=\u00bb100%\u00bb global_colors_info=\u00bb{}\u00bb][et_pb_column type=\u00bb4_4&#8243; _builder_version=\u00bb4.16&#8243; _module_preset=\u00bbdefault\u00bb global_colors_info=\u00bb{}\u00bb][et_pb_text admin_label=\u00bbParticipaci\u00f3\u00bb _builder_version=\u00bb4.22.2&#8243; _module_preset=\u00bbdefault\u00bb width=\u00bb80%\u00bb module_alignment=\u00bbcenter\u00bb custom_padding=\u00bb30px||30px||false|false\u00bb global_colors_info=\u00bb{}\u00bb]<\/p>\n<h4 style=\"text-align: center;\">Participaci\u00f3n<\/h4>\n<p style=\"text-align: center;\"><strong>Co-dise\u00f1amos los proyectos y actividades con los ni\u00f1os y ni\u00f1as<\/strong> , favoreciendo as\u00ed que sean realmente protagonistas activos y disfruten de actividades motivadoras basadas en sus propios intereses.<\/p>\n<p>[\/et_pb_text][et_pb_image src=\u00bbhttps:\/\/escoles.fundesplai.org\/wp-content\/uploads\/2021\/03\/Dret-al-lleure-2020_Fundesplai.jpg\u00bb title_text=\u00bbDerecho tiempo libre 2020&#8243; align=\u00bbcenter\u00bb _builder_version=\u00bb4.16&#8243; _module_preset=\u00bbdefault\u00bb global_colors_info=\u00bb{}\u00bb][\/et_pb_image][\/et_pb_column][\/et_pb_row][et_pb_row make_equal=\u00bbon\u00bb disabled_on=\u00bboff|off|off\u00bb _builder_version=\u00bb4.16&#8243; _module_preset=\u00bbdefault\u00bb background_color=\u00bb#E9E9E9&#8243; width=\u00bb100%\u00bb max_width=\u00bb100%\u00bb global_colors_info=\u00bb{}\u00bb][et_pb_column type=\u00bb4_4&#8243; _builder_version=\u00bb4.16&#8243; _module_preset=\u00bbdefault\u00bb background_enable_color=\u00bboff\u00bb background_enable_image=\u00bboff\u00bb global_colors_info=\u00bb{}\u00bb][et_pb_text admin_label=\u00bbConviv\u00e8ncia\u00bb _builder_version=\u00bb4.22.2&#8243; _module_preset=\u00bbdefault\u00bb width=\u00bb80%\u00bb module_alignment=\u00bbcenter\u00bb custom_padding=\u00bb30px||30px||false|false\u00bb global_colors_info=\u00bb{}\u00bb]<\/p>\n<h4 style=\"text-align: center;\">Convivencia<\/h4>\n<p style=\"text-align: center;\"><strong>La educaci\u00f3n para la convivencia, el respeto y el cuidado<\/strong> es uno de los ingredientes imprescindibles para un mundo mejor. Favorecemos activamente la <strong>mediaci\u00f3n de conflictos.<\/strong> <\/p>\n<p>[\/et_pb_text][et_pb_image src=\u00bbhttps:\/\/escoles.fundesplai.org\/wp-content\/uploads\/2021\/03\/Dret-al-lleure-Fundesplai-2020_convivencia.jpg\u00bb title_text=\u00bbDerecho tiempo libre Fundesplai 2020&#8243; align=\u00bbcenter\u00bb _builder_version=\u00bb4.16&#8243; _module_preset=\u00bbdefault\u00bb global_colors_info=\u00bb{}\u00bb][\/et_pb_image][\/et_pb_column][\/et_pb_row][et_pb_row make_equal=\u00bbon\u00bb disabled_on=\u00bboff|off|off\u00bb _builder_version=\u00bb4.16&#8243; _module_preset=\u00bbdefault\u00bb background_color=\u00bb#E9E9E9&#8243; background_enable_image=\u00bboff\u00bb width=\u00bb100%\u00bb max_width=\u00bb100%\u00bb global_colors_info=\u00bb{}\u00bb][et_pb_column type=\u00bb4_4&#8243; _builder_version=\u00bb4.16&#8243; _module_preset=\u00bbdefault\u00bb global_colors_info=\u00bb{}\u00bb][et_pb_text admin_label=\u00bbHabilitats per a la vida i compet\u00e8ncies\u00bb _builder_version=\u00bb4.17.1&#8243; _module_preset=\u00bbdefault\u00bb width=\u00bb80%\u00bb module_alignment=\u00bbcenter\u00bb custom_padding=\u00bb30px||30px||false|false\u00bb global_colors_info=\u00bb{}\u00bb]<\/p>\n<h4 style=\"text-align: center;\">Habilidades para la vida y competencias<\/h4>\n<p style=\"text-align: center;\">La <a href=\"https:\/\/escoles.fundesplai.org\/es\/blog-es\/promocion-de-la-salud\/educacion-emocional-en-el-tiempo-educativo-mediodia\/\">educaci\u00f3n emocional,<\/a> el desarrollo de las <a href=\"https:\/\/escoles.fundesplai.org\/serveis\/programes-de-salut-i-prevencio\/\" target=\"_blank\" rel=\"noopener\">Habilidades para la vida<\/a> , <a href=\"https:\/\/escoles.fundesplai.org\/es\/conoce\/como-trabajamos\/\">valores y competencias<\/a> son esenciales para que los ni\u00f1os y ni\u00f1as puedan <strong>gestionar su vida, su salud, y sus relaciones con el entorno<\/strong> .<\/p>\n<p>[\/et_pb_text][et_pb_image src=\u00bbhttps:\/\/escoles.fundesplai.org\/wp-content\/uploads\/2021\/03\/Competencies-joc-Fundesplai.jpg\u00bb title_text=\u00bbCompetencias juego Fundesplai\u00bb align=\u00bbcenter\u00bb _builder_version=\u00bb4.17.1&#8243; _module_preset=\u00bbdefault\u00bb global_colors_info=\u00bb{}\u00bb][\/et_pb_image][\/et_pb_column][\/et_pb_row][\/et_pb_section][et_pb_section fb_built=\u00bb1&#8243; disabled_on=\u00bboff|off|off\u00bb admin_label=\u00bbActivitats i metodologies\u00bb _builder_version=\u00bb4.17.1&#8243; custom_margin=\u00bb50px||||false|false\u00bb custom_padding=\u00bb0px||||false|false\u00bb locked=\u00bboff\u00bb collapsed=\u00bboff\u00bb global_colors_info=\u00bb{}\u00bb][et_pb_row _builder_version=\u00bb4.16&#8243; _module_preset=\u00bbdefault\u00bb global_colors_info=\u00bb{}\u00bb][et_pb_column type=\u00bb4_4&#8243; _builder_version=\u00bb4.16&#8243; _module_preset=\u00bbdefault\u00bb global_colors_info=\u00bb{}\u00bb][et_pb_text admin_label=\u00bbActivitats i metodologies\u00bb _builder_version=\u00bb4.17.1&#8243; custom_margin=\u00bb||50px||false|false\u00bb custom_margin_tablet=\u00bb\u00bb custom_margin_phone=\u00bb||||false|false\u00bb custom_margin_last_edited=\u00bbon|phone\u00bb global_colors_info=\u00bb{}\u00bb transform_styles__hover_enabled=\u00bbon|hover\u00bb transform_scale__hover_enabled=\u00bbon|desktop\u00bb transform_translate__hover_enabled=\u00bbon|desktop\u00bb transform_rotate__hover_enabled=\u00bbon|hover\u00bb transform_skew__hover_enabled=\u00bbon|desktop\u00bb transform_origin__hover_enabled=\u00bbon|desktop\u00bb]<\/p>\n<h2>Tipo de actividades y metodolog\u00edas<\/h2>\n<p>[\/et_pb_text][\/et_pb_column][\/et_pb_row][et_pb_row column_structure=\u00bb1_2,1_2&#8243; use_custom_gutter=\u00bbon\u00bb gutter_width=\u00bb4&#8243; module_class=\u00bbgraella-icona-circular-giratoria\u00bb _builder_version=\u00bb4.16&#8243; global_colors_info=\u00bb{}\u00bb][et_pb_column type=\u00bb1_2&#8243; _builder_version=\u00bb4.16&#8243; custom_padding=\u00bb|||\u00bb global_colors_info=\u00bb{}\u00bb custom_padding__hover=\u00bb|||\u00bb][et_pb_blurb title=\u00bbAprendizaje i Servicio\u00bb use_icon=\u00bbon\u00bb font_icon=\u00bb&#xe1a2;||fa||900&#8243; icon_color=\u00bb#333333&#8243; icon_placement=\u00bbleft\u00bb admin_label=\u00bbApS\u00bb _builder_version=\u00bb4.22.2&#8243; custom_margin=\u00bb||0px|\u00bb link_option_url_new_window=\u00bbon\u00bb z_index_tablet=\u00bb500&#8243; buscador_fontawesome=\u00bbhand\u00bb locked=\u00bboff\u00bb global_colors_info=\u00bb{}\u00bb]<\/p>\n<div>\n<div>\n<div>\n<p>Las actividades de Aprendizaje Servicio (ApS) combinan la educaci\u00f3n con el servicio a la comunidad o por la sostenibilidad. Por tanto, conseguimos la mejora del entorno, la toma de conciencia y todos los valores educativos que se derivan. <\/p>\n<\/div>\n<\/div>\n<\/div>\n<p>[\/et_pb_blurb][\/et_pb_column][et_pb_column type=\u00bb1_2&#8243; _builder_version=\u00bb4.16&#8243; custom_padding=\u00bb|||\u00bb global_colors_info=\u00bb{}\u00bb custom_padding__hover=\u00bb|||\u00bb][et_pb_blurb title=\u00bbMovimento y m\u00fasica\u00bb use_icon=\u00bbon\u00bb font_icon=\u00bb&#xf001;||fa||900&#8243; icon_color=\u00bb#333333&#8243; icon_placement=\u00bbleft\u00bb admin_label=\u00bbMoviment i m\u00fasica\u00bb _builder_version=\u00bb4.22.2&#8243; custom_margin=\u00bb||0px|\u00bb animation=\u00bboff\u00bb z_index_tablet=\u00bb500&#8243; buscador_fontawesome=\u00bbmusic\u00bb locked=\u00bboff\u00bb global_colors_info=\u00bb{}\u00bb]<\/p>\n<p>El movimiento y la m\u00fasica son esenciales en la vida de los ni\u00f1os: teatro, acrobacias, danzas, canciones&#8230; Momentos para disfrutar con los amigos y amigas y pasarlo muy bien. <\/p>\n<p>[\/et_pb_blurb][\/et_pb_column][\/et_pb_row][et_pb_row column_structure=\u00bb1_2,1_2&#8243; use_custom_gutter=\u00bbon\u00bb gutter_width=\u00bb4&#8243; module_class=\u00bbgraella-icona-circular-giratoria\u00bb _builder_version=\u00bb4.16&#8243; global_colors_info=\u00bb{}\u00bb][et_pb_column type=\u00bb1_2&#8243; _builder_version=\u00bb4.16&#8243; custom_padding=\u00bb|||\u00bb global_colors_info=\u00bb{}\u00bb custom_padding__hover=\u00bb|||\u00bb][et_pb_blurb title=\u00bbJuegos de tiempo libre\u00bb use_icon=\u00bbon\u00bb font_icon=\u00bb&#xf70c;||fa||900&#8243; icon_color=\u00bb#333333&#8243; icon_placement=\u00bbleft\u00bb admin_label=\u00bbJocs\u00bb _builder_version=\u00bb4.22.2&#8243; custom_margin=\u00bb||0px|\u00bb z_index_tablet=\u00bb500&#8243; buscador_fontawesome=\u00bbrunn\u00bb global_colors_info=\u00bb{}\u00bb]<\/p>\n<p>Juegos cooperativos, juegos grupales, juegos tradicionales, juegos de equipo, juegos de convivencia, cajas con propuestas l\u00fadicas,&#8230;<\/p>\n<p>[\/et_pb_blurb][\/et_pb_column][et_pb_column type=\u00bb1_2&#8243; _builder_version=\u00bb4.16&#8243; custom_padding=\u00bb|||\u00bb global_colors_info=\u00bb{}\u00bb custom_padding__hover=\u00bb|||\u00bb][et_pb_blurb title=\u00bbEducaci\u00f3n emocional\u00bb use_icon=\u00bbon\u00bb font_icon=\u00bb&#xf118;||fa||900&#8243; icon_color=\u00bb#333333&#8243; icon_placement=\u00bbleft\u00bb admin_label=\u00bbEducaci\u00f3 emocional\u00bb _builder_version=\u00bb4.22.2&#8243; custom_margin=\u00bb||0px|\u00bb z_index_tablet=\u00bb500&#8243; buscador_fontawesome=\u00bbsmile\u00bb global_colors_info=\u00bb{}\u00bb]<\/p>\n<p>Actividades espec\u00edficas de educaci\u00f3n emocional, cohesi\u00f3n de grupo, empat\u00eda, espacios de encuentro y reflexi\u00f3n, autoconocimiento, autoestima, gesti\u00f3n de conflictos, etc.<\/p>\n<p>[\/et_pb_blurb][\/et_pb_column][\/et_pb_row][et_pb_row column_structure=\u00bb1_2,1_2&#8243; use_custom_gutter=\u00bbon\u00bb gutter_width=\u00bb4&#8243; module_class=\u00bbgraella-icona-circular-giratoria\u00bb _builder_version=\u00bb4.16&#8243; global_colors_info=\u00bb{}\u00bb][et_pb_column type=\u00bb1_2&#8243; _builder_version=\u00bb4.16&#8243; custom_padding=\u00bb|||\u00bb global_colors_info=\u00bb{}\u00bb custom_padding__hover=\u00bb|||\u00bb][et_pb_blurb title=\u00bbCreatividad y experimentaci\u00f3n\u00bb use_icon=\u00bbon\u00bb font_icon=\u00bb&#xf53f;||fa||900&#8243; icon_color=\u00bb#333333&#8243; icon_placement=\u00bbleft\u00bb admin_label=\u00bbCreativitat i experimentaci\u00f3\u00bb _builder_version=\u00bb4.22.2&#8243; custom_margin=\u00bb||0px|\u00bb link_option_url_new_window=\u00bbon\u00bb z_index_tablet=\u00bb500&#8243; buscador_fontawesome=\u00bbpalet\u00bb locked=\u00bboff\u00bb global_colors_info=\u00bb{}\u00bb]<\/p>\n<div>\n<div>\n<div>\n<p>Actividades de creatividad y el ingenio con el rinc\u00f3n loco, talleres de experimentaci\u00f3n, creaci\u00f3n de juegos gigantes, cabezudos, bricolaje,&#8230;<\/p>\n<\/div>\n<\/div>\n<\/div>\n<p>[\/et_pb_blurb][\/et_pb_column][et_pb_column type=\u00bb1_2&#8243; _builder_version=\u00bb4.16&#8243; custom_padding=\u00bb|||\u00bb global_colors_info=\u00bb{}\u00bb custom_padding__hover=\u00bb|||\u00bb][et_pb_blurb title=\u00bbActividades deportivas\u00bb use_icon=\u00bbon\u00bb font_icon=\u00bb&#xf434;||fa||900&#8243; icon_color=\u00bb#333333&#8243; icon_placement=\u00bbleft\u00bb admin_label=\u00bbActivitats esportives\u00bb _builder_version=\u00bb4.22.2&#8243; custom_margin=\u00bb||0px|\u00bb z_index_tablet=\u00bb500&#8243; buscador_fontawesome=\u00bbball\u00bb global_colors_info=\u00bb{}\u00bb]<\/p>\n<p>Deporte, bienestar y salud, Rollbal, juegos cooperativos, competici\u00f3n con valores,&#8230;<\/p>\n<p>[\/et_pb_blurb][\/et_pb_column][\/et_pb_row][et_pb_row column_structure=\u00bb1_2,1_2&#8243; use_custom_gutter=\u00bbon\u00bb gutter_width=\u00bb4&#8243; module_class=\u00bbgraella-icona-circular-giratoria\u00bb _builder_version=\u00bb4.16&#8243; global_colors_info=\u00bb{}\u00bb][et_pb_column type=\u00bb1_2&#8243; _builder_version=\u00bb4.16&#8243; custom_padding=\u00bb|||\u00bb global_colors_info=\u00bb{}\u00bb custom_padding__hover=\u00bb|||\u00bb][et_pb_blurb title=\u00bbActivdades puntuales y mini-proyectos\u00bb use_icon=\u00bbon\u00bb font_icon=\u00bb&#xf783;||fa||900&#8243; icon_color=\u00bb#333333&#8243; icon_placement=\u00bbleft\u00bb admin_label=\u00bbActivitats puntuals\u00bb _builder_version=\u00bb4.22.2&#8243; custom_margin=\u00bb||0px|\u00bb z_index_tablet=\u00bb500&#8243; buscador_fontawesome=\u00bbcalendar\u00bb global_colors_info=\u00bb{}\u00bb]<\/p>\n<p>D\u00eda sobre ruedas, SemanaBIO, Semana por el Clima, Derechos de la Infancia, Diversidad funcional y cultural, D\u00eda de la Mujer,&#8230;<\/p>\n<p>[\/et_pb_blurb][\/et_pb_column][et_pb_column type=\u00bb1_2&#8243; _builder_version=\u00bb4.16&#8243; custom_padding=\u00bb|||\u00bb global_colors_info=\u00bb{}\u00bb custom_padding__hover=\u00bb|||\u00bb][et_pb_blurb title=\u00bbVinculaci\u00f3n con la comunidad educativa\u00bb use_icon=\u00bbon\u00bb font_icon=\u00bb&#xf549;||fa||900&#8243; icon_color=\u00bb#333333&#8243; icon_placement=\u00bbleft\u00bb admin_label=\u00bbVinculaci\u00f3 comunitat educativa\u00bb _builder_version=\u00bb4.22.2&#8243; custom_margin=\u00bb||0px|\u00bb z_index_tablet=\u00bb500&#8243; buscador_fontawesome=\u00bbschool\u00bb global_colors_info=\u00bb{}\u00bb]<\/p>\n<p>Proyecto de huerto escolar, feria solidaria, puertas abiertas, jornadas intergeneracionales, fiestas populares,&#8230;<\/p>\n<p>[\/et_pb_blurb][\/et_pb_column][\/et_pb_row][\/et_pb_section][et_pb_section fb_built=\u00bb1&#8243; disabled_on=\u00bbon|on|on\u00bb admin_label=\u00bbSection EDUQUEM EN VALORS\u00bb _builder_version=\u00bb4.22.2&#8243; custom_margin=\u00bb50px||||false|false\u00bb custom_padding=\u00bb||||false|false\u00bb disabled=\u00bbon\u00bb global_module=\u00bb13742&#8243; locked=\u00bboff\u00bb collapsed=\u00bboff\u00bb global_colors_info=\u00bb{}\u00bb][et_pb_row module_class=\u00bb et_pb_row_fullwidth\u00bb _builder_version=\u00bb4.16&#8243; width=\u00bb100%\u00bb max_width=\u00bbnone\u00bb global_colors_info=\u00bb{}\u00bb][et_pb_column type=\u00bb4_4&#8243; _builder_version=\u00bb4.16&#8243; global_colors_info=\u00bb{}\u00bb][et_pb_cta title=\u00bbEducamos en valores\u00bb button_url=\u00bbhttps:\/\/escoles.fundesplai.org\/es\/conoce\/como-trabajamos\/\u00bb button_text=\u00bbDescubre c\u00f3mo trabajamos\u00bb module_class=\u00bbcta-intersticial\u00bb _builder_version=\u00bb4.16&#8243; global_colors_info=\u00bb{}\u00bb]<\/p>\n<p>\u00a1Nuestros valores impregnan todo lo que hacemos! Hagamos educaci\u00f3n integral, activa, por la paz, ambiental, por la salud, por la ciudadan\u00eda global, por la democracia, la participaci\u00f3n, la igualdad, la convivencia, la sostenibilidad y los Objetivos del Desarrollo Sostenible. <\/p>\n<p>[\/et_pb_cta][\/et_pb_column][\/et_pb_row][\/et_pb_section][et_pb_section fb_built=\u00bb1&#8243; admin_label=\u00bbFAM\u00cdLIES\u00bb module_id=\u00bbfamilias\u00bb _builder_version=\u00bb4.16&#8243; custom_margin=\u00bb50px||||false|false\u00bb custom_margin_tablet=\u00bb\u00bb custom_margin_phone=\u00bb\u00bb custom_margin_last_edited=\u00bbon|phone\u00bb locked=\u00bboff\u00bb collapsed=\u00bboff\u00bb global_colors_info=\u00bb{}\u00bb][et_pb_row _builder_version=\u00bb4.16&#8243; custom_margin=\u00bb||||false|false\u00bb custom_padding=\u00bb||||false|false\u00bb global_colors_info=\u00bb{}\u00bb][et_pb_column type=\u00bb4_4&#8243; _builder_version=\u00bb4.16&#8243; custom_padding=\u00bb|||\u00bb global_colors_info=\u00bb{}\u00bb custom_padding__hover=\u00bb|||\u00bb][et_pb_text admin_label=\u00bbal costat de les fam\u00edlies\u00bb _builder_version=\u00bb4.16&#8243; custom_padding=\u00bb||||false|false\u00bb z_index_tablet=\u00bb500&#8243; global_colors_info=\u00bb{}\u00bb]<\/p>\n<h2>junto a las familias<\/h2>\n<p>[\/et_pb_text][\/et_pb_column][\/et_pb_row][et_pb_row column_structure=\u00bb1_5,1_5,1_5,1_5,1_5&#8243; use_custom_gutter=\u00bbon\u00bb gutter_width=\u00bb4&#8243; module_class=\u00bbllista-icones-blurb-awesome\u00bb _builder_version=\u00bb4.16&#8243; global_colors_info=\u00bb{}\u00bb][et_pb_column type=\u00bb1_5&#8243; _builder_version=\u00bb4.16&#8243; custom_padding=\u00bb|||\u00bb global_colors_info=\u00bb{}\u00bb custom_padding__hover=\u00bb|||\u00bb][et_pb_blurb title=\u00bbCoordinaci\u00f3n ampa\/afa\/escola\u00bb use_icon=\u00bbon\u00bb font_icon=\u00bb&#xf4c6;||fa||900&#8243; icon_color=\u00bb#333333&#8243; _builder_version=\u00bb4.22.2&#8243; header_text_color=\u00bb#333333&#8243; text_orientation=\u00bbcenter\u00bb custom_margin=\u00bb||0px|\u00bb z_index_tablet=\u00bb500&#8243; buscador_fontawesome=\u00bbhandsh\u00bb global_colors_info=\u00bb{}\u00bb][\/et_pb_blurb][\/et_pb_column][et_pb_column type=\u00bb1_5&#8243; _builder_version=\u00bb4.16&#8243; custom_padding=\u00bb|||\u00bb global_colors_info=\u00bb{}\u00bb custom_padding__hover=\u00bb|||\u00bb][et_pb_blurb title=\u00bbInscripci\u00f3n ONLINE\u00bb use_icon=\u00bbon\u00bb font_icon=\u00bb&#xf31c;||fa||900&#8243; icon_color=\u00bb#333333&#8243; _builder_version=\u00bb4.22.2&#8243; header_text_color=\u00bb#333333&#8243; text_orientation=\u00bbcenter\u00bb custom_margin=\u00bb||0px|\u00bb z_index_tablet=\u00bb500&#8243; buscador_fontawesome=\u00bbedit\u00bb global_colors_info=\u00bb{}\u00bb][\/et_pb_blurb][\/et_pb_column][et_pb_column type=\u00bb1_5&#8243; _builder_version=\u00bb4.16&#8243; custom_padding=\u00bb|||\u00bb global_colors_info=\u00bb{}\u00bb custom_padding__hover=\u00bb|||\u00bb][et_pb_blurb title=\u00bbAtenci\u00f3n directa presencial y online\u00bb use_icon=\u00bbon\u00bb font_icon=\u00bb&#xf82d;||fa||900&#8243; icon_color=\u00bb#333333&#8243; admin_label=\u00bbAtenci\u00f3 directa\u00bb _builder_version=\u00bb4.22.2&#8243; header_text_color=\u00bb#333333&#8243; text_orientation=\u00bbcenter\u00bb custom_margin=\u00bb||0px|\u00bb z_index_tablet=\u00bb500&#8243; buscador_fontawesome=\u00bbheadse\u00bb global_colors_info=\u00bb{}\u00bb][\/et_pb_blurb][\/et_pb_column][et_pb_column type=\u00bb1_5&#8243; _builder_version=\u00bb4.16&#8243; custom_padding=\u00bb|||\u00bb global_colors_info=\u00bb{}\u00bb custom_padding__hover=\u00bb|||\u00bb][et_pb_blurb title=\u00bbInformes seguimiento\u00bb use_icon=\u00bbon\u00bb font_icon=\u00bb&#xf200;||fa||900&#8243; icon_color=\u00bb#333333&#8243; admin_label=\u00bbInformes seguiment\u00bb _builder_version=\u00bb4.22.2&#8243; header_text_color=\u00bb#333333&#8243; text_orientation=\u00bbcenter\u00bb custom_margin=\u00bb||0px|\u00bb z_index_tablet=\u00bb500&#8243; buscador_fontawesome=\u00bbchart\u00bb global_colors_info=\u00bb{}\u00bb][\/et_pb_blurb][\/et_pb_column][et_pb_column type=\u00bb1_5&#8243; _builder_version=\u00bb4.16&#8243; custom_padding=\u00bb|||\u00bb global_colors_info=\u00bb{}\u00bb custom_padding__hover=\u00bb|||\u00bb][et_pb_blurb title=\u00bbMen\u00fas, not\u00edcias e im\u00e1gene en el m\u00f3bil\u00bb use_icon=\u00bbon\u00bb font_icon=\u00bb&#xf3cf;||fa||900&#8243; icon_color=\u00bb#333333&#8243; admin_label=\u00bbMen\u00fas i imatges\u00bb _builder_version=\u00bb4.22.2&#8243; header_text_color=\u00bb#333333&#8243; text_orientation=\u00bbcenter\u00bb custom_margin=\u00bb||0px|\u00bb z_index_tablet=\u00bb500&#8243; buscador_fontawesome=\u00bbmobile\u00bb global_colors_info=\u00bb{}\u00bb][\/et_pb_blurb][\/et_pb_column][\/et_pb_row][et_pb_row column_structure=\u00bb1_5,1_5,1_5,1_5,1_5&#8243; module_class=\u00bbllista-icones-blurb-awesome\u00bb _builder_version=\u00bb4.16&#8243; _module_preset=\u00bbdefault\u00bb global_colors_info=\u00bb{}\u00bb][et_pb_column type=\u00bb1_5&#8243; _builder_version=\u00bb4.16&#8243; _module_preset=\u00bbdefault\u00bb global_colors_info=\u00bb{}\u00bb][et_pb_blurb title=\u00bbInforme seguimiento diario P3&#8243; use_icon=\u00bbon\u00bb font_icon=\u00bb&#xe4fa;||fa||900&#8243; icon_color=\u00bb#333333&#8243; admin_label=\u00bbP3&#8243; _builder_version=\u00bb4.22.2&#8243; header_text_color=\u00bb#333333&#8243; text_orientation=\u00bbcenter\u00bb custom_margin=\u00bb||0px|\u00bb z_index_tablet=\u00bb500&#8243; buscador_fontawesome=\u00bbhandsh\u00bb global_colors_info=\u00bb{}\u00bb][\/et_pb_blurb][\/et_pb_column][et_pb_column type=\u00bb1_5&#8243; _builder_version=\u00bb4.16&#8243; _module_preset=\u00bbdefault\u00bb global_colors_info=\u00bb{}\u00bb][et_pb_blurb title=\u00bbMen\u00fas consensuados con comisi\u00f3n comedor\u00bb use_icon=\u00bbon\u00bb font_icon=\u00bb&#xf2e7;||fa||900&#8243; icon_color=\u00bb#333333&#8243; admin_label=\u00bbMen\u00fas consensuats\u00bb _builder_version=\u00bb4.22.2&#8243; header_text_color=\u00bb#333333&#8243; text_orientation=\u00bbcenter\u00bb custom_margin=\u00bb||0px|\u00bb z_index_tablet=\u00bb500&#8243; buscador_fontawesome=\u00bbute\u00bb global_colors_info=\u00bb{}\u00bb][\/et_pb_blurb][\/et_pb_column][et_pb_column type=\u00bb1_5&#8243; _builder_version=\u00bb4.16&#8243; _module_preset=\u00bbdefault\u00bb global_colors_info=\u00bb{}\u00bb][et_pb_blurb title=\u00bbPropuesta de cenas familiares\u00bb use_icon=\u00bbon\u00bb font_icon=\u00bb&#xf5a7;||fa||900&#8243; icon_color=\u00bb#333333&#8243; admin_label=\u00bbSopars familiars\u00bb _builder_version=\u00bb4.22.2&#8243; header_text_color=\u00bb#333333&#8243; text_orientation=\u00bbcenter\u00bb custom_margin=\u00bb||0px|\u00bb z_index_tablet=\u00bb500&#8243; buscador_fontawesome=\u00bbmort\u00bb global_colors_info=\u00bb{}\u00bb][\/et_pb_blurb][\/et_pb_column][et_pb_column type=\u00bb1_5&#8243; _builder_version=\u00bb4.16&#8243; _module_preset=\u00bbdefault\u00bb global_colors_info=\u00bb{}\u00bb][et_pb_blurb title=\u00bbcharlas y formaci\u00f3n familias\u00bb use_icon=\u00bbon\u00bb font_icon=\u00bb&#xf0c0;||fa||900&#8243; icon_color=\u00bb#333333&#8243; admin_label=\u00bbXerrades\u00bb _builder_version=\u00bb4.22.2&#8243; header_text_color=\u00bb#333333&#8243; text_orientation=\u00bbcenter\u00bb custom_margin=\u00bb||0px|\u00bb z_index_tablet=\u00bb500&#8243; buscador_fontawesome=\u00bbuse\u00bb global_colors_info=\u00bb{}\u00bb][\/et_pb_blurb][\/et_pb_column][et_pb_column type=\u00bb1_5&#8243; _builder_version=\u00bb4.16&#8243; _module_preset=\u00bbdefault\u00bb global_colors_info=\u00bb{}\u00bb][et_pb_blurb title=\u00bbReuni\u00f3n inicio curso\u00bb use_icon=\u00bbon\u00bb font_icon=\u00bb&#xf63d;||fa||900&#8243; icon_color=\u00bb#333333&#8243; admin_label=\u00bbReuni\u00f3 inici curs\u00bb _builder_version=\u00bb4.22.2&#8243; header_text_color=\u00bb#333333&#8243; text_orientation=\u00bbcenter\u00bb custom_margin=\u00bb||0px|\u00bb z_index_tablet=\u00bb500&#8243; buscador_fontawesome=\u00bbusers\u00bb global_colors_info=\u00bb{}\u00bb][\/et_pb_blurb][\/et_pb_column][\/et_pb_row][\/et_pb_section][et_pb_section fb_built=\u00bb1&#8243; admin_label=\u00bbSection NECESSITES UN MENJADOR ESCOLAR?\u00bb _builder_version=\u00bb4.16&#8243; custom_margin=\u00bb30px||||false|false\u00bb custom_padding=\u00bb||||false|false\u00bb locked=\u00bboff\u00bb collapsed=\u00bboff\u00bb global_colors_info=\u00bb{}\u00bb][et_pb_row module_class=\u00bb et_pb_row_fullwidth\u00bb _builder_version=\u00bb4.16&#8243; width=\u00bb100%\u00bb max_width=\u00bbnone\u00bb global_colors_info=\u00bb{}\u00bb][et_pb_column type=\u00bb4_4&#8243; _builder_version=\u00bb4.16&#8243; global_colors_info=\u00bb{}\u00bb][et_pb_cta title=\u00bb\u00bfNecesitas un comedor escolar?\u00bb button_url=\u00bbhttps:\/\/escoles.fundesplai.org\/es\/contacta\/\u00bb button_text=\u00bbCont\u00e1ctanos para una propuesta a medida\u00bb module_class=\u00bbcta-intersticial\u00bb _builder_version=\u00bb4.16&#8243; global_colors_info=\u00bb{}\u00bb]<\/p>\n<p><span lang=\"ca\">Tiempo Educativo del Mediod\u00eda de alta calidad y proximidad. Alimentaci\u00f3n sana y sostenible para ni\u00f1os y j\u00f3venes. Nos coordinamos con la escuela, el AMPA o AFA y nos adaptamos al Plan Educativo del Centro. Proyecto pedag\u00f3gico transformador e inclusivo. \u00a1S\u00famate a mediod\u00eda por un mundo mejor!    <\/span><\/p>\n<p>[\/et_pb_cta][\/et_pb_column][\/et_pb_row][\/et_pb_section][et_pb_section fb_built=\u00bb1&#8243; admin_label=\u00bbSection LLEURE INTEGRAL\u00bb _builder_version=\u00bb4.16&#8243; _module_preset=\u00bbdefault\u00bb custom_margin=\u00bb40px||||false|false\u00bb locked=\u00bboff\u00bb global_colors_info=\u00bb{}\u00bb][et_pb_row _builder_version=\u00bb4.16&#8243; _module_preset=\u00bbdefault\u00bb global_colors_info=\u00bb{}\u00bb][et_pb_column type=\u00bb4_4&#8243; _builder_version=\u00bb4.16&#8243; _module_preset=\u00bbdefault\u00bb global_colors_info=\u00bb{}\u00bb][et_pb_text admin_label=\u00bbModel educatiu integral\u00bb _builder_version=\u00bb4.16&#8243; _module_preset=\u00bbdefault\u00bb global_colors_info=\u00bb{}\u00bb]<\/p>\n<h2 style=\"text-align: center;\">Modelo de educativo integral<\/h2>\n<p>[\/et_pb_text][et_pb_text admin_label=\u00bbModel educatiu integral &#8211; text\u00bb _builder_version=\u00bb4.16&#8243; _module_preset=\u00bbdefault\u00bb custom_margin=\u00bb40px||||false|false\u00bb global_colors_info=\u00bb{}\u00bb]<\/p>\n<p>Por coherencia educativa, responsabilidad con los ni\u00f1os, y comodidad para la escuela, las AMPA y las familias usuarias, ofrecemos un <strong>modelo de ocio educativo integral en la escuela<\/strong> : Si contratas el <a href=\"https:\/\/escoles.fundesplai.org\/serveis\/menjador-temps-educatiu-del-migdia\/\">Tiempo Educativo del Mediod\u00eda<\/a> con alguna otra actividad de ocio educativo ( <a href=\"https:\/\/escoles.fundesplai.org\/serveis\/acollides\/\">acogida,<\/a> <a href=\"https:\/\/escoles.fundesplai.org\/serveis\/extraescolars\/\">extraescolares,<\/a> <a href=\"https:\/\/escoles.fundesplai.org\/serveis\/menjador-temps-educatiu-del-migdia\/\">comedor escolar,<\/a> <a href=\"https:\/\/escoles.fundesplai.org\/serveis\/colonies-ampa-24h\/\">colonias AMPA<\/a> o <a href=\"https:\/\/escoles.fundesplai.org\/serveis\/colonies-escolars\/\">colonias escolares<\/a> &#8230;), hacemos un <strong>descuento del 10%<\/strong> sobre el precio de estas actividades.<\/p>\n<p>[\/et_pb_text][et_pb_image src=\u00bbhttps:\/\/escoles.fundesplai.org\/wp-content\/uploads\/2022\/03\/10-descompte-model-integral_Fundesplai.png\u00bb alt=\u00bb10% descuento modelo integral\u00bb title_text=\u00bb10% descuento modelo integral\u00bb url=\u00bbhttps:\/\/escoles.fundesplai.org\/es\/contacta\/\u00bb align=\u00bbcenter\u00bb _builder_version=\u00bb4.16&#8243; _module_preset=\u00bbdefault\u00bb custom_margin=\u00bb40px||||false|false\u00bb global_colors_info=\u00bb{}\u00bb][\/et_pb_image][\/et_pb_column][\/et_pb_row][\/et_pb_section][et_pb_section fb_built=\u00bb1&#8243; disabled_on=\u00bboff|off|off\u00bb admin_label=\u00bbEQUIP\u00bb _builder_version=\u00bb4.16&#8243; custom_margin=\u00bb50px||||false|false\u00bb custom_margin_tablet=\u00bb\u00bb custom_margin_phone=\u00bb\u00bb custom_margin_last_edited=\u00bbon|phone\u00bb locked=\u00bboff\u00bb collapsed=\u00bboff\u00bb global_colors_info=\u00bb{}\u00bb][et_pb_row _builder_version=\u00bb4.16&#8243; custom_margin=\u00bb||||false|false\u00bb custom_padding=\u00bb||||false|false\u00bb global_colors_info=\u00bb{}\u00bb][et_pb_column type=\u00bb4_4&#8243; _builder_version=\u00bb4.16&#8243; custom_padding=\u00bb|||\u00bb global_colors_info=\u00bb{}\u00bb custom_padding__hover=\u00bb|||\u00bb][et_pb_text disabled_on=\u00bbon|off|off\u00bb admin_label=\u00bbel nostre equip\u00bb _builder_version=\u00bb4.16&#8243; custom_padding=\u00bb||||false|false\u00bb z_index_tablet=\u00bb500&#8243; global_colors_info=\u00bb{}\u00bb]<\/p>\n<h2>nuestro equipo<\/h2>\n<p style=\"text-align: center;\">Somos un equipo pluridisciplinar de <strong>profesionales de la educaci\u00f3n en el ocio y la alimentaci\u00f3n infantil con mucha experiencia<\/strong> , recursos pedag\u00f3gicos, motivaci\u00f3n, alegr\u00eda, dinamismo, capacidad innovadora, responsabilidad, capacidad resolutiva, e <strong>ilusi\u00f3n por ofrecer a todos los ni\u00f1os el mejor Tiempo Educativo del Mediod\u00eda.<\/strong> Nuestros equipos de monitores\/as, coordinadores\/as y nutrici\u00f3n, compras y cocina est\u00e1n completamente coordinados a trav\u00e9s de la figura del <strong>t\u00e9cnico\/a de seguimiento<\/strong> de cada escuela y realizan formaci\u00f3n continua a trav\u00e9s de nuestro propio centro de formaci\u00f3n.<strong><br \/><\/strong><\/p>\n<p>[\/et_pb_text][et_pb_text disabled_on=\u00bboff|on|on\u00bb admin_label=\u00bbel nostre equip &#8211; M\u00d2BIL\u00bb _builder_version=\u00bb4.16&#8243; custom_padding=\u00bb||||false|false\u00bb z_index_tablet=\u00bb500&#8243; global_colors_info=\u00bb{}\u00bb]<\/p>\n<h2 style=\"text-align: center;\">nuestro equipo<\/h2>\n<p style=\"text-align: center;\">Somos un equipo multidisciplinar de profesionales de la educaci\u00f3n en el ocio y la alimentaci\u00f3n infantil con mucha experiencia.<strong><br \/><\/strong><\/p>\n<p>[\/et_pb_text][et_pb_image src=\u00bbhttps:\/\/escoles.fundesplai.org\/wp-content\/uploads\/2024\/02\/equipo_comedor_Fundesplai-1.jpg\u00bb title_text=\u00bbequipo comedor escolar Fundesplai\u00bb align=\u00bbcenter\u00bb _builder_version=\u00bb4.16&#8243; _module_preset=\u00bbdefault\u00bb custom_margin=\u00bb50px||||false|false\u00bb global_colors_info=\u00bb{}\u00bb][\/et_pb_image][\/et_pb_column][\/et_pb_row][\/et_pb_section][et_pb_section fb_built=\u00bb1&#8243; admin_label=\u00bbBLOG\u00bb _builder_version=\u00bb4.16&#8243; locked=\u00bboff\u00bb collapsed=\u00bboff\u00bb global_colors_info=\u00bb{}\u00bb][et_pb_row module_class=\u00bb et_pb_row_fullwidth graella-blog\u00bb _builder_version=\u00bb4.16&#8243; width=\u00bb100%\u00bb width_tablet=\u00bb100%\u00bb width_phone=\u00bb\u00bb width_last_edited=\u00bbon|desktop\u00bb max_width=\u00bb100%\u00bb max_width_tablet=\u00bb100%\u00bb max_width_phone=\u00bb\u00bb max_width_last_edited=\u00bbon|desktop\u00bb custom_margin=\u00bb40px|auto||auto||\u00bb make_fullwidth=\u00bbon\u00bb global_colors_info=\u00bb{}\u00bb][et_pb_column type=\u00bb4_4&#8243; _builder_version=\u00bb4.16&#8243; custom_padding=\u00bb|||\u00bb global_colors_info=\u00bb{}\u00bb custom_padding__hover=\u00bb|||\u00bb][et_pb_text admin_label=\u00bbT\u00edtol secci\u00f3\u00bb _builder_version=\u00bb4.16&#8243; global_colors_info=\u00bb{}\u00bb]<\/p>\n<h2>El tiempo educativo del mediod\u00eda en el blog<\/h2>\n<p>[\/et_pb_text][et_pb_blog fullwidth=\u00bboff\u00bb posts_number=\u00bb3&#8243; include_categories=\u00bb51,241&#8243; show_author=\u00bboff\u00bb show_excerpt=\u00bboff\u00bb show_pagination=\u00bboff\u00bb module_class=\u00bbgraella-blog\u00bb _builder_version=\u00bb4.16&#8243; global_colors_info=\u00bb{}\u00bb][\/et_pb_blog][et_pb_text admin_label=\u00bbConsulta totes les entrades\u00bb _builder_version=\u00bb4.16&#8243; custom_margin=\u00bb15px||||false|false\u00bb locked=\u00bboff\u00bb global_colors_info=\u00bb{}\u00bb]<\/p>\n<p style=\"text-align: center;\"><a href=\"https:\/\/escoles.fundesplai.org\/tag\/blog\/\" target=\"_blank\" rel=\"noopener noreferrer\">Consulta todas las entradas del blog<\/a><\/p>\n<p>[\/et_pb_text][\/et_pb_column][\/et_pb_row][\/et_pb_section][et_pb_section fb_built=\u00bb1&#8243; admin_label=\u00bbSection: Segueix-nos\u00bb module_id=\u00bbbolet\u00edn\u00bb module_class=\u00bbseccio-segueix-nos\u00bb _builder_version=\u00bb4.22.2&#8243; custom_margin=\u00bb100px||50px||false|false\u00bb custom_margin_tablet=\u00bb\u00bb custom_margin_phone=\u00bb50px||||false|false\u00bb custom_margin_last_edited=\u00bbon|phone\u00bb global_module=\u00bb416&#8243; locked=\u00bboff\u00bb collapsed=\u00bboff\u00bb global_colors_info=\u00bb{}\u00bb][et_pb_row _builder_version=\u00bb4.16&#8243; background_size=\u00bbinitial\u00bb background_position=\u00bbtop_left\u00bb background_repeat=\u00bbrepeat\u00bb max_width=\u00bb1080px\u00bb global_colors_info=\u00bb{}\u00bb][et_pb_column type=\u00bb4_4&#8243; _builder_version=\u00bb4.16&#8243; custom_padding=\u00bb|||\u00bb global_colors_info=\u00bb{}\u00bb custom_padding__hover=\u00bb|||\u00bb][et_pb_text admin_label=\u00bbSegueix-nos!\u00bb _builder_version=\u00bb4.16&#8243; text_orientation=\u00bbcenter\u00bb global_colors_info=\u00bb{}\u00bb]<\/p>\n<h2>\u00a1SIGUENOS!<\/h2>\n<p>[\/et_pb_text][et_pb_text admin_label=\u00bbFormulari subscripci\u00f3 ofertes\u00bb _builder_version=\u00bb4.16&#8243; text_orientation=\u00bbcenter\u00bb global_colors_info=\u00bb{}\u00bb]<\/p>\n<p>\u00a1No te pierdas ninguna entrada de nuestro blog especializado en recursos educativos! Si te suscribes las recibir\u00e1s directamente en tu mail: f\u00e1cil, \u00bfno?<\/p>\n<script type=\"text\/javascript\">\n\/* <![CDATA[ *\/\nvar gform;gform||(document.addEventListener(\"gform_main_scripts_loaded\",function(){gform.scriptsLoaded=!0}),document.addEventListener(\"gform\/theme\/scripts_loaded\",function(){gform.themeScriptsLoaded=!0}),window.addEventListener(\"DOMContentLoaded\",function(){gform.domLoaded=!0}),gform={domLoaded:!1,scriptsLoaded:!1,themeScriptsLoaded:!1,isFormEditor:()=>\"function\"==typeof InitializeEditor,callIfLoaded:function(o){return!(!gform.domLoaded||!gform.scriptsLoaded||!gform.themeScriptsLoaded&&!gform.isFormEditor()||(gform.isFormEditor()&&console.warn(\"The use of gform.initializeOnLoaded() is deprecated in the form editor context and will be removed in Gravity Forms 3.1.\"),o(),0))},initializeOnLoaded:function(o){gform.callIfLoaded(o)||(document.addEventListener(\"gform_main_scripts_loaded\",()=>{gform.scriptsLoaded=!0,gform.callIfLoaded(o)}),document.addEventListener(\"gform\/theme\/scripts_loaded\",()=>{gform.themeScriptsLoaded=!0,gform.callIfLoaded(o)}),window.addEventListener(\"DOMContentLoaded\",()=>{gform.domLoaded=!0,gform.callIfLoaded(o)}))},hooks:{action:{},filter:{}},addAction:function(o,r,e,t){gform.addHook(\"action\",o,r,e,t)},addFilter:function(o,r,e,t){gform.addHook(\"filter\",o,r,e,t)},doAction:function(o){gform.doHook(\"action\",o,arguments)},applyFilters:function(o){return gform.doHook(\"filter\",o,arguments)},removeAction:function(o,r){gform.removeHook(\"action\",o,r)},removeFilter:function(o,r,e){gform.removeHook(\"filter\",o,r,e)},addHook:function(o,r,e,t,n){null==gform.hooks[o][r]&&(gform.hooks[o][r]=[]);var d=gform.hooks[o][r];null==n&&(n=r+\"_\"+d.length),gform.hooks[o][r].push({tag:n,callable:e,priority:t=null==t?10:t})},doHook:function(r,o,e){var t;if(e=Array.prototype.slice.call(e,1),null!=gform.hooks[r][o]&&((o=gform.hooks[r][o]).sort(function(o,r){return o.priority-r.priority}),o.forEach(function(o){\"function\"!=typeof(t=o.callable)&&(t=window[t]),\"action\"==r?t.apply(null,e):e[0]=t.apply(null,e)})),\"filter\"==r)return e[0]},removeHook:function(o,r,t,n){var e;null!=gform.hooks[o][r]&&(e=(e=gform.hooks[o][r]).filter(function(o,r,e){return!!(null!=n&&n!=o.tag||null!=t&&t!=o.priority)}),gform.hooks[o][r]=e)}});\n\/* ]]> *\/\n<\/script>\n\n                <div class='gf_browser_gecko gform_wrapper gform_legacy_markup_wrapper gform-theme--no-framework' data-form-theme='legacy' data-form-index='0' id='gform_wrapper_1' ><div id='gf_1' class='gform_anchor' tabindex='-1'><\/div><form method='post' enctype='multipart\/form-data' target='gform_ajax_frame_1' id='gform_1'  action='\/es\/wp-json\/wp\/v2\/pages\/16565#gf_1' data-formid='1' novalidate>\n                        <div class='gform-body gform_body'><ul id='gform_fields_1' class='gform_fields top_label form_sublabel_below description_below validation_below'><li id=\"field_1_4\" class=\"gfield gfield--type-honeypot gform_validation_container field_sublabel_below gfield--has-description field_description_below field_validation_below gfield_visibility_visible\"  ><label class='gfield_label gform-field-label' for='input_1_4'>LinkedIn<\/label><div class='ginput_container'><input name='input_4' id='input_1_4' type='text' value='' autocomplete='new-password'\/><\/div><div class='gfield_description' id='gfield_description_1_4'>Este campo es un campo de validaci\u00f3n y debe quedar sin cambios.<\/div><\/li><li id=\"field_1_1\" class=\"gfield gfield--type-email gfield_contains_required field_sublabel_below gfield--no-description field_description_below field_validation_below gfield_visibility_visible\"  ><label class='gfield_label gform-field-label' for='input_1_1'>Correo electr\u00f3nico<span class=\"gfield_required\"><span class=\"gfield_required gfield_required_asterisk\">*<\/span><\/span><\/label><div class='ginput_container ginput_container_email'>\n                            <input name='input_1' id='input_1_1' type='email' value='' class='large'   placeholder='Tu correo electr\u00f3nico' aria-required=\"true\" aria-invalid=\"false\"  \/>\n                        <\/div><\/li><li id=\"field_1_2\" class=\"gfield gfield--type-checkbox gfield--type-choice gfield_contains_required field_sublabel_below gfield--no-description field_description_below field_validation_below gfield_visibility_visible\"  ><label class='gfield_label gform-field-label gfield_label_before_complex' >Pol\u00edtica de confidencialidad<span class=\"gfield_required\"><span class=\"gfield_required gfield_required_asterisk\">*<\/span><\/span><\/label><div class='ginput_container ginput_container_checkbox'><ul class='gfield_checkbox' id='input_1_2'><li class='gchoice gchoice_1_2_1'>\n\t\t\t\t\t\t\t\t<input class='gfield-choice-input' name='input_2.1' type='checkbox'  value='He llegit i accepto la &lt;a href=&quot;https:\/\/escoles.fundesplai.org\/es\/politica-de-privacidad\/&quot; target=&#039;_blank&#039;&gt;pol\u00edtica de privacitat&lt;\/a&gt;'  id='choice_1_2_1'   \/>\n\t\t\t\t\t\t\t\t<label for='choice_1_2_1' id='label_1_2_1' class='gform-field-label gform-field-label--type-inline'>He le\u00eddo y acepto la <a href='\/es\/politica-de-privacidad\/' target='_blank'>pol\u00edtica de privacidad<\/a><\/label>\n\t\t\t\t\t\t\t<\/li><\/ul><\/div><\/li><li id=\"field_1_3\" class=\"gfield gfield--type-text field_sublabel_below gfield--no-description field_description_below field_validation_below gfield_visibility_hidden\"  ><div class=\"admin-hidden-markup\"><i class=\"gform-icon gform-icon--hidden\" aria-hidden=\"true\" title=\"Este campo est\u00e1 oculto cuando se visualiza el formulario\"><\/i><span>Este campo est\u00e1 oculto cuando se visualiza el formulario<\/span><\/div><label class='gfield_label gform-field-label' for='input_1_3'>idioma<\/label><div class='ginput_container ginput_container_text'><input name='input_3' id='input_1_3' type='text' value='es' class='medium'      aria-invalid=\"false\"   \/><\/div><\/li><\/ul><\/div>\n        <div class='gform-footer gform_footer top_label'> <input type='submit' id='gform_submit_button_1' class='gform_button button' onclick='gform.submission.handleButtonClick(this);' data-submission-type='submit' value='Suscr\u00edbete'  \/> <input type='hidden' name='gform_ajax' value='form_id=1&amp;title=&amp;description=&amp;tabindex=0&amp;theme=legacy&amp;styles=[]&amp;hash=a2a0076f00a1a95197123b5f2e56bc33' \/>\n            <input type='hidden' class='gform_hidden' name='gform_submission_method' data-js='gform_submission_method_1' value='iframe' \/>\n            <input type='hidden' class='gform_hidden' name='gform_theme' data-js='gform_theme_1' id='gform_theme_1' value='legacy' \/>\n            <input type='hidden' class='gform_hidden' name='gform_style_settings' data-js='gform_style_settings_1' id='gform_style_settings_1' value='[]' \/>\n            <input type='hidden' class='gform_hidden' name='is_submit_1' value='1' \/>\n            <input type='hidden' class='gform_hidden' name='gform_submit' value='1' \/>\n            \n            <input type='hidden' class='gform_hidden' name='gform_currency' data-currency='EUR' value='9B7dLcnSFoet5VQLcrYAS+T2emSQE\/jghRl1mPtVqd59c+xIgUuFN\/D4Ho+WHvCx7I7Ar+TBp6LZAFF6oQPkUw6CwSreIJ2VstQFDuWwhtSFDqY=' \/>\n            <input type='hidden' class='gform_hidden' name='gform_unique_id' value='' \/>\n            <input type='hidden' class='gform_hidden' name='state_1' value='WyJbXSIsIjRhM2Q1NTBkZjM4M2NhOTlhYjZkN2ZiNGM1ZTMwODhjIl0=' \/>\n            <input type='hidden' autocomplete='off' class='gform_hidden' name='gform_target_page_number_1' id='gform_target_page_number_1' value='0' \/>\n            <input type='hidden' autocomplete='off' class='gform_hidden' name='gform_source_page_number_1' id='gform_source_page_number_1' value='1' \/>\n            <input type='hidden' name='gform_field_values' value='' \/>\n            \n        <\/div>\n                        <\/form>\n                        <\/div>\n\t\t                <iframe style='display:none;width:0px;height:0px;' src='about:blank' name='gform_ajax_frame_1' id='gform_ajax_frame_1' title='Este iframe contiene la l\u00f3gica necesaria para gestionar formularios con ajax activado.'><\/iframe>\n\t\t                <script type=\"text\/javascript\">\n\/* <![CDATA[ *\/\n gform.initializeOnLoaded( function() {gformInitSpinner( 1, 'https:\/\/escoles.fundesplai.org\/wp-content\/plugins\/gravityforms\/images\/spinner.svg', true );jQuery('#gform_ajax_frame_1').on('load',function(){var contents = jQuery(this).contents().find('*').html();var is_postback = contents.indexOf('GF_AJAX_POSTBACK') >= 0;if(!is_postback){return;}var form_content = jQuery(this).contents().find('#gform_wrapper_1');var is_confirmation = jQuery(this).contents().find('#gform_confirmation_wrapper_1').length > 0;var is_redirect = contents.indexOf('gformRedirect(){') >= 0;var is_form = form_content.length > 0 && ! is_redirect && ! is_confirmation;var mt = parseInt(jQuery('html').css('margin-top'), 10) + parseInt(jQuery('body').css('margin-top'), 10) + 100;if(is_form){jQuery('#gform_wrapper_1').html(form_content.html());if(form_content.hasClass('gform_validation_error')){jQuery('#gform_wrapper_1').addClass('gform_validation_error');} else {jQuery('#gform_wrapper_1').removeClass('gform_validation_error');}setTimeout( function() { \/* delay the scroll by 50 milliseconds to fix a bug in chrome *\/ jQuery(document).scrollTop(jQuery('#gform_wrapper_1').offset().top - mt); }, 50 );if(window['gformInitDatepicker']) {gformInitDatepicker();}if(window['gformInitPriceFields']) {gformInitPriceFields();}var current_page = jQuery('#gform_source_page_number_1').val();gformInitSpinner( 1, 'https:\/\/escoles.fundesplai.org\/wp-content\/plugins\/gravityforms\/images\/spinner.svg', true );jQuery(document).trigger('gform_page_loaded', [1, current_page]);window['gf_submitting_1'] = false;}else if(!is_redirect){var confirmation_content = jQuery(this).contents().find('.GF_AJAX_POSTBACK').html();if(!confirmation_content){confirmation_content = contents;}jQuery('#gform_wrapper_1').replaceWith(confirmation_content);jQuery(document).scrollTop(jQuery('#gf_1').offset().top - mt);jQuery(document).trigger('gform_confirmation_loaded', [1]);window['gf_submitting_1'] = false;wp.a11y.speak(jQuery('#gform_confirmation_message_1').text());}else{jQuery('#gform_1').append(contents);if(window['gformRedirect']) {gformRedirect();}}jQuery(document).trigger(\"gform_pre_post_render\", [{ formId: \"1\", currentPage: \"current_page\", abort: function() { this.preventDefault(); } }]);        if (event && event.defaultPrevented) {                return;        }        const gformWrapperDiv = document.getElementById( \"gform_wrapper_1\" );        if ( gformWrapperDiv ) {            const visibilitySpan = document.createElement( \"span\" );            visibilitySpan.id = \"gform_visibility_test_1\";            gformWrapperDiv.insertAdjacentElement( \"afterend\", visibilitySpan );        }        const visibilityTestDiv = document.getElementById( \"gform_visibility_test_1\" );        let postRenderFired = false;        function triggerPostRender() {            if ( postRenderFired ) {                return;            }            postRenderFired = true;            gform.core.triggerPostRenderEvents( 1, current_page );            if ( visibilityTestDiv ) {                visibilityTestDiv.parentNode.removeChild( visibilityTestDiv );            }        }        function debounce( func, wait, immediate ) {            var timeout;            return function() {                var context = this, args = arguments;                var later = function() {                    timeout = null;                    if ( !immediate ) func.apply( context, args );                };                var callNow = immediate && !timeout;                clearTimeout( timeout );                timeout = setTimeout( later, wait );                if ( callNow ) func.apply( context, args );            };        }        const debouncedTriggerPostRender = debounce( function() {            triggerPostRender();        }, 200 );        if ( visibilityTestDiv && visibilityTestDiv.offsetParent === null ) {            const observer = new MutationObserver( ( mutations ) => {                mutations.forEach( ( mutation ) => {                    if ( mutation.type === 'attributes' && visibilityTestDiv.offsetParent !== null ) {                        debouncedTriggerPostRender();                        observer.disconnect();                    }                });            });            observer.observe( document.body, {                attributes: true,                childList: false,                subtree: true,                attributeFilter: [ 'style', 'class' ],            });        } else {            triggerPostRender();        }    } );} ); \n\/* ]]> *\/\n<\/script>\n\n<p>[\/et_pb_text][et_pb_text admin_label=\u00bbSegueix-nos a les xarxes socials\u00bb _builder_version=\u00bb4.16&#8243; text_orientation=\u00bbcenter\u00bb global_colors_info=\u00bb{}\u00bb]<\/p>\n<p>S\u00edguenos tambi\u00e9n en las redes sociales<\/p>\n<p>[\/et_pb_text][et_pb_social_media_follow admin_label=\u00bbxarxes socials\u00bb _builder_version=\u00bb4.16&#8243; text_orientation=\u00bbcenter\u00bb border_radii=\u00bbon|30px|30px|30px|30px\u00bb global_colors_info=\u00bb{}\u00bb][et_pb_social_media_follow_network social_network=\u00bbtwitter\u00bb url=\u00bbhttps:\/\/twitter.com\/fundesplai\u00bb _builder_version=\u00bb4.22.2&#8243; background_color=\u00bb#000000&#8243; global_colors_info=\u00bb{}\u00bb follow_button=\u00bboff\u00bb url_new_window=\u00bbon\u00bb]<\/p>\n<p>Twitter<\/p>\n<p>[\/et_pb_social_media_follow_network][et_pb_social_media_follow_network social_network=\u00bbfacebook\u00bb url=\u00bbhttps:\/\/www.facebook.com\/Fundesplai\/\u00bb _builder_version=\u00bb4.16&#8243; background_color=\u00bb#3b5998&#8243; global_colors_info=\u00bb{}\u00bb follow_button=\u00bboff\u00bb url_new_window=\u00bbon\u00bb]<\/p>\n<p>Facebook<\/p>\n<p>[\/et_pb_social_media_follow_network][et_pb_social_media_follow_network social_network=\u00bbinstagram\u00bb url=\u00bbhttps:\/\/www.instagram.com\/fundesplai\/\u00bb _builder_version=\u00bb4.16&#8243; background_color=\u00bb#517fa4&#8243; global_colors_info=\u00bb{}\u00bb follow_button=\u00bboff\u00bb url_new_window=\u00bbon\u00bb]<\/p>\n<p>Instagram<\/p>\n<p>[\/et_pb_social_media_follow_network][\/et_pb_social_media_follow][\/et_pb_column][\/et_pb_row][\/et_pb_section][et_pb_section fb_built=\u00bb1&#8243; admin_label=\u00bbSection: Som Fundesplai\u00bb module_class=\u00bbseccio-som-fundesplai\u00bb _builder_version=\u00bb4.16&#8243; background_color=\u00bb#c3c3c2&#8243; global_module=\u00bb428&#8243; locked=\u00bboff\u00bb collapsed=\u00bboff\u00bb global_colors_info=\u00bb{}\u00bb][et_pb_row column_structure=\u00bb1_3,2_3&#8243; make_equal=\u00bbon\u00bb _builder_version=\u00bb4.16&#8243; global_colors_info=\u00bb{}\u00bb][et_pb_column type=\u00bb1_3&#8243; _builder_version=\u00bb4.16&#8243; background_image=\u00bbhttp:\/\/dev.suport.org\/wp-content\/uploads\/2018\/06\/ninots-1.png\u00bb background_size=\u00bbcontain\u00bb background_position=\u00bbbottom_left\u00bb custom_padding=\u00bb|||\u00bb global_colors_info=\u00bb{}\u00bb custom_padding__hover=\u00bb|||\u00bb][\/et_pb_column][et_pb_column type=\u00bb2_3&#8243; _builder_version=\u00bb4.16&#8243; custom_padding=\u00bb50px||50px|50px\u00bb global_colors_info=\u00bb{}\u00bb custom_padding__hover=\u00bb|||\u00bb][et_pb_text admin_label=\u00bbSom Fundesplai\u00bb _builder_version=\u00bb4.16&#8243; custom_margin=\u00bb||20px|\u00bb global_colors_info=\u00bb{}\u00bb]<\/p>\n\n\t\t\t<div>\n\t\t\t\t<h2>\n\t\t\t\t\tSomos Fundesplai\n\t\t\t\t<\/h2>\n\t\t\t\t<p>\n\t\t\t\t\tSomos <strong>Fundesplai<\/strong>, una entidad sin \u00e1nimo de lucro con la misi\u00f3n de educar a los ni\u00f1os, ni\u00f1as y j\u00f3venes, fortalecer las entidades de ocio y tiempo libre y el Tercer Sector, mejorar el medio ambiente y promover la ciudadan\u00eda y la inclusi\u00f3n social, con voluntad transformadora.\n\t\t\t\t<\/p>\n\t\t\t\t<p>\n\t\t\t\t\tLos proyectos y servicios del M\u00f3n Escolar tienen el objetivo de ofrecer actividades de ocio educativo de calidad en el marco escolar.\n\t\t\t\t<\/p>\n\t\t\t\t<p>\n\t\t\t\t\t<a class='et_pb_button et_pb_custom_button_icon et_hover_enabled et_pb_bg_layout_light' href='https:\/\/fundesplai.org\/coneix-fundesplai\/' data-icon='' style='display: inline-block;'>\n\t\t\t\t\t\tConoce Fundesplai\n\t\t\t\t\t<\/a>\n\t\t\t\t<\/p>\n\t\t\t<\/div>\n\t\t\n<p>[\/et_pb_text][\/et_pb_column][\/et_pb_row][\/et_pb_section]<\/p>\n","protected":false},"excerpt":{"rendered":"<p>No somos una empresa de comedor escolar&#8230; somos una entidad sin \u00e1nimo de lucro y hacemos Tiempo Educativo del Mediod\u00eda de alta calidad educativa y alimentaria: productos de proximidad y ecol\u00f3gicos, actividades de ocio educativo transformadoras. En Barcelona, \u200b\u200bBaix Llobregat, Pened\u00e8s, Vall\u00e8s, Girona, Alt Empord\u00e0&#8230; \u00a1Ll\u00e1manos para una visita!  <\/p>\n","protected":false},"author":5,"featured_media":23203,"parent":16567,"menu_order":0,"comment_status":"closed","ping_status":"closed","template":"","meta":{"_et_pb_use_builder":"on","_et_pb_old_content":"","_et_gb_content_width":"","footnotes":""},"class_list":["post-16565","page","type-page","status-publish","has-post-thumbnail","hentry"],"yoast_head":"<!-- This site is optimized with the Yoast SEO plugin v27.5 - https:\/\/yoast.com\/product\/yoast-seo-wordpress\/ -->\n<title>Comedor escolar, tiempo educativo del mediod\u00eda - Fundesplai<\/title>\n<meta name=\"description\" content=\"\u00bfBuscas empresa de comedor escolar? Somos una entidad sin \u00e1nimo de lucro. Servicio de comedor escolar de alta calidad educativa y alimenticia.\" \/>\n<meta name=\"robots\" content=\"index, follow, max-snippet:-1, max-image-preview:large, max-video-preview:-1\" \/>\n<link rel=\"canonical\" href=\"https:\/\/escoles.fundesplai.org\/es\/actividades-escuela\/comedor-tiempo-educativo-del-mediodia\/\" \/>\n<meta property=\"og:locale\" content=\"es_ES\" \/>\n<meta property=\"og:type\" content=\"article\" \/>\n<meta property=\"og:title\" content=\"Comedor escolar, tiempo educativo del mediod\u00eda - Fundesplai\" \/>\n<meta property=\"og:description\" content=\"\u00bfBuscas empresa de comedor escolar? Somos una entidad sin \u00e1nimo de lucro. Servicio de comedor escolar de alta calidad educativa y alimenticia.\" \/>\n<meta property=\"og:url\" content=\"https:\/\/escoles.fundesplai.org\/es\/actividades-escuela\/comedor-tiempo-educativo-del-mediodia\/\" \/>\n<meta property=\"og:site_name\" content=\"Fundesplai M\u00f3n Escolar\" \/>\n<meta property=\"article:publisher\" content=\"https:\/\/www.facebook.com\/Fundesplai\/\" \/>\n<meta property=\"article:modified_time\" content=\"2024-07-19T10:47:56+00:00\" \/>\n<meta property=\"og:image\" content=\"https:\/\/escoles.fundesplai.org\/wp-content\/uploads\/2021\/03\/Temps-migdia-Fundesplai_menjador.jpg\" \/>\n\t<meta property=\"og:image:width\" content=\"1888\" \/>\n\t<meta property=\"og:image:height\" content=\"900\" \/>\n\t<meta property=\"og:image:type\" content=\"image\/jpeg\" \/>\n<meta name=\"twitter:card\" content=\"summary_large_image\" \/>\n<meta name=\"twitter:site\" content=\"@fundesplai\" \/>\n<meta name=\"twitter:label1\" content=\"Tiempo de lectura\" \/>\n\t<meta name=\"twitter:data1\" content=\"17 minutos\" \/>\n<script type=\"application\/ld+json\" class=\"yoast-schema-graph\">{\"@context\":\"https:\\\/\\\/schema.org\",\"@graph\":[{\"@type\":\"WebPage\",\"@id\":\"https:\\\/\\\/escoles.fundesplai.org\\\/es\\\/actividades-escuela\\\/comedor-tiempo-educativo-del-mediodia\\\/\",\"url\":\"https:\\\/\\\/escoles.fundesplai.org\\\/es\\\/actividades-escuela\\\/comedor-tiempo-educativo-del-mediodia\\\/\",\"name\":\"Comedor escolar, tiempo educativo del mediod\u00eda - Fundesplai\",\"isPartOf\":{\"@id\":\"https:\\\/\\\/escoles.fundesplai.org\\\/es\\\/#website\"},\"primaryImageOfPage\":{\"@id\":\"https:\\\/\\\/escoles.fundesplai.org\\\/es\\\/actividades-escuela\\\/comedor-tiempo-educativo-del-mediodia\\\/#primaryimage\"},\"image\":{\"@id\":\"https:\\\/\\\/escoles.fundesplai.org\\\/es\\\/actividades-escuela\\\/comedor-tiempo-educativo-del-mediodia\\\/#primaryimage\"},\"thumbnailUrl\":\"https:\\\/\\\/escoles.fundesplai.org\\\/wp-content\\\/uploads\\\/2021\\\/03\\\/Temps-migdia-Fundesplai_menjador.jpg\",\"datePublished\":\"2019-08-23T08:57:02+00:00\",\"dateModified\":\"2024-07-19T10:47:56+00:00\",\"description\":\"\u00bfBuscas empresa de comedor escolar? Somos una entidad sin \u00e1nimo de lucro. Servicio de comedor escolar de alta calidad educativa y alimenticia.\",\"breadcrumb\":{\"@id\":\"https:\\\/\\\/escoles.fundesplai.org\\\/es\\\/actividades-escuela\\\/comedor-tiempo-educativo-del-mediodia\\\/#breadcrumb\"},\"inLanguage\":\"es\",\"potentialAction\":[{\"@type\":\"ReadAction\",\"target\":[\"https:\\\/\\\/escoles.fundesplai.org\\\/es\\\/actividades-escuela\\\/comedor-tiempo-educativo-del-mediodia\\\/\"]}]},{\"@type\":\"ImageObject\",\"inLanguage\":\"es\",\"@id\":\"https:\\\/\\\/escoles.fundesplai.org\\\/es\\\/actividades-escuela\\\/comedor-tiempo-educativo-del-mediodia\\\/#primaryimage\",\"url\":\"https:\\\/\\\/escoles.fundesplai.org\\\/wp-content\\\/uploads\\\/2021\\\/03\\\/Temps-migdia-Fundesplai_menjador.jpg\",\"contentUrl\":\"https:\\\/\\\/escoles.fundesplai.org\\\/wp-content\\\/uploads\\\/2021\\\/03\\\/Temps-migdia-Fundesplai_menjador.jpg\",\"width\":1888,\"height\":900},{\"@type\":\"BreadcrumbList\",\"@id\":\"https:\\\/\\\/escoles.fundesplai.org\\\/es\\\/actividades-escuela\\\/comedor-tiempo-educativo-del-mediodia\\\/#breadcrumb\",\"itemListElement\":[{\"@type\":\"ListItem\",\"position\":1,\"name\":\"Inici\",\"item\":\"https:\\\/\\\/escoles.fundesplai.org\\\/es\\\/inicio\\\/\"},{\"@type\":\"ListItem\",\"position\":2,\"name\":\"Actividades en la escuela\",\"item\":\"https:\\\/\\\/escoles.fundesplai.org\\\/es\\\/actividades-escuela\\\/\"},{\"@type\":\"ListItem\",\"position\":3,\"name\":\"Servicio de comedor escolar, Tiempo educativo del mediod\u00eda\"}]},{\"@type\":\"WebSite\",\"@id\":\"https:\\\/\\\/escoles.fundesplai.org\\\/es\\\/#website\",\"url\":\"https:\\\/\\\/escoles.fundesplai.org\\\/es\\\/\",\"name\":\"Fundesplai M\u00f3n Escolar\",\"description\":\"Serveis de lleure educatiu per a escoles\",\"publisher\":{\"@id\":\"https:\\\/\\\/escoles.fundesplai.org\\\/es\\\/#organization\"},\"potentialAction\":[{\"@type\":\"SearchAction\",\"target\":{\"@type\":\"EntryPoint\",\"urlTemplate\":\"https:\\\/\\\/escoles.fundesplai.org\\\/es\\\/?s={search_term_string}\"},\"query-input\":{\"@type\":\"PropertyValueSpecification\",\"valueRequired\":true,\"valueName\":\"search_term_string\"}}],\"inLanguage\":\"es\"},{\"@type\":\"Organization\",\"@id\":\"https:\\\/\\\/escoles.fundesplai.org\\\/es\\\/#organization\",\"name\":\"Fundesplai - M\u00f3n Escolar\",\"url\":\"https:\\\/\\\/escoles.fundesplai.org\\\/es\\\/\",\"logo\":{\"@type\":\"ImageObject\",\"inLanguage\":\"es\",\"@id\":\"https:\\\/\\\/escoles.fundesplai.org\\\/es\\\/#\\\/schema\\\/logo\\\/image\\\/\",\"url\":\"https:\\\/\\\/escoles.fundesplai.org\\\/wp-content\\\/uploads\\\/2021\\\/08\\\/logo-mon-escolar.png\",\"contentUrl\":\"https:\\\/\\\/escoles.fundesplai.org\\\/wp-content\\\/uploads\\\/2021\\\/08\\\/logo-mon-escolar.png\",\"width\":468,\"height\":211,\"caption\":\"Fundesplai - M\u00f3n Escolar\"},\"image\":{\"@id\":\"https:\\\/\\\/escoles.fundesplai.org\\\/es\\\/#\\\/schema\\\/logo\\\/image\\\/\"},\"sameAs\":[\"https:\\\/\\\/www.facebook.com\\\/Fundesplai\\\/\",\"https:\\\/\\\/x.com\\\/fundesplai\",\"https:\\\/\\\/www.instagram.com\\\/fundesplai\\\/\"]}]}<\/script>\n<!-- \/ Yoast SEO plugin. -->","yoast_head_json":{"title":"Comedor escolar, tiempo educativo del mediod\u00eda - Fundesplai","description":"\u00bfBuscas empresa de comedor escolar? Somos una entidad sin \u00e1nimo de lucro. Servicio de comedor escolar de alta calidad educativa y alimenticia.","robots":{"index":"index","follow":"follow","max-snippet":"max-snippet:-1","max-image-preview":"max-image-preview:large","max-video-preview":"max-video-preview:-1"},"canonical":"https:\/\/escoles.fundesplai.org\/es\/actividades-escuela\/comedor-tiempo-educativo-del-mediodia\/","og_locale":"es_ES","og_type":"article","og_title":"Comedor escolar, tiempo educativo del mediod\u00eda - Fundesplai","og_description":"\u00bfBuscas empresa de comedor escolar? Somos una entidad sin \u00e1nimo de lucro. Servicio de comedor escolar de alta calidad educativa y alimenticia.","og_url":"https:\/\/escoles.fundesplai.org\/es\/actividades-escuela\/comedor-tiempo-educativo-del-mediodia\/","og_site_name":"Fundesplai M\u00f3n Escolar","article_publisher":"https:\/\/www.facebook.com\/Fundesplai\/","article_modified_time":"2024-07-19T10:47:56+00:00","og_image":[{"width":1888,"height":900,"url":"https:\/\/escoles.fundesplai.org\/wp-content\/uploads\/2021\/03\/Temps-migdia-Fundesplai_menjador.jpg","type":"image\/jpeg"}],"twitter_card":"summary_large_image","twitter_site":"@fundesplai","twitter_misc":{"Tiempo de lectura":"17 minutos"},"schema":{"@context":"https:\/\/schema.org","@graph":[{"@type":"WebPage","@id":"https:\/\/escoles.fundesplai.org\/es\/actividades-escuela\/comedor-tiempo-educativo-del-mediodia\/","url":"https:\/\/escoles.fundesplai.org\/es\/actividades-escuela\/comedor-tiempo-educativo-del-mediodia\/","name":"Comedor escolar, tiempo educativo del mediod\u00eda - Fundesplai","isPartOf":{"@id":"https:\/\/escoles.fundesplai.org\/es\/#website"},"primaryImageOfPage":{"@id":"https:\/\/escoles.fundesplai.org\/es\/actividades-escuela\/comedor-tiempo-educativo-del-mediodia\/#primaryimage"},"image":{"@id":"https:\/\/escoles.fundesplai.org\/es\/actividades-escuela\/comedor-tiempo-educativo-del-mediodia\/#primaryimage"},"thumbnailUrl":"https:\/\/escoles.fundesplai.org\/wp-content\/uploads\/2021\/03\/Temps-migdia-Fundesplai_menjador.jpg","datePublished":"2019-08-23T08:57:02+00:00","dateModified":"2024-07-19T10:47:56+00:00","description":"\u00bfBuscas empresa de comedor escolar? Somos una entidad sin \u00e1nimo de lucro. Servicio de comedor escolar de alta calidad educativa y alimenticia.","breadcrumb":{"@id":"https:\/\/escoles.fundesplai.org\/es\/actividades-escuela\/comedor-tiempo-educativo-del-mediodia\/#breadcrumb"},"inLanguage":"es","potentialAction":[{"@type":"ReadAction","target":["https:\/\/escoles.fundesplai.org\/es\/actividades-escuela\/comedor-tiempo-educativo-del-mediodia\/"]}]},{"@type":"ImageObject","inLanguage":"es","@id":"https:\/\/escoles.fundesplai.org\/es\/actividades-escuela\/comedor-tiempo-educativo-del-mediodia\/#primaryimage","url":"https:\/\/escoles.fundesplai.org\/wp-content\/uploads\/2021\/03\/Temps-migdia-Fundesplai_menjador.jpg","contentUrl":"https:\/\/escoles.fundesplai.org\/wp-content\/uploads\/2021\/03\/Temps-migdia-Fundesplai_menjador.jpg","width":1888,"height":900},{"@type":"BreadcrumbList","@id":"https:\/\/escoles.fundesplai.org\/es\/actividades-escuela\/comedor-tiempo-educativo-del-mediodia\/#breadcrumb","itemListElement":[{"@type":"ListItem","position":1,"name":"Inici","item":"https:\/\/escoles.fundesplai.org\/es\/inicio\/"},{"@type":"ListItem","position":2,"name":"Actividades en la escuela","item":"https:\/\/escoles.fundesplai.org\/es\/actividades-escuela\/"},{"@type":"ListItem","position":3,"name":"Servicio de comedor escolar, Tiempo educativo del mediod\u00eda"}]},{"@type":"WebSite","@id":"https:\/\/escoles.fundesplai.org\/es\/#website","url":"https:\/\/escoles.fundesplai.org\/es\/","name":"Fundesplai M\u00f3n Escolar","description":"Serveis de lleure educatiu per a escoles","publisher":{"@id":"https:\/\/escoles.fundesplai.org\/es\/#organization"},"potentialAction":[{"@type":"SearchAction","target":{"@type":"EntryPoint","urlTemplate":"https:\/\/escoles.fundesplai.org\/es\/?s={search_term_string}"},"query-input":{"@type":"PropertyValueSpecification","valueRequired":true,"valueName":"search_term_string"}}],"inLanguage":"es"},{"@type":"Organization","@id":"https:\/\/escoles.fundesplai.org\/es\/#organization","name":"Fundesplai - M\u00f3n Escolar","url":"https:\/\/escoles.fundesplai.org\/es\/","logo":{"@type":"ImageObject","inLanguage":"es","@id":"https:\/\/escoles.fundesplai.org\/es\/#\/schema\/logo\/image\/","url":"https:\/\/escoles.fundesplai.org\/wp-content\/uploads\/2021\/08\/logo-mon-escolar.png","contentUrl":"https:\/\/escoles.fundesplai.org\/wp-content\/uploads\/2021\/08\/logo-mon-escolar.png","width":468,"height":211,"caption":"Fundesplai - M\u00f3n Escolar"},"image":{"@id":"https:\/\/escoles.fundesplai.org\/es\/#\/schema\/logo\/image\/"},"sameAs":["https:\/\/www.facebook.com\/Fundesplai\/","https:\/\/x.com\/fundesplai","https:\/\/www.instagram.com\/fundesplai\/"]}]}},"_links":{"self":[{"href":"https:\/\/escoles.fundesplai.org\/es\/wp-json\/wp\/v2\/pages\/16565","targetHints":{"allow":["GET"]}}],"collection":[{"href":"https:\/\/escoles.fundesplai.org\/es\/wp-json\/wp\/v2\/pages"}],"about":[{"href":"https:\/\/escoles.fundesplai.org\/es\/wp-json\/wp\/v2\/types\/page"}],"author":[{"embeddable":true,"href":"https:\/\/escoles.fundesplai.org\/es\/wp-json\/wp\/v2\/users\/5"}],"replies":[{"embeddable":true,"href":"https:\/\/escoles.fundesplai.org\/es\/wp-json\/wp\/v2\/comments?post=16565"}],"version-history":[{"count":93,"href":"https:\/\/escoles.fundesplai.org\/es\/wp-json\/wp\/v2\/pages\/16565\/revisions"}],"predecessor-version":[{"id":52383,"href":"https:\/\/escoles.fundesplai.org\/es\/wp-json\/wp\/v2\/pages\/16565\/revisions\/52383"}],"up":[{"embeddable":true,"href":"https:\/\/escoles.fundesplai.org\/es\/wp-json\/wp\/v2\/pages\/16567"}],"wp:featuredmedia":[{"embeddable":true,"href":"https:\/\/escoles.fundesplai.org\/es\/wp-json\/wp\/v2\/media\/23203"}],"wp:attachment":[{"href":"https:\/\/escoles.fundesplai.org\/es\/wp-json\/wp\/v2\/media?parent=16565"}],"curies":[{"name":"wp","href":"https:\/\/api.w.org\/{rel}","templated":true}]}}